{"id":2088,"date":"2023-03-13T11:49:21","date_gmt":"2023-03-13T14:49:21","guid":{"rendered":"https:\/\/asociacionparquecordillera.cl\/?page_id=2088"},"modified":"2025-04-15T13:20:36","modified_gmt":"2025-04-15T17:20:36","slug":"educacion-ambiental-2-2","status":"publish","type":"page","link":"https:\/\/asociacionparquecordillera.cl\/en\/educacion-ambiental-2-2\/","title":{"rendered":"Educaci\u00f3n Ambiental 2"},"content":{"rendered":"<div data-elementor-type=\"wp-page\" data-elementor-id=\"2088\" class=\"elementor elementor-2088\" data-elementor-post-type=\"page\">\n\t\t\t\t<div data-particle_enable=\"false\" data-particle-mobile-disabled=\"false\" class=\"elementor-element elementor-element-e8a7ffa e-flex e-con-boxed e-con e-parent\" data-id=\"e8a7ffa\" data-element_type=\"container\" data-settings=\"{&quot;background_background&quot;:&quot;classic&quot;,&quot;background_motion_fx_motion_fx_scrolling&quot;:&quot;yes&quot;,&quot;background_motion_fx_translateY_effect&quot;:&quot;yes&quot;,&quot;background_motion_fx_translateY_speed&quot;:{&quot;unit&quot;:&quot;px&quot;,&quot;size&quot;:6,&quot;sizes&quot;:[]},&quot;background_motion_fx_range&quot;:&quot;page&quot;,&quot;background_motion_fx_translateY_affectedRange&quot;:{&quot;unit&quot;:&quot;%&quot;,&quot;size&quot;:&quot;&quot;,&quot;sizes&quot;:{&quot;start&quot;:0,&quot;end&quot;:100}},&quot;background_motion_fx_devices&quot;:[&quot;desktop&quot;,&quot;tablet&quot;,&quot;mobile&quot;]}\">\n\t\t\t\t\t<div class=\"e-con-inner\">\n\t\t<div data-particle_enable=\"false\" data-particle-mobile-disabled=\"false\" class=\"elementor-element elementor-element-b1d9e1d e-flex e-con-boxed elementor-invisible e-con e-child\" data-id=\"b1d9e1d\" data-element_type=\"container\" data-settings=\"{&quot;animation&quot;:&quot;fadeInDown&quot;}\">\n\t\t\t\t\t<div class=\"e-con-inner\">\n\t\t\t\t<div class=\"elementor-element elementor-element-22a581e elementor-widget elementor-widget-heading\" data-id=\"22a581e\" data-element_type=\"widget\" data-widget_type=\"heading.default\">\n\t\t\t\t<div class=\"elementor-widget-container\">\n\t\t\t<h1 class=\"elementor-heading-title elementor-size-default\">Educaci\u00f3n<\/h1>\t\t<\/div>\n\t\t\t\t<\/div>\n\t\t\t\t<div class=\"elementor-element elementor-element-2e799fa elementor-widget elementor-widget-heading\" data-id=\"2e799fa\" data-element_type=\"widget\" data-widget_type=\"heading.default\">\n\t\t\t\t<div class=\"elementor-widget-container\">\n\t\t\t<h1 class=\"elementor-heading-title elementor-size-default\">Ambiental<\/h1>\t\t<\/div>\n\t\t\t\t<\/div>\n\t\t\t\t\t<\/div>\n\t\t\t\t<\/div>\n\t\t\t\t\t<\/div>\n\t\t\t\t<\/div>\n\t\t<div data-particle_enable=\"false\" data-particle-mobile-disabled=\"false\" class=\"elementor-element elementor-element-f88ae80 e-con-full e-flex e-con e-parent\" data-id=\"f88ae80\" data-element_type=\"container\">\n\t\t\t\t<div class=\"elementor-element elementor-element-1633bb7 elementor-widget elementor-widget-premium-carousel-widget\" data-id=\"1633bb7\" data-element_type=\"widget\" data-widget_type=\"premium-carousel-widget.default\">\n\t\t\t\t<div class=\"elementor-widget-container\">\n\t\t\t\r\n\t\t<div id=\"premium-carousel-wrapper-1633bb7\" class=\"premium-carousel-wrapper premium-carousel-hidden carousel-wrapper-1633bb7  premium-carousel-dots-below\" data-settings=\"{&quot;vertical&quot;:false,&quot;slidesToScroll&quot;:1,&quot;slidesToShow&quot;:1,&quot;infinite&quot;:true,&quot;speed&quot;:300,&quot;fade&quot;:false,&quot;autoplay&quot;:true,&quot;autoplaySpeed&quot;:5000,&quot;draggable&quot;:true,&quot;touchMove&quot;:true,&quot;adaptiveHeight&quot;:false,&quot;variableWidth&quot;:false,&quot;cssEase&quot;:&quot;ease&quot;,&quot;pauseOnHover&quot;:false,&quot;centerMode&quot;:false,&quot;arrows&quot;:true,&quot;dots&quot;:true,&quot;slidesDesk&quot;:1,&quot;slidesTab&quot;:1,&quot;slidesMob&quot;:1,&quot;animation&quot;:&quot;null&quot;,&quot;tabletBreak&quot;:1025,&quot;mobileBreak&quot;:768,&quot;navigation&quot;:[&quot;&quot;],&quot;carouselNavigation&quot;:&quot;dots&quot;,&quot;templatesNumber&quot;:1}\">\r\n\t\t\t\t\t\t<div class=\"premium-carousel-nav-dot\">\r\n\t\t\t\t\t\t\t\t<i class=\"fas fa-circle\" aria-hidden=\"true\"><\/i>\r\n\t\t\t\t\t\t\t\t<\/div>\r\n\t\t\t\t\t\t\t\t<div class=\"premium-carousel-nav-arrow-prev\">\r\n\t\t\t\t\t<a type=\"button\" data-role=\"none\" class=\"carousel-arrow carousel-prev\" aria-label=\"Previous\" role=\"button\">\r\n\t\t\t\t\t\t\t\t\t\t<i class=\"fas fa-angle-left\" aria-hidden=\"true\"><\/i>\r\n\t\t\t\t\t\t\t\t\t<\/a>\r\n\t\t\t\t<\/div>\r\n\t\t\t\t<div class=\"premium-carousel-nav-arrow-next\">\r\n\t\t\t\t\t<a type=\"button\" data-role=\"none\" class=\"carousel-arrow carousel-next\" aria-label=\"Next\" role=\"button\">\r\n\t\t\t\t\t\t\t\t\t\t<i class=\"fas fa-angle-right\" aria-hidden=\"true\"><\/i>\r\n\t\t\t\t\t\t\t\t\t<\/a>\r\n\t\t\t\t<\/div>\r\n\t\t\t\t\t<div id=\"premium-carousel-1633bb7\" class=\"premium-carousel-inner\">\r\n\t\t\t\t\t\t<div class=\"premium-carousel-template item-wrapper\">\r\n\t\t\t\t\t<style>.elementor-5227 .elementor-element.elementor-element-6dccaf3{--display:flex;--min-height:0px;--flex-direction:row;--container-widget-width:initial;--container-widget-height:100%;--container-widget-flex-grow:1;--container-widget-align-self:stretch;--flex-wrap-mobile:wrap;--background-transition:0.3s;}.elementor-5227 .elementor-element.elementor-element-52fc83d{--display:flex;--min-height:0px;--flex-direction:column;--container-widget-width:100%;--container-widget-height:initial;--container-widget-flex-grow:0;--container-widget-align-self:initial;--flex-wrap-mobile:wrap;--background-transition:0.3s;}.elementor-5227 .elementor-element.elementor-element-0e75d0b.elementor-position-right .elementor-image-box-img{margin-left:15px;}.elementor-5227 .elementor-element.elementor-element-0e75d0b.elementor-position-left .elementor-image-box-img{margin-right:15px;}.elementor-5227 .elementor-element.elementor-element-0e75d0b.elementor-position-top .elementor-image-box-img{margin-bottom:15px;}.elementor-5227 .elementor-element.elementor-element-0e75d0b .elementor-image-box-wrapper .elementor-image-box-img{width:58%;}.elementor-5227 .elementor-element.elementor-element-0e75d0b .elementor-image-box-img img{transition-duration:0.3s;}.elementor-5227 .elementor-element.elementor-element-0e75d0b .elementor-image-box-description{font-style:italic;}.elementor-5227 .elementor-element.elementor-element-d61514b{text-align:center;}.elementor-5227 .elementor-element.elementor-element-4485d7e{--display:flex;--background-transition:0.3s;}.elementor-5227 .elementor-element.elementor-element-c56dbcc.elementor-position-right .elementor-image-box-img{margin-left:15px;}.elementor-5227 .elementor-element.elementor-element-c56dbcc.elementor-position-left .elementor-image-box-img{margin-right:15px;}.elementor-5227 .elementor-element.elementor-element-c56dbcc.elementor-position-top .elementor-image-box-img{margin-bottom:15px;}.elementor-5227 .elementor-element.elementor-element-c56dbcc .elementor-image-box-wrapper .elementor-image-box-img{width:58%;}.elementor-5227 .elementor-element.elementor-element-c56dbcc .elementor-image-box-img img{transition-duration:0.3s;}.elementor-5227 .elementor-element.elementor-element-c56dbcc .elementor-image-box-description{font-style:italic;}@media(max-width:767px){.elementor-5227 .elementor-element.elementor-element-0e75d0b .elementor-image-box-img{margin-bottom:15px;}.elementor-5227 .elementor-element.elementor-element-c56dbcc .elementor-image-box-img{margin-bottom:15px;}}<\/style>\t\t<div data-elementor-type=\"loop-item\" data-elementor-id=\"5227\" class=\"elementor elementor-5227 e-loop-item e-loop-item-2088 post-2088 page type-page status-publish hentry\" data-elementor-post-type=\"elementor_library\" data-custom-edit-handle=\"1\">\n\t\t\t<div data-particle_enable=\"false\" data-particle-mobile-disabled=\"false\" class=\"elementor-element elementor-element-6dccaf3 e-con-full e-flex e-con e-parent\" data-id=\"6dccaf3\" data-element_type=\"container\">\n\t\t<div data-particle_enable=\"false\" data-particle-mobile-disabled=\"false\" class=\"elementor-element elementor-element-52fc83d e-con-full e-flex e-con e-child\" data-id=\"52fc83d\" data-element_type=\"container\">\n\t\t\t\t<div class=\"elementor-element elementor-element-0e75d0b elementor-position-top elementor-widget elementor-widget-image-box\" data-id=\"0e75d0b\" data-element_type=\"widget\" data-widget_type=\"image-box.default\">\n\t\t\t\t<div class=\"elementor-widget-container\">\n\t\t\t<div class=\"elementor-image-box-wrapper\"><figure class=\"elementor-image-box-img\"><a href=\"https:\/\/drive.google.com\/drive\/folders\/19geeSFk6pyF9JU3Q6z5E6s2zsx7HonKb?hl=es-419\" tabindex=\"-1\"><img fetchpriority=\"high\" decoding=\"async\" width=\"399\" height=\"728\" src=\"https:\/\/asociacionparquecordillera.cl\/wp-content\/uploads\/2025\/04\/imagen_2025-04-15_122330407.png\" class=\"attachment-full size-full wp-image-5220\" alt=\"\" srcset=\"https:\/\/asociacionparquecordillera.cl\/wp-content\/uploads\/2025\/04\/imagen_2025-04-15_122330407.png 399w, https:\/\/asociacionparquecordillera.cl\/wp-content\/uploads\/2025\/04\/imagen_2025-04-15_122330407-164x300.png 164w, https:\/\/asociacionparquecordillera.cl\/wp-content\/uploads\/2025\/04\/imagen_2025-04-15_122330407-7x12.png 7w\" sizes=\"(max-width: 399px) 100vw, 399px\" \/><\/a><\/figure><div class=\"elementor-image-box-content\"><h3 class=\"elementor-image-box-title\"><a href=\"https:\/\/drive.google.com\/drive\/folders\/19geeSFk6pyF9JU3Q6z5E6s2zsx7HonKb?hl=es-419\">Abejorro colorado<\/a><\/h3><p class=\"elementor-image-box-description\">Bombus dahlbomii<\/p><\/div><\/div>\t\t<\/div>\n\t\t\t\t<\/div>\n\t\t\t\t<div class=\"elementor-element elementor-element-17d4669 elementor-align-center elementor-widget elementor-widget-button\" data-id=\"17d4669\" data-element_type=\"widget\" data-widget_type=\"button.default\">\n\t\t\t\t<div class=\"elementor-widget-container\">\n\t\t\t\t\t\t\t<div class=\"elementor-button-wrapper\">\n\t\t\t\t\t<a class=\"elementor-button elementor-button-link elementor-size-sm\" href=\"https:\/\/asociacionparquecordillera.cl\/wp-content\/uploads\/2025\/04\/afiche-abejorro-colorado-1.pdf\">\n\t\t\t\t\t\t<span class=\"elementor-button-content-wrapper\">\n\t\t\t\t\t\t\t\t\t<span class=\"elementor-button-text\">Conoce m\u00e1s aqu\u00ed<\/span>\n\t\t\t\t\t<\/span>\n\t\t\t\t\t<\/a>\n\t\t\t\t<\/div>\n\t\t\t\t\t\t<\/div>\n\t\t\t\t<\/div>\n\t\t\t\t<div class=\"elementor-element elementor-element-d61514b elementor-widget elementor-widget-premium-addon-button\" data-id=\"d61514b\" data-element_type=\"widget\" data-widget_type=\"premium-addon-button.default\">\n\t\t\t\t<div class=\"elementor-widget-container\">\n\t\t\t\r\n\r\n\t\t<a class=\"premium-button premium-button-none premium-btn-lg premium-button-none\" href=\"\" target=\"_blank\">\r\n\t\t\t<div class=\"premium-button-text-icon-wrapper\">\r\n\t\t\t\t\r\n\t\t\t\t\t\t\t\t\t<span >\r\n\t\t\t\t\t\tConoce m\u00e1s aqu\u00ed\t\t\t\t\t<\/span>\r\n\t\t\t\t\r\n\t\t\t\t\t\t\t<\/div>\r\n\r\n\t\t\t\r\n\t\t\t\r\n\t\t\t\r\n\t\t<\/a>\r\n\r\n\r\n\t\t\t\t<\/div>\n\t\t\t\t<\/div>\n\t\t\t\t<\/div>\n\t\t<div data-particle_enable=\"false\" data-particle-mobile-disabled=\"false\" class=\"elementor-element elementor-element-4485d7e e-flex e-con-boxed e-con e-child\" data-id=\"4485d7e\" data-element_type=\"container\">\n\t\t\t\t\t<div class=\"e-con-inner\">\n\t\t\t\t<div class=\"elementor-element elementor-element-c56dbcc elementor-position-top elementor-widget elementor-widget-image-box\" data-id=\"c56dbcc\" data-element_type=\"widget\" data-widget_type=\"image-box.default\">\n\t\t\t\t<div class=\"elementor-widget-container\">\n\t\t\t<div class=\"elementor-image-box-wrapper\"><figure class=\"elementor-image-box-img\"><a href=\"https:\/\/drive.google.com\/drive\/folders\/19geeSFk6pyF9JU3Q6z5E6s2zsx7HonKb?hl=es-419\" tabindex=\"-1\"><img fetchpriority=\"high\" decoding=\"async\" width=\"399\" height=\"728\" src=\"https:\/\/asociacionparquecordillera.cl\/wp-content\/uploads\/2025\/04\/imagen_2025-04-15_122330407.png\" class=\"attachment-full size-full wp-image-5220\" alt=\"\" srcset=\"https:\/\/asociacionparquecordillera.cl\/wp-content\/uploads\/2025\/04\/imagen_2025-04-15_122330407.png 399w, https:\/\/asociacionparquecordillera.cl\/wp-content\/uploads\/2025\/04\/imagen_2025-04-15_122330407-164x300.png 164w, https:\/\/asociacionparquecordillera.cl\/wp-content\/uploads\/2025\/04\/imagen_2025-04-15_122330407-7x12.png 7w\" sizes=\"(max-width: 399px) 100vw, 399px\" \/><\/a><\/figure><div class=\"elementor-image-box-content\"><h3 class=\"elementor-image-box-title\"><a href=\"https:\/\/drive.google.com\/drive\/folders\/19geeSFk6pyF9JU3Q6z5E6s2zsx7HonKb?hl=es-419\">Abejorro colorado<\/a><\/h3><p class=\"elementor-image-box-description\">Bombus dahlbomii<\/p><\/div><\/div>\t\t<\/div>\n\t\t\t\t<\/div>\n\t\t\t\t<div class=\"elementor-element elementor-element-60f51ab elementor-align-center elementor-widget elementor-widget-button\" data-id=\"60f51ab\" data-element_type=\"widget\" data-widget_type=\"button.default\">\n\t\t\t\t<div class=\"elementor-widget-container\">\n\t\t\t\t\t\t\t<div class=\"elementor-button-wrapper\">\n\t\t\t\t\t<a class=\"elementor-button elementor-button-link elementor-size-sm\" href=\"\">\n\t\t\t\t\t\t<span class=\"elementor-button-content-wrapper\">\n\t\t\t\t\t\t\t\t\t<span class=\"elementor-button-text\">Conoce m\u00e1s aqu\u00ed<\/span>\n\t\t\t\t\t<\/span>\n\t\t\t\t\t<\/a>\n\t\t\t\t<\/div>\n\t\t\t\t\t\t<\/div>\n\t\t\t\t<\/div>\n\t\t\t\t\t<\/div>\n\t\t\t\t<\/div>\n\t\t\t\t<\/div>\n\t\t\t\t<\/div>\n\t\t\t\t\t\t\t\t\t\t\t<\/div>\r\n\t\t\t\t\t\t\t<\/div>\r\n\t\t\t\t\t<\/div>\r\n\t\t\t\t<\/div>\n\t\t\t\t<\/div>\n\t\t\t\t<\/div>\n\t\t\t\t<\/div>","protected":false},"excerpt":{"rendered":"<p>Educaci\u00f3n Ambiental Abejorro colorado Bombus dahlbomii Conoce m\u00e1s aqu\u00ed Conoce m\u00e1s aqu\u00ed Abejorro colorado Bombus dahlbomii Conoce m\u00e1s aqu\u00ed<\/p>","protected":false},"author":12,"featured_media":0,"parent":0,"menu_order":0,"comment_status":"closed","ping_status":"closed","template":"","meta":{"site-sidebar-layout":"no-sidebar","site-content-layout":"page-builder","ast-site-content-layout":"","site-content-style":"default","site-sidebar-style":"default","ast-global-header-display":"","ast-banner-title-visibility":"","ast-main-header-display":"","ast-hfb-above-header-display":"","ast-hfb-below-header-display":"","ast-hfb-mobile-header-display":"","site-post-title":"disabled","ast-breadcrumbs-content":"","ast-featured-img":"disabled","footer-sml-layout":"","theme-transparent-header-meta":"default","adv-header-id-meta":"","stick-header-meta":"default","header-above-stick-meta":"","header-main-stick-meta":"","header-below-stick-meta":"","astra-migrate-meta-layouts":"default","ast-page-background-enabled":"default","ast-page-background-meta":{"desktop":{"background-color":"var(--ast-global-color-4)","background-image":"","background-repeat":"repeat","background-position":"center center","background-size":"auto","background-attachment":"scroll","background-type":"","background-media":"","overlay-type":"","overlay-color":"","overlay-opacity":"","overlay-gradient":""},"tablet":{"background-color":"","background-image":"","background-repeat":"repeat","background-position":"center center","background-size":"auto","background-attachment":"scroll","background-type":"","background-media":"","overlay-type":"","overlay-color":"","overlay-opacity":"","overlay-gradient":""},"mobile":{"background-color":"","background-image":"","background-repeat":"repeat","background-position":"center center","background-size":"auto","background-attachment":"scroll","background-type":"","background-media":"","overlay-type":"","overlay-color":"","overlay-opacity":"","overlay-gradient":""}},"ast-content-background-meta":{"desktop":{"background-color":"var(--ast-global-color-5)","background-image":"","background-repeat":"repeat","background-position":"center center","background-size":"auto","background-attachment":"scroll","background-type":"","background-media":"","overlay-type":"","overlay-color":"","overlay-opacity":"","overlay-gradient":""},"tablet":{"background-color":"var(--ast-global-color-5)","background-image":"","background-repeat":"repeat","background-position":"center center","background-size":"auto","background-attachment":"scroll","background-type":"","background-media":"","overlay-type":"","overlay-color":"","overlay-opacity":"","overlay-gradient":""},"mobile":{"background-color":"var(--ast-global-color-5)","background-image":"","background-repeat":"repeat","background-position":"center center","background-size":"auto","background-attachment":"scroll","background-type":"","background-media":"","overlay-type":"","overlay-color":"","overlay-opacity":"","overlay-gradient":""}},"footnotes":""},"class_list":["post-2088","page","type-page","status-publish","hentry"],"yoast_head":"<!-- This site is optimized with the Yoast SEO Premium plugin v22.9 (Yoast SEO v23.9) - https:\/\/yoast.com\/wordpress\/plugins\/seo\/ -->\n<title>Educaci\u00f3n Ambiental 2 - Asociaci\u00f3n Parque Cordillera - Parques Regi\u00f3n Metropolitana<\/title>\n<meta name=\"robots\" content=\"index, follow, max-snippet:-1, max-image-preview:large, max-video-preview:-1\" \/>\n<link rel=\"canonical\" href=\"https:\/\/asociacionparquecordillera.cl\/en\/educacion-ambiental-2-2\/\" \/>\n<meta property=\"og:locale\" content=\"en_US\" \/>\n<meta property=\"og:type\" content=\"article\" \/>\n<meta property=\"og:title\" content=\"Educaci\u00f3n Ambiental 2\" \/>\n<meta property=\"og:description\" content=\"Educaci\u00f3n Ambiental Abejorro colorado Bombus dahlbomii Conoce m\u00e1s aqu\u00ed Conoce m\u00e1s aqu\u00ed Abejorro colorado Bombus dahlbomii Conoce m\u00e1s aqu\u00ed\" \/>\n<meta property=\"og:url\" content=\"https:\/\/asociacionparquecordillera.cl\/en\/educacion-ambiental-2-2\/\" \/>\n<meta property=\"og:site_name\" content=\"Asociaci\u00f3n Parque Cordillera - Parques Regi\u00f3n Metropolitana\" \/>\n<meta property=\"article:modified_time\" content=\"2025-04-15T17:20:36+00:00\" \/>\n<meta property=\"og:image\" content=\"https:\/\/asociacionparquecordillera.cl\/wp-content\/uploads\/2025\/04\/imagen_2025-04-15_122330407.png\" \/>\n\t<meta property=\"og:image:width\" content=\"399\" \/>\n\t<meta property=\"og:image:height\" content=\"728\" \/>\n\t<meta property=\"og:image:type\" content=\"image\/png\" \/>\n<meta name=\"twitter:card\" content=\"summary_large_image\" \/>\n<meta name=\"twitter:label1\" content=\"Est. reading time\" \/>\n\t<meta name=\"twitter:data1\" content=\"1 minute\" \/>\n<script type=\"application\/ld+json\" class=\"yoast-schema-graph\">{\"@context\":\"https:\/\/schema.org\",\"@graph\":[{\"@type\":\"WebPage\",\"@id\":\"https:\/\/asociacionparquecordillera.cl\/educacion-ambiental-2-2\/\",\"url\":\"https:\/\/asociacionparquecordillera.cl\/educacion-ambiental-2-2\/\",\"name\":\"Educaci\u00f3n Ambiental 2 - Asociaci\u00f3n Parque Cordillera - Parques Regi\u00f3n Metropolitana\",\"isPartOf\":{\"@id\":\"https:\/\/asociacionparquecordillera.cl\/#website\"},\"primaryImageOfPage\":{\"@id\":\"https:\/\/asociacionparquecordillera.cl\/educacion-ambiental-2-2\/#primaryimage\"},\"image\":{\"@id\":\"https:\/\/asociacionparquecordillera.cl\/educacion-ambiental-2-2\/#primaryimage\"},\"thumbnailUrl\":\"https:\/\/asociacionparquecordillera.cl\/wp-content\/uploads\/2025\/04\/imagen_2025-04-15_122330407.png\",\"datePublished\":\"2023-03-13T14:49:21+00:00\",\"dateModified\":\"2025-04-15T17:20:36+00:00\",\"breadcrumb\":{\"@id\":\"https:\/\/asociacionparquecordillera.cl\/educacion-ambiental-2-2\/#breadcrumb\"},\"inLanguage\":\"en-US\",\"potentialAction\":[{\"@type\":\"ReadAction\",\"target\":[\"https:\/\/asociacionparquecordillera.cl\/educacion-ambiental-2-2\/\"]}]},{\"@type\":\"ImageObject\",\"inLanguage\":\"en-US\",\"@id\":\"https:\/\/asociacionparquecordillera.cl\/educacion-ambiental-2-2\/#primaryimage\",\"url\":\"https:\/\/asociacionparquecordillera.cl\/wp-content\/uploads\/2025\/04\/imagen_2025-04-15_122330407.png\",\"contentUrl\":\"https:\/\/asociacionparquecordillera.cl\/wp-content\/uploads\/2025\/04\/imagen_2025-04-15_122330407.png\"},{\"@type\":\"BreadcrumbList\",\"@id\":\"https:\/\/asociacionparquecordillera.cl\/educacion-ambiental-2-2\/#breadcrumb\",\"itemListElement\":[{\"@type\":\"ListItem\",\"position\":1,\"name\":\"Home\",\"item\":\"https:\/\/asociacionparquecordillera.cl\/\"},{\"@type\":\"ListItem\",\"position\":2,\"name\":\"Educaci\u00f3n Ambiental 2\"}]},{\"@type\":\"WebSite\",\"@id\":\"https:\/\/asociacionparquecordillera.cl\/#website\",\"url\":\"https:\/\/asociacionparquecordillera.cl\/\",\"name\":\"Asociaci\u00f3n Parque Cordillera - Parques Regi\u00f3n Metropolitana\",\"description\":\"Asociaci\u00f3n Parque Cordillera promueve la conservaci\u00f3n de la precordillera de Santiago mediante la administraci\u00f3n de parques naturales y el fomento de la educaci\u00f3n ambiental y el turismo sustentable.\",\"publisher\":{\"@id\":\"https:\/\/asociacionparquecordillera.cl\/#organization\"},\"alternateName\":\"Parque Cordillera\",\"potentialAction\":[{\"@type\":\"SearchAction\",\"target\":{\"@type\":\"EntryPoint\",\"urlTemplate\":\"https:\/\/asociacionparquecordillera.cl\/?s={search_term_string}\"},\"query-input\":{\"@type\":\"PropertyValueSpecification\",\"valueRequired\":true,\"valueName\":\"search_term_string\"}}],\"inLanguage\":\"en-US\"},{\"@type\":\"Organization\",\"@id\":\"https:\/\/asociacionparquecordillera.cl\/#organization\",\"name\":\"Asociaci\u00f3n Parque Cordillera - Parques Regi\u00f3n Metropolitana\",\"alternateName\":\"Parque Cordillera\",\"url\":\"https:\/\/asociacionparquecordillera.cl\/\",\"logo\":{\"@type\":\"ImageObject\",\"inLanguage\":\"en-US\",\"@id\":\"https:\/\/asociacionparquecordillera.cl\/#\/schema\/logo\/image\/\",\"url\":\"https:\/\/asociacionparquecordillera.cl\/wp-content\/uploads\/2023\/01\/logo-apc-white-2.svg\",\"contentUrl\":\"https:\/\/asociacionparquecordillera.cl\/wp-content\/uploads\/2023\/01\/logo-apc-white-2.svg\",\"width\":240.789999999999992041921359486877918243408203125,\"height\":80.969999999999998863131622783839702606201171875,\"caption\":\"Asociaci\u00f3n Parque Cordillera - Parques Regi\u00f3n Metropolitana\"},\"image\":{\"@id\":\"https:\/\/asociacionparquecordillera.cl\/#\/schema\/logo\/image\/\"}}]}<\/script>\n<!-- \/ Yoast SEO Premium plugin. -->","yoast_head_json":{"title":"Educaci\u00f3n Ambiental 2 - Asociaci\u00f3n Parque Cordillera - Parques Regi\u00f3n Metropolitana","robots":{"index":"index","follow":"follow","max-snippet":"max-snippet:-1","max-image-preview":"max-image-preview:large","max-video-preview":"max-video-preview:-1"},"canonical":"https:\/\/asociacionparquecordillera.cl\/en\/educacion-ambiental-2-2\/","og_locale":"en_US","og_type":"article","og_title":"Educaci\u00f3n Ambiental 2","og_description":"Educaci\u00f3n Ambiental Abejorro colorado Bombus dahlbomii Conoce m\u00e1s aqu\u00ed Conoce m\u00e1s aqu\u00ed Abejorro colorado Bombus dahlbomii Conoce m\u00e1s aqu\u00ed","og_url":"https:\/\/asociacionparquecordillera.cl\/en\/educacion-ambiental-2-2\/","og_site_name":"Asociaci\u00f3n Parque Cordillera - Parques Regi\u00f3n Metropolitana","article_modified_time":"2025-04-15T17:20:36+00:00","og_image":[{"width":399,"height":728,"url":"https:\/\/asociacionparquecordillera.cl\/wp-content\/uploads\/2025\/04\/imagen_2025-04-15_122330407.png","type":"image\/png"}],"twitter_card":"summary_large_image","twitter_misc":{"Est. reading time":"1 minute"},"schema":{"@context":"https:\/\/schema.org","@graph":[{"@type":"WebPage","@id":"https:\/\/asociacionparquecordillera.cl\/educacion-ambiental-2-2\/","url":"https:\/\/asociacionparquecordillera.cl\/educacion-ambiental-2-2\/","name":"Educaci\u00f3n Ambiental 2 - Asociaci\u00f3n Parque Cordillera - Parques Regi\u00f3n Metropolitana","isPartOf":{"@id":"https:\/\/asociacionparquecordillera.cl\/#website"},"primaryImageOfPage":{"@id":"https:\/\/asociacionparquecordillera.cl\/educacion-ambiental-2-2\/#primaryimage"},"image":{"@id":"https:\/\/asociacionparquecordillera.cl\/educacion-ambiental-2-2\/#primaryimage"},"thumbnailUrl":"https:\/\/asociacionparquecordillera.cl\/wp-content\/uploads\/2025\/04\/imagen_2025-04-15_122330407.png","datePublished":"2023-03-13T14:49:21+00:00","dateModified":"2025-04-15T17:20:36+00:00","breadcrumb":{"@id":"https:\/\/asociacionparquecordillera.cl\/educacion-ambiental-2-2\/#breadcrumb"},"inLanguage":"en-US","potentialAction":[{"@type":"ReadAction","target":["https:\/\/asociacionparquecordillera.cl\/educacion-ambiental-2-2\/"]}]},{"@type":"ImageObject","inLanguage":"en-US","@id":"https:\/\/asociacionparquecordillera.cl\/educacion-ambiental-2-2\/#primaryimage","url":"https:\/\/asociacionparquecordillera.cl\/wp-content\/uploads\/2025\/04\/imagen_2025-04-15_122330407.png","contentUrl":"https:\/\/asociacionparquecordillera.cl\/wp-content\/uploads\/2025\/04\/imagen_2025-04-15_122330407.png"},{"@type":"BreadcrumbList","@id":"https:\/\/asociacionparquecordillera.cl\/educacion-ambiental-2-2\/#breadcrumb","itemListElement":[{"@type":"ListItem","position":1,"name":"Home","item":"https:\/\/asociacionparquecordillera.cl\/"},{"@type":"ListItem","position":2,"name":"Educaci\u00f3n Ambiental 2"}]},{"@type":"WebSite","@id":"https:\/\/asociacionparquecordillera.cl\/#website","url":"https:\/\/asociacionparquecordillera.cl\/","name":"Asociaci\u00f3n Parque Cordillera - Parques Regi\u00f3n Metropolitana","description":"Asociaci\u00f3n Parque Cordillera promueve la conservaci\u00f3n de la precordillera de Santiago mediante la administraci\u00f3n de parques naturales y el fomento de la educaci\u00f3n ambiental y el turismo sustentable.","publisher":{"@id":"https:\/\/asociacionparquecordillera.cl\/#organization"},"alternateName":"Parque Cordillera","potentialAction":[{"@type":"SearchAction","target":{"@type":"EntryPoint","urlTemplate":"https:\/\/asociacionparquecordillera.cl\/?s={search_term_string}"},"query-input":{"@type":"PropertyValueSpecification","valueRequired":true,"valueName":"search_term_string"}}],"inLanguage":"en-US"},{"@type":"Organization","@id":"https:\/\/asociacionparquecordillera.cl\/#organization","name":"Asociaci\u00f3n Parque Cordillera - Parques Regi\u00f3n Metropolitana","alternateName":"Parque Cordillera","url":"https:\/\/asociacionparquecordillera.cl\/","logo":{"@type":"ImageObject","inLanguage":"en-US","@id":"https:\/\/asociacionparquecordillera.cl\/#\/schema\/logo\/image\/","url":"https:\/\/asociacionparquecordillera.cl\/wp-content\/uploads\/2023\/01\/logo-apc-white-2.svg","contentUrl":"https:\/\/asociacionparquecordillera.cl\/wp-content\/uploads\/2023\/01\/logo-apc-white-2.svg","width":240.789999999999992041921359486877918243408203125,"height":80.969999999999998863131622783839702606201171875,"caption":"Asociaci\u00f3n Parque Cordillera - Parques Regi\u00f3n Metropolitana"},"image":{"@id":"https:\/\/asociacionparquecordillera.cl\/#\/schema\/logo\/image\/"}}]}},"_links":{"self":[{"href":"https:\/\/asociacionparquecordillera.cl\/en\/wp-json\/wp\/v2\/pages\/2088","targetHints":{"allow":["GET"]}}],"collection":[{"href":"https:\/\/asociacionparquecordillera.cl\/en\/wp-json\/wp\/v2\/pages"}],"about":[{"href":"https:\/\/asociacionparquecordillera.cl\/en\/wp-json\/wp\/v2\/types\/page"}],"author":[{"embeddable":true,"href":"https:\/\/asociacionparquecordillera.cl\/en\/wp-json\/wp\/v2\/users\/12"}],"replies":[{"embeddable":true,"href":"https:\/\/asociacionparquecordillera.cl\/en\/wp-json\/wp\/v2\/comments?post=2088"}],"version-history":[{"count":19,"href":"https:\/\/asociacionparquecordillera.cl\/en\/wp-json\/wp\/v2\/pages\/2088\/revisions"}],"predecessor-version":[{"id":5252,"href":"https:\/\/asociacionparquecordillera.cl\/en\/wp-json\/wp\/v2\/pages\/2088\/revisions\/5252"}],"wp:attachment":[{"href":"https:\/\/asociacionparquecordillera.cl\/en\/wp-json\/wp\/v2\/media?parent=2088"}],"curies":[{"name":"wp","href":"https:\/\/api.w.org\/{rel}","templated":true}]}}