{"id":53,"date":"2023-01-19T23:09:41","date_gmt":"2023-01-20T02:09:41","guid":{"rendered":"https:\/\/lab.selva.cl\/parquecordillera\/?page_id=53"},"modified":"2026-01-14T15:03:57","modified_gmt":"2026-01-14T18:03:57","slug":"inicio","status":"publish","type":"page","link":"https:\/\/asociacionparquecordillera.cl\/en\/","title":{"rendered":"Inicio"},"content":{"rendered":"<div data-elementor-type=\"wp-page\" data-elementor-id=\"53\" class=\"elementor elementor-53\" data-elementor-post-type=\"page\">\n\t\t\t\t<div data-particle_enable=\"false\" data-particle-mobile-disabled=\"false\" class=\"elementor-element elementor-element-50b1a1a e-con-full e-flex e-con e-parent\" data-id=\"50b1a1a\" data-element_type=\"container\" data-settings=\"{&quot;background_background&quot;:&quot;classic&quot;}\">\n\t\t\t\t<div data-premium-element-link=\"{&quot;type&quot;:&quot;url&quot;,&quot;link&quot;:{&quot;url&quot;:&quot;#Red de Parques&quot;,&quot;is_external&quot;:&quot;&quot;,&quot;nofollow&quot;:&quot;&quot;,&quot;custom_attributes&quot;:&quot;&quot;},&quot;href&quot;:&quot;#Red%20de%20Parques&quot;}\" style=\"cursor: pointer\" class=\"elementor-element elementor-element-667a716 elementor-widget__width-inherit premium-wrapper-link-yes elementor-widget elementor-widget-jet-listing-grid\" data-id=\"667a716\" data-element_type=\"widget\" data-settings=\"{&quot;columns&quot;:&quot;1&quot;}\" data-widget_type=\"jet-listing-grid.default\">\n\t\t\t\t<div class=\"elementor-widget-container\">\n\t\t\t<div class=\"jet-listing-grid jet-listing\"><div class=\"jet-listing-grid__slider\" data-slider_options=\"{&quot;autoplaySpeed&quot;:5000,&quot;autoplay&quot;:true,&quot;pauseOnHover&quot;:true,&quot;infinite&quot;:true,&quot;centerMode&quot;:false,&quot;speed&quot;:500,&quot;arrows&quot;:true,&quot;dots&quot;:false,&quot;slidesToScroll&quot;:1,&quot;prevArrow&quot;:&quot;&lt;div class=&#039;jet-listing-grid__slider-icon prev-arrow &#039; role=&#039;button&#039; aria-label=&#039;Previous&#039;&gt;&lt;svg width=&#039;180&#039; height=&#039;180&#039; viewBox=&#039;0 0 180 180&#039; fill=&#039;none&#039; xmlns=&#039;http:\\\/\\\/www.w3.org\\\/2000\\\/svg&#039;&gt;&lt;path d=&#039;M119 47.3166C119 48.185 118.668 48.9532 118.003 49.6212L78.8385 89L118.003 128.379C118.668 129.047 119 129.815 119 130.683C119 131.552 118.668 132.32 118.003 132.988L113.021 137.998C112.356 138.666 111.592 139 110.729 139C109.865 139 109.101 138.666 108.436 137.998L61.9966 91.3046C61.3322 90.6366 61 89.8684 61 89C61 88.1316 61.3322 87.3634 61.9966 86.6954L108.436 40.002C109.101 39.334 109.865 39 110.729 39C111.592 39 112.356 39.334 113.021 40.002L118.003 45.012C118.668 45.68 119 46.4482 119 47.3166Z&#039; fill=&#039;black&#039;\\\/&gt;&lt;\\\/svg&gt;&lt;\\\/div&gt;&quot;,&quot;nextArrow&quot;:&quot;&lt;div class=&#039;jet-listing-grid__slider-icon next-arrow &#039; role=&#039;button&#039; aria-label=&#039;Next&#039;&gt;&lt;svg width=&#039;180&#039; height=&#039;180&#039; viewBox=&#039;0 0 180 180&#039; fill=&#039;none&#039; xmlns=&#039;http:\\\/\\\/www.w3.org\\\/2000\\\/svg&#039;&gt;&lt;path d=&#039;M119 47.3166C119 48.185 118.668 48.9532 118.003 49.6212L78.8385 89L118.003 128.379C118.668 129.047 119 129.815 119 130.683C119 131.552 118.668 132.32 118.003 132.988L113.021 137.998C112.356 138.666 111.592 139 110.729 139C109.865 139 109.101 138.666 108.436 137.998L61.9966 91.3046C61.3322 90.6366 61 89.8684 61 89C61 88.1316 61.3322 87.3634 61.9966 86.6954L108.436 40.002C109.101 39.334 109.865 39 110.729 39C111.592 39 112.356 39.334 113.021 40.002L118.003 45.012C118.668 45.68 119 46.4482 119 47.3166Z&#039; fill=&#039;black&#039;\\\/&gt;&lt;\\\/svg&gt;&lt;\\\/div&gt;&quot;,&quot;rtl&quot;:false,&quot;itemsCount&quot;:1,&quot;fade&quot;:true,&quot;slidesToShow&quot;:{&quot;desktop&quot;:1,&quot;tablet&quot;:1,&quot;mobile&quot;:1}}\" dir=\"ltr\"><div class=\"jet-listing-grid__items grid-col-desk-1 grid-col-tablet-1 grid-col-mobile-1 jet-listing-grid--4311\" data-queried-id=\"53|WP_Post\" data-nav=\"{&quot;enabled&quot;:false,&quot;type&quot;:null,&quot;more_el&quot;:null,&quot;query&quot;:[],&quot;widget_settings&quot;:{&quot;lisitng_id&quot;:4311,&quot;posts_num&quot;:10,&quot;columns&quot;:1,&quot;columns_tablet&quot;:1,&quot;columns_mobile&quot;:1,&quot;is_archive_template&quot;:&quot;&quot;,&quot;post_status&quot;:[&quot;publish&quot;],&quot;use_random_posts_num&quot;:&quot;&quot;,&quot;max_posts_num&quot;:9,&quot;not_found_message&quot;:&quot;No data was found&quot;,&quot;is_masonry&quot;:false,&quot;equal_columns_height&quot;:&quot;&quot;,&quot;use_load_more&quot;:&quot;&quot;,&quot;load_more_id&quot;:&quot;&quot;,&quot;load_more_type&quot;:&quot;click&quot;,&quot;load_more_offset&quot;:{&quot;unit&quot;:&quot;px&quot;,&quot;size&quot;:0,&quot;sizes&quot;:[]},&quot;use_custom_post_types&quot;:&quot;&quot;,&quot;custom_post_types&quot;:[],&quot;hide_widget_if&quot;:&quot;&quot;,&quot;carousel_enabled&quot;:&quot;yes&quot;,&quot;slides_to_scroll&quot;:&quot;1&quot;,&quot;arrows&quot;:&quot;true&quot;,&quot;arrow_icon&quot;:&quot;fa fa-angle-left&quot;,&quot;dots&quot;:&quot;&quot;,&quot;autoplay&quot;:&quot;true&quot;,&quot;pause_on_hover&quot;:&quot;true&quot;,&quot;autoplay_speed&quot;:5000,&quot;infinite&quot;:&quot;true&quot;,&quot;center_mode&quot;:&quot;&quot;,&quot;effect&quot;:&quot;fade&quot;,&quot;speed&quot;:500,&quot;inject_alternative_items&quot;:&quot;yes&quot;,&quot;injection_items&quot;:[{&quot;_id&quot;:&quot;c89a0df&quot;,&quot;item&quot;:&quot;4318&quot;,&quot;item_num&quot;:1,&quot;tax&quot;:&quot;slider-category&quot;,&quot;item_colspan&quot;:&quot;1&quot;,&quot;post_type&quot;:&quot;sliders&quot;,&quot;inject_once&quot;:&quot;yes&quot;,&quot;static_item&quot;:&quot;yes&quot;}],&quot;scroll_slider_enabled&quot;:&quot;&quot;,&quot;scroll_slider_on&quot;:[&quot;desktop&quot;,&quot;tablet&quot;,&quot;mobile&quot;],&quot;custom_query&quot;:false,&quot;custom_query_id&quot;:&quot;11&quot;,&quot;_element_id&quot;:&quot;&quot;}}\" data-page=\"1\" data-pages=\"1\" data-listing-source=\"query\" data-listing-id=\"4311\" data-query-id=\"11\"><div class=\"jet-listing-grid__item jet-listing-dynamic-post-3783\" data-post-id=\"3783\"><style>.elementor-4318 .elementor-element.elementor-element-65bbd9f{--display:flex;--min-height:700px;--justify-content:flex-end;--gap:10px 10px;--overflow:hidden;--background-transition:0.3s;--overlay-opacity:0.7;--padding-top:100px;--padding-bottom:100px;--padding-left:100px;--padding-right:100px;}.elementor-4318 .elementor-element.elementor-element-65bbd9f:not(.elementor-motion-effects-element-type-background), .elementor-4318 .elementor-element.elementor-element-65bbd9f > .elementor-motion-effects-container > .elementor-motion-effects-layer{background-color:#555555;background-image:url(\"https:\/\/asociacionparquecordillera.cl\/wp-content\/uploads\/2023\/03\/img-cover1.png\");background-position:center center;background-repeat:no-repeat;background-size:cover;}.elementor-4318 .elementor-element.elementor-element-65bbd9f::before, .elementor-4318 .elementor-element.elementor-element-65bbd9f > .elementor-background-video-container::before, .elementor-4318 .elementor-element.elementor-element-65bbd9f > .e-con-inner > .elementor-background-video-container::before, .elementor-4318 .elementor-element.elementor-element-65bbd9f > .elementor-background-slideshow::before, .elementor-4318 .elementor-element.elementor-element-65bbd9f > .e-con-inner > .elementor-background-slideshow::before, .elementor-4318 .elementor-element.elementor-element-65bbd9f > .elementor-motion-effects-container > .elementor-motion-effects-layer::before{--background-overlay:'';background-color:transparent;background-image:linear-gradient(180deg, #0000000D 33%, #000000 100%);}.elementor-4318 .elementor-element.elementor-element-65bbd9f:hover::before, .elementor-4318 .elementor-element.elementor-element-65bbd9f:hover > .elementor-background-video-container::before, .elementor-4318 .elementor-element.elementor-element-65bbd9f:hover > .e-con-inner > .elementor-background-video-container::before, .elementor-4318 .elementor-element.elementor-element-65bbd9f > .elementor-background-slideshow:hover::before, .elementor-4318 .elementor-element.elementor-element-65bbd9f > .e-con-inner > .elementor-background-slideshow:hover::before{--background-overlay:'';background-color:#00000000;}.elementor-4318 .elementor-element.elementor-element-65bbd9f:hover{--overlay-opacity:0.9;}.elementor-4318 .elementor-element.elementor-element-65bbd9f, .elementor-4318 .elementor-element.elementor-element-65bbd9f::before{--overlay-transition:0.5s;--border-transition:0.3s;}.elementor-4318 .elementor-element.elementor-element-c50986c{--display:flex;--flex-direction:column;--container-widget-width:100%;--container-widget-height:initial;--container-widget-flex-grow:0;--container-widget-align-self:initial;--flex-wrap-mobile:wrap;--background-transition:0.3s;--padding-top:0px;--padding-bottom:0px;--padding-left:0px;--padding-right:0px;}.elementor-4318 .elementor-element.elementor-element-5a763bc .elementor-heading-title{color:#FFFFFF;font-size:30px;font-weight:400;}.elementor-4318 .elementor-element.elementor-element-ec26d0c .elementor-heading-title{color:#FFFFFF;font-size:80px;font-weight:500;}.elementor-4318 .elementor-element.elementor-element-cb2b6e2{--display:flex;--flex-direction:row;--container-widget-width:initial;--container-widget-height:100%;--container-widget-flex-grow:1;--container-widget-align-self:stretch;--flex-wrap-mobile:wrap;--background-transition:0.3s;--padding-top:0px;--padding-bottom:0px;--padding-left:0px;--padding-right:0px;}.elementor-4318 .elementor-element.elementor-element-66f267a{--display:flex;--background-transition:0.3s;--padding-top:0px;--padding-bottom:0px;--padding-left:0px;--padding-right:0px;}.elementor-4318 .elementor-element.elementor-element-d51b260{--display:flex;--background-transition:0.3s;--padding-top:0px;--padding-bottom:0px;--padding-left:0px;--padding-right:0px;}.elementor-4318 .elementor-element.elementor-element-081e5bb .elementor-button{background-color:#00A7E1;}@media(max-width:1024px){.elementor-4318 .elementor-element.elementor-element-65bbd9f{--min-height:500px;--padding-top:50px;--padding-bottom:50px;--padding-left:50px;--padding-right:50px;}.elementor-4318 .elementor-element.elementor-element-5a763bc .elementor-heading-title{font-size:25px;}.elementor-4318 .elementor-element.elementor-element-ec26d0c .elementor-heading-title{font-size:50px;}}@media(max-width:767px){.elementor-4318 .elementor-element.elementor-element-65bbd9f{--min-height:400px;--padding-top:30px;--padding-bottom:30px;--padding-left:30px;--padding-right:30px;}.elementor-4318 .elementor-element.elementor-element-5a763bc .elementor-heading-title{font-size:20px;}.elementor-4318 .elementor-element.elementor-element-ec26d0c .elementor-heading-title{font-size:40px;}.elementor-4318 .elementor-element.elementor-element-cb2b6e2{--flex-wrap:nowrap;}.elementor-4318 .elementor-element.elementor-element-8e7cd48 .elementor-button{font-size:15px;padding:15px 0px 15px 0px;}.elementor-4318 .elementor-element.elementor-element-081e5bb .elementor-button{font-size:15px;padding:15px 0px 15px 0px;}}@media(min-width:768px){.elementor-4318 .elementor-element.elementor-element-c50986c{--width:50%;}}@media(max-width:1024px) and (min-width:768px){.elementor-4318 .elementor-element.elementor-element-c50986c{--width:73%;}}<\/style>\t\t<div data-elementor-type=\"jet-listing-items\" data-elementor-id=\"4318\" class=\"elementor elementor-4318\" data-elementor-post-type=\"jet-engine\">\n\t\t\t\t<div data-particle_enable=\"false\" data-particle-mobile-disabled=\"false\" class=\"elementor-element elementor-element-65bbd9f e-flex e-con-boxed e-con e-parent\" data-id=\"65bbd9f\" data-element_type=\"container\" data-settings=\"{&quot;background_background&quot;:&quot;classic&quot;,&quot;animation&quot;:&quot;none&quot;}\">\n\t\t\t\t\t<div class=\"e-con-inner\">\n\t\t<div data-particle_enable=\"false\" data-particle-mobile-disabled=\"false\" class=\"elementor-element elementor-element-c50986c e-con-full e-flex elementor-invisible e-con e-child\" data-id=\"c50986c\" data-element_type=\"container\" data-settings=\"{&quot;animation&quot;:&quot;fadeInUp&quot;}\">\n\t\t\t\t<div class=\"elementor-element elementor-element-5a763bc elementor-widget elementor-widget-heading\" data-id=\"5a763bc\" data-element_type=\"widget\" data-widget_type=\"heading.default\">\n\t\t\t\t<div class=\"elementor-widget-container\">\n\t\t\t<h2 class=\"elementor-heading-title elementor-size-default\">S\u00e9 parte de la mayor<\/h2>\t\t<\/div>\n\t\t\t\t<\/div>\n\t\t\t\t<div class=\"elementor-element elementor-element-ec26d0c elementor-widget elementor-widget-heading\" data-id=\"ec26d0c\" data-element_type=\"widget\" data-widget_type=\"heading.default\">\n\t\t\t\t<div class=\"elementor-widget-container\">\n\t\t\t<h2 class=\"elementor-heading-title elementor-size-default\">Red de Parques de Chile<\/h2>\t\t<\/div>\n\t\t\t\t<\/div>\n\t\t<div data-particle_enable=\"false\" data-particle-mobile-disabled=\"false\" class=\"elementor-element elementor-element-cb2b6e2 e-flex e-con-boxed e-con e-child\" data-id=\"cb2b6e2\" data-element_type=\"container\">\n\t\t\t\t\t<div class=\"e-con-inner\">\n\t\t<div data-particle_enable=\"false\" data-particle-mobile-disabled=\"false\" class=\"elementor-element elementor-element-66f267a e-flex e-con-boxed e-con e-child\" data-id=\"66f267a\" data-element_type=\"container\">\n\t\t\t\t\t<div class=\"e-con-inner\">\n\t\t\t\t<div class=\"elementor-element elementor-element-8e7cd48 elementor-align-justify elementor-widget elementor-widget-button\" data-id=\"8e7cd48\" data-element_type=\"widget\" data-widget_type=\"button.default\">\n\t\t\t\t<div class=\"elementor-widget-container\">\n\t\t\t\t\t\t\t<div class=\"elementor-button-wrapper\">\n\t\t\t\t\t<a class=\"elementor-button elementor-button-link elementor-size-sm\" href=\"https:\/\/asociacionparquecordillera.cl\/red-de-parques\/\">\n\t\t\t\t\t\t<span class=\"elementor-button-content-wrapper\">\n\t\t\t\t\t\t\t\t\t<span class=\"elementor-button-text\">Inf\u00f3rmate Aqu\u00ed<\/span>\n\t\t\t\t\t<\/span>\n\t\t\t\t\t<\/a>\n\t\t\t\t<\/div>\n\t\t\t\t\t\t<\/div>\n\t\t\t\t<\/div>\n\t\t\t\t\t<\/div>\n\t\t\t\t<\/div>\n\t\t<div data-particle_enable=\"false\" data-particle-mobile-disabled=\"false\" class=\"elementor-element elementor-element-d51b260 e-flex e-con-boxed e-con e-child\" data-id=\"d51b260\" data-element_type=\"container\">\n\t\t\t\t\t<div class=\"e-con-inner\">\n\t\t\t\t<div class=\"elementor-element elementor-element-081e5bb elementor-align-justify elementor-widget elementor-widget-button\" data-id=\"081e5bb\" data-element_type=\"widget\" data-widget_type=\"button.default\">\n\t\t\t\t<div class=\"elementor-widget-container\">\n\t\t\t\t\t\t\t<div class=\"elementor-button-wrapper\">\n\t\t\t\t\t<a class=\"elementor-button elementor-button-link elementor-size-sm\" href=\"#elementor-action%3Aaction%3Dpopup%3Aopen%26settings%3DeyJpZCI6Ijk5MyIsInRvZ2dsZSI6ZmFsc2V9\">\n\t\t\t\t\t\t<span class=\"elementor-button-content-wrapper\">\n\t\t\t\t\t\t\t\t\t<span class=\"elementor-button-text\">Estado de los parques<\/span>\n\t\t\t\t\t<\/span>\n\t\t\t\t\t<\/a>\n\t\t\t\t<\/div>\n\t\t\t\t\t\t<\/div>\n\t\t\t\t<\/div>\n\t\t\t\t\t<\/div>\n\t\t\t\t<\/div>\n\t\t\t\t\t<\/div>\n\t\t\t\t<\/div>\n\t\t\t\t<\/div>\n\t\t\t\t\t<\/div>\n\t\t\t\t<\/div>\n\t\t\t\t<\/div>\n\t\t<\/div><div class=\"jet-listing-grid__item jet-listing-dynamic-post-3783\" data-post-id=\"3783\" ><style type=\"text\/css\">.jet-listing-dynamic-post-3783 .elementor-element.elementor-element-b239298:not(.elementor-motion-effects-element-type-background), .jet-listing-dynamic-post-3783 .elementor-element.elementor-element-b239298 > .elementor-motion-effects-container > .elementor-motion-effects-layer{background-image:url(\"https:\/\/asociacionparquecordillera.cl\/wp-content\/uploads\/2024\/02\/banner-web.png\");}@media(max-width:1024px){.jet-listing-dynamic-post-3783 .elementor-element.elementor-element-b239298:not(.elementor-motion-effects-element-type-background), .jet-listing-dynamic-post-3783 .elementor-element.elementor-element-b239298 > .elementor-motion-effects-container > .elementor-motion-effects-layer{background-image:url(\"https:\/\/asociacionparquecordillera.cl\/wp-content\/uploads\/2024\/02\/banner-web.png\");}}@media(max-width:767px){.jet-listing-dynamic-post-3783 .elementor-element.elementor-element-b239298:not(.elementor-motion-effects-element-type-background), .jet-listing-dynamic-post-3783 .elementor-element.elementor-element-b239298 > .elementor-motion-effects-container > .elementor-motion-effects-layer{background-image:url(\"https:\/\/asociacionparquecordillera.cl\/wp-content\/uploads\/2024\/02\/banner-mobile-metaverso.jpg\");}}<\/style><div class=\"jet-engine-listing-overlay-wrap\" data-url=\"https:\/\/www.spatial.io\/s\/HITO-1-655ad7c9699d0a28af88ccfb?share=7257260453936634912\">\t\t<div data-elementor-type=\"jet-listing-items\" data-elementor-id=\"4311\" class=\"elementor elementor-4311\" data-elementor-post-type=\"jet-engine\">\n\t\t\t\t<div data-particle_enable=\"false\" data-particle-mobile-disabled=\"false\" class=\"elementor-element elementor-element-b239298 e-flex e-con-boxed e-con e-parent\" data-id=\"b239298\" data-element_type=\"container\" data-settings=\"{&quot;background_background&quot;:&quot;classic&quot;,&quot;animation&quot;:&quot;none&quot;}\">\n\t\t\t\t\t<div class=\"e-con-inner\">\n\t\t\t\t\t<\/div>\n\t\t\t\t<\/div>\n\t\t\t\t<\/div>\n\t\t<a href=\"https:\/\/www.spatial.io\/s\/HITO-1-655ad7c9699d0a28af88ccfb?share=7257260453936634912\" class=\"jet-engine-listing-overlay-link\"><\/a><\/div><\/div><\/div><\/div><\/div>\t\t<\/div>\n\t\t\t\t<\/div>\n\t\t\t\t<\/div>\n\t\t<div data-particle_enable=\"false\" data-particle-mobile-disabled=\"false\" class=\"elementor-element elementor-element-0fbe0d9 e-flex e-con-boxed e-con e-parent\" data-id=\"0fbe0d9\" data-element_type=\"container\">\n\t\t\t\t\t<div class=\"e-con-inner\">\n\t\t<div data-particle_enable=\"false\" data-particle-mobile-disabled=\"false\" class=\"elementor-element elementor-element-6344aaf e-con-full e-flex e-con e-child\" data-id=\"6344aaf\" data-element_type=\"container\" data-settings=\"{&quot;background_background&quot;:&quot;classic&quot;}\">\n\t\t\t\t<div class=\"elementor-element elementor-element-ea12f2e elementor-widget__width-initial elementor-widget elementor-widget-heading\" data-id=\"ea12f2e\" data-element_type=\"widget\" data-widget_type=\"heading.default\">\n\t\t\t\t<div class=\"elementor-widget-container\">\n\t\t\t<h1 class=\"elementor-heading-title elementor-size-default\">Red de <strong>Parques<\/strong><\/h1>\t\t<\/div>\n\t\t\t\t<\/div>\n\t\t\t\t<div class=\"elementor-element elementor-element-f2d4551 elementor-widget elementor-widget-heading\" data-id=\"f2d4551\" data-element_type=\"widget\" data-widget_type=\"heading.default\">\n\t\t\t\t<div class=\"elementor-widget-container\">\n\t\t\t<h2 class=\"elementor-heading-title elementor-size-default\">Red de Parques de Santiago que <b>engloba m\u00e1s de 10 parques naturales de conservaci\u00f3n.<\/b> En los parques se puede disfrutar de distintas actividades de turismo relacionado a la monta\u00f1a y <b>descubrir nuestra red de senderos interconectados.<\/b><\/h2>\t\t<\/div>\n\t\t\t\t<\/div>\n\t\t\t\t<\/div>\n\t\t<div data-particle_enable=\"false\" data-particle-mobile-disabled=\"false\" class=\"elementor-element elementor-element-1b1b962 e-con-full e-flex e-con e-child\" data-id=\"1b1b962\" data-element_type=\"container\">\n\t\t\t\t<div class=\"elementor-element elementor-element-b3fe504 elementor-align-right elementor-mobile-align-left elementor-widget elementor-widget-button\" data-id=\"b3fe504\" data-element_type=\"widget\" id=\"#Red de Parques\" data-widget_type=\"button.default\">\n\t\t\t\t<div class=\"elementor-widget-container\">\n\t\t\t\t\t\t\t<div class=\"elementor-button-wrapper\">\n\t\t\t\t\t<a class=\"elementor-button elementor-button-link elementor-size-sm\" href=\"https:\/\/asociacionparquecordillera.cl\/red-de-parques\/#red-de-parques\" id=\"#red-de-parques\">\n\t\t\t\t\t\t<span class=\"elementor-button-content-wrapper\">\n\t\t\t\t\t\t\t\t\t<span class=\"elementor-button-text\">Ver m\u00e1s<\/span>\n\t\t\t\t\t<\/span>\n\t\t\t\t\t<\/a>\n\t\t\t\t<\/div>\n\t\t\t\t\t\t<\/div>\n\t\t\t\t<\/div>\n\t\t\t\t<\/div>\n\t\t\t\t\t<\/div>\n\t\t\t\t<\/div>\n\t\t<div data-particle_enable=\"false\" data-particle-mobile-disabled=\"false\" class=\"elementor-element elementor-element-763b37e e-flex e-con-boxed e-con e-parent\" data-id=\"763b37e\" data-element_type=\"container\">\n\t\t\t\t\t<div class=\"e-con-inner\">\n\t\t\t\t<div class=\"elementor-element elementor-element-a7b93b0 elementor-widget elementor-widget-jet-listing-grid\" data-id=\"a7b93b0\" data-element_type=\"widget\" data-settings=\"{&quot;columns&quot;:&quot;4&quot;,&quot;columns_tablet&quot;:&quot;3&quot;,&quot;columns_mobile&quot;:&quot;1&quot;}\" data-widget_type=\"jet-listing-grid.default\">\n\t\t\t\t<div class=\"elementor-widget-container\">\n\t\t\t<div class=\"jet-listing-grid jet-listing\"><div class=\"jet-listing-grid__items grid-col-desk-4 grid-col-tablet-3 grid-col-mobile-1 jet-listing-grid--1482\" data-queried-id=\"53|WP_Post\" data-nav=\"{&quot;enabled&quot;:false,&quot;type&quot;:null,&quot;more_el&quot;:null,&quot;query&quot;:[],&quot;widget_settings&quot;:{&quot;lisitng_id&quot;:1482,&quot;posts_num&quot;:12,&quot;columns&quot;:4,&quot;columns_tablet&quot;:3,&quot;columns_mobile&quot;:1,&quot;is_archive_template&quot;:&quot;&quot;,&quot;post_status&quot;:[&quot;publish&quot;],&quot;use_random_posts_num&quot;:&quot;&quot;,&quot;max_posts_num&quot;:9,&quot;not_found_message&quot;:&quot;No data was found&quot;,&quot;is_masonry&quot;:false,&quot;equal_columns_height&quot;:&quot;&quot;,&quot;use_load_more&quot;:&quot;&quot;,&quot;load_more_id&quot;:&quot;&quot;,&quot;load_more_type&quot;:&quot;click&quot;,&quot;load_more_offset&quot;:{&quot;unit&quot;:&quot;px&quot;,&quot;size&quot;:0,&quot;sizes&quot;:[]},&quot;use_custom_post_types&quot;:&quot;&quot;,&quot;custom_post_types&quot;:[],&quot;hide_widget_if&quot;:&quot;&quot;,&quot;carousel_enabled&quot;:&quot;&quot;,&quot;slides_to_scroll&quot;:&quot;1&quot;,&quot;arrows&quot;:&quot;true&quot;,&quot;arrow_icon&quot;:&quot;fa fa-angle-left&quot;,&quot;dots&quot;:&quot;&quot;,&quot;autoplay&quot;:&quot;true&quot;,&quot;pause_on_hover&quot;:&quot;true&quot;,&quot;autoplay_speed&quot;:5000,&quot;infinite&quot;:&quot;true&quot;,&quot;center_mode&quot;:&quot;&quot;,&quot;effect&quot;:&quot;slide&quot;,&quot;speed&quot;:500,&quot;inject_alternative_items&quot;:&quot;&quot;,&quot;injection_items&quot;:[],&quot;scroll_slider_enabled&quot;:&quot;&quot;,&quot;scroll_slider_on&quot;:[&quot;desktop&quot;,&quot;tablet&quot;,&quot;mobile&quot;],&quot;custom_query&quot;:&quot;yes&quot;,&quot;custom_query_id&quot;:&quot;6&quot;,&quot;_element_id&quot;:&quot;&quot;}}\" data-page=\"1\" data-pages=\"1\" data-listing-source=\"query\" data-listing-id=\"1482\" data-query-id=\"6\"><div class=\"jet-listing-grid__item jet-listing-dynamic-post-979\" data-post-id=\"979\" ><style type=\"text\/css\">.jet-listing-dynamic-post-979 .elementor-element.elementor-element-70e8232:not(.elementor-motion-effects-element-type-background), .jet-listing-dynamic-post-979 .elementor-element.elementor-element-70e8232 > .elementor-motion-effects-container > .elementor-motion-effects-layer{background-image:url(\"https:\/\/asociacionparquecordillera.cl\/wp-content\/uploads\/2023\/01\/34626937554_48784c2d16_k-1.jpg\");}<\/style>\t\t<div data-elementor-type=\"jet-listing-items\" data-elementor-id=\"1482\" class=\"elementor elementor-1482\" data-elementor-post-type=\"jet-engine\">\n\t\t\t\t<div data-particle_enable=\"false\" data-particle-mobile-disabled=\"false\" class=\"elementor-element elementor-element-70e8232 e-con-full e-flex e-con e-parent\" data-id=\"70e8232\" data-element_type=\"container\" data-settings=\"{&quot;background_background&quot;:&quot;classic&quot;,&quot;animation&quot;:&quot;none&quot;}\">\n\t\t<div data-particle_enable=\"false\" data-particle-mobile-disabled=\"false\" class=\"elementor-element elementor-element-9241144 e-con-full e-flex elementor-invisible e-con e-child\" data-id=\"9241144\" data-element_type=\"container\" data-settings=\"{&quot;animation&quot;:&quot;fadeInDown&quot;}\">\n\t\t\t\t<div class=\"elementor-element elementor-element-428f2e0 elementor-widget elementor-widget-image\" data-id=\"428f2e0\" data-element_type=\"widget\" data-widget_type=\"image.default\">\n\t\t\t\t<div class=\"elementor-widget-container\">\n\t\t\t\t\t\t\t\t\t\t\t\t\t<img decoding=\"async\" width=\"29\" height=\"28\" src=\"https:\/\/asociacionparquecordillera.cl\/wp-content\/uploads\/2023\/01\/map-icon.png\" class=\"attachment-full size-full wp-image-372\" alt=\"\" \/>\t\t\t\t\t\t\t\t\t\t\t\t\t<\/div>\n\t\t\t\t<\/div>\n\t\t\t\t<\/div>\n\t\t<div data-particle_enable=\"false\" data-particle-mobile-disabled=\"false\" class=\"elementor-element elementor-element-b1d3107 e-con-full e-flex elementor-invisible e-con e-child\" data-id=\"b1d3107\" data-element_type=\"container\" data-settings=\"{&quot;animation&quot;:&quot;fadeInLeft&quot;}\">\n\t\t\t\t<div class=\"elementor-element elementor-element-11ffba6 elementor-widget elementor-widget-jet-listing-dynamic-image\" data-id=\"11ffba6\" data-element_type=\"widget\" data-widget_type=\"jet-listing-dynamic-image.default\">\n\t\t\t\t<div class=\"elementor-widget-container\">\n\t\t\t<div class=\"jet-listing jet-listing-dynamic-image\"><img fetchpriority=\"high\" decoding=\"async\" width=\"1027\" height=\"274\" src=\"https:\/\/asociacionparquecordillera.cl\/wp-content\/uploads\/2023\/01\/Recurso-5.png\" class=\"jet-listing-dynamic-image__img attachment-full size-full\" alt=\"Parque Natural Cantalao\" srcset=\"https:\/\/asociacionparquecordillera.cl\/wp-content\/uploads\/2023\/01\/Recurso-5.png 1027w, https:\/\/asociacionparquecordillera.cl\/wp-content\/uploads\/2023\/01\/Recurso-5-300x80.png 300w, https:\/\/asociacionparquecordillera.cl\/wp-content\/uploads\/2023\/01\/Recurso-5-1024x273.png 1024w, https:\/\/asociacionparquecordillera.cl\/wp-content\/uploads\/2023\/01\/Recurso-5-768x205.png 768w, https:\/\/asociacionparquecordillera.cl\/wp-content\/uploads\/2023\/01\/Recurso-5-18x5.png 18w\" sizes=\"(max-width: 1027px) 100vw, 1027px\" loading=\"eager\" \/><\/div>\t\t<\/div>\n\t\t\t\t<\/div>\n\t\t\t\t<\/div>\n\t\t<div data-particle_enable=\"false\" data-particle-mobile-disabled=\"false\" class=\"elementor-element elementor-element-0811a5b e-flex e-con-boxed elementor-invisible e-con e-child\" data-id=\"0811a5b\" data-element_type=\"container\" data-settings=\"{&quot;animation&quot;:&quot;fadeInUp&quot;}\">\n\t\t\t\t\t<div class=\"e-con-inner\">\n\t\t<div data-particle_enable=\"false\" data-particle-mobile-disabled=\"false\" class=\"elementor-element elementor-element-86fdb42 e-con-full e-flex e-con e-child\" data-id=\"86fdb42\" data-element_type=\"container\">\n\t\t\t\t<div class=\"elementor-element elementor-element-7d15ba3 jedv-enabled--yes elementor-invisible elementor-widget elementor-widget-jet-listing-dynamic-field\" data-id=\"7d15ba3\" data-element_type=\"widget\" data-settings=\"{&quot;_animation&quot;:&quot;fadeInLeft&quot;}\" data-widget_type=\"jet-listing-dynamic-field.default\">\n\t\t\t\t<div class=\"elementor-widget-container\">\n\t\t\t<div class=\"jet-listing-dynamic-field__icon is-svg-icon\"><svg class=\"e-font-icon-svg e-far-check-circle\" aria-hidden=\"true\" viewbox=\"0 0 512 512\" xmlns=\"http:\/\/www.w3.org\/2000\/svg\"><path d=\"M256 8C119.033 8 8 119.033 8 256s111.033 248 248 248 248-111.033 248-248S392.967 8 256 8zm0 48c110.532 0 200 89.451 200 200 0 110.532-89.451 200-200 200-110.532 0-200-89.451-200-200 0-110.532 89.451-200 200-200m140.204 130.267l-22.536-22.718c-4.667-4.705-12.265-4.736-16.97-.068L215.346 303.697l-59.792-60.277c-4.667-4.705-12.265-4.736-16.97-.069l-22.719 22.536c-4.705 4.667-4.736 12.265-.068 16.971l90.781 91.516c4.667 4.705 12.265 4.736 16.97.068l172.589-171.204c4.704-4.668 4.734-12.266.067-16.971z\"><\/path><\/svg><\/div><div class=\"jet-listing-dynamic-field__content\">abierto<\/div>\t\t<\/div>\n\t\t\t\t<\/div>\n\t\t\t\t<div class=\"elementor-element elementor-element-733bb7d elementor-align-center elementor-invisible elementor-widget elementor-widget-button\" data-id=\"733bb7d\" data-element_type=\"widget\" data-settings=\"{&quot;_animation&quot;:&quot;fadeInRight&quot;}\" data-widget_type=\"button.default\">\n\t\t\t\t<div class=\"elementor-widget-container\">\n\t\t\t\t\t\t\t<div class=\"elementor-button-wrapper\">\n\t\t\t\t\t<a class=\"elementor-button elementor-button-link elementor-size-sm\" href=\"https:\/\/asociacionparquecordillera.cl\/en\/red-de-parques\/parque-natural-cantalao\/\" id=\"Parque Cantalao\">\n\t\t\t\t\t\t<span class=\"elementor-button-content-wrapper\">\n\t\t\t\t\t\t\t\t\t<span class=\"elementor-button-text\">Ver m\u00e1s<\/span>\n\t\t\t\t\t<\/span>\n\t\t\t\t\t<\/a>\n\t\t\t\t<\/div>\n\t\t\t\t\t\t<\/div>\n\t\t\t\t<\/div>\n\t\t\t\t<\/div>\n\t\t\t\t<div class=\"elementor-element elementor-element-0b172fc elementor-invisible elementor-widget elementor-widget-jet-listing-dynamic-field\" data-id=\"0b172fc\" data-element_type=\"widget\" data-settings=\"{&quot;_animation&quot;:&quot;fadeInLeft&quot;}\" data-widget_type=\"jet-listing-dynamic-field.default\">\n\t\t\t\t<div class=\"elementor-widget-container\">\n\t\t\t<div class=\"jet-listing-dynamic-field__icon is-svg-icon\"><svg class=\"e-font-icon-svg e-fas-mountain\" aria-hidden=\"true\" viewbox=\"0 0 640 512\" xmlns=\"http:\/\/www.w3.org\/2000\/svg\"><path d=\"M634.92 462.7l-288-448C341.03 5.54 330.89 0 320 0s-21.03 5.54-26.92 14.7l-288 448a32.001 32.001 0 0 0-1.17 32.64A32.004 32.004 0 0 0 32 512h576c11.71 0 22.48-6.39 28.09-16.67a31.983 31.983 0 0 0-1.17-32.63zM320 91.18L405.39 224H320l-64 64-38.06-38.06L320 91.18z\"><\/path><\/svg><\/div><span class=\"jet-listing-dynamic-field__content\"><strong>Actividades: <\/strong>Trekking > Canopy > Mirador > Picnic<\/span>\t\t<\/div>\n\t\t\t\t<\/div>\n\t\t\t\t\t<\/div>\n\t\t\t\t<\/div>\n\t\t\t\t<\/div>\n\t\t\t\t<\/div>\n\t\t<\/div><div class=\"jet-listing-grid__item jet-listing-dynamic-post-1080\" data-post-id=\"1080\" ><style type=\"text\/css\">.jet-listing-dynamic-post-1080 .elementor-element.elementor-element-70e8232:not(.elementor-motion-effects-element-type-background), .jet-listing-dynamic-post-1080 .elementor-element.elementor-element-70e8232 > .elementor-motion-effects-container > .elementor-motion-effects-layer{background-image:url(\"https:\/\/asociacionparquecordillera.cl\/wp-content\/uploads\/2023\/01\/11820769463_0b3ef9b490_o.jpg\");}<\/style>\t\t<div data-elementor-type=\"jet-listing-items\" data-elementor-id=\"1482\" class=\"elementor elementor-1482\" data-elementor-post-type=\"jet-engine\">\n\t\t\t\t<div data-particle_enable=\"false\" data-particle-mobile-disabled=\"false\" class=\"elementor-element elementor-element-70e8232 e-con-full e-flex e-con e-parent\" data-id=\"70e8232\" data-element_type=\"container\" data-settings=\"{&quot;background_background&quot;:&quot;classic&quot;,&quot;animation&quot;:&quot;none&quot;}\">\n\t\t<div data-particle_enable=\"false\" data-particle-mobile-disabled=\"false\" class=\"elementor-element elementor-element-9241144 e-con-full e-flex elementor-invisible e-con e-child\" data-id=\"9241144\" data-element_type=\"container\" data-settings=\"{&quot;animation&quot;:&quot;fadeInDown&quot;}\">\n\t\t\t\t<div class=\"elementor-element elementor-element-428f2e0 elementor-widget elementor-widget-image\" data-id=\"428f2e0\" data-element_type=\"widget\" data-widget_type=\"image.default\">\n\t\t\t\t<div class=\"elementor-widget-container\">\n\t\t\t\t\t\t\t\t\t\t\t\t\t<img decoding=\"async\" width=\"29\" height=\"28\" src=\"https:\/\/asociacionparquecordillera.cl\/wp-content\/uploads\/2023\/01\/map-icon.png\" class=\"attachment-full size-full wp-image-372\" alt=\"\" \/>\t\t\t\t\t\t\t\t\t\t\t\t\t<\/div>\n\t\t\t\t<\/div>\n\t\t\t\t<\/div>\n\t\t<div data-particle_enable=\"false\" data-particle-mobile-disabled=\"false\" class=\"elementor-element elementor-element-b1d3107 e-con-full e-flex elementor-invisible e-con e-child\" data-id=\"b1d3107\" data-element_type=\"container\" data-settings=\"{&quot;animation&quot;:&quot;fadeInLeft&quot;}\">\n\t\t\t\t<div class=\"elementor-element elementor-element-11ffba6 elementor-widget elementor-widget-jet-listing-dynamic-image\" data-id=\"11ffba6\" data-element_type=\"widget\" data-widget_type=\"jet-listing-dynamic-image.default\">\n\t\t\t\t<div class=\"elementor-widget-container\">\n\t\t\t<div class=\"jet-listing jet-listing-dynamic-image\"><img decoding=\"async\" width=\"1026\" height=\"274\" src=\"https:\/\/asociacionparquecordillera.cl\/wp-content\/uploads\/2023\/01\/Recurso-9.png\" class=\"jet-listing-dynamic-image__img attachment-full size-full\" alt=\"Parque Natural La Plaza Sur\" srcset=\"https:\/\/asociacionparquecordillera.cl\/wp-content\/uploads\/2023\/01\/Recurso-9.png 1026w, https:\/\/asociacionparquecordillera.cl\/wp-content\/uploads\/2023\/01\/Recurso-9-300x80.png 300w, https:\/\/asociacionparquecordillera.cl\/wp-content\/uploads\/2023\/01\/Recurso-9-1024x273.png 1024w, https:\/\/asociacionparquecordillera.cl\/wp-content\/uploads\/2023\/01\/Recurso-9-768x205.png 768w, https:\/\/asociacionparquecordillera.cl\/wp-content\/uploads\/2023\/01\/Recurso-9-18x5.png 18w\" sizes=\"(max-width: 1026px) 100vw, 1026px\" loading=\"eager\" \/><\/div>\t\t<\/div>\n\t\t\t\t<\/div>\n\t\t\t\t<\/div>\n\t\t<div data-particle_enable=\"false\" data-particle-mobile-disabled=\"false\" class=\"elementor-element elementor-element-0811a5b e-flex e-con-boxed elementor-invisible e-con e-child\" data-id=\"0811a5b\" data-element_type=\"container\" data-settings=\"{&quot;animation&quot;:&quot;fadeInUp&quot;}\">\n\t\t\t\t\t<div class=\"e-con-inner\">\n\t\t<div data-particle_enable=\"false\" data-particle-mobile-disabled=\"false\" class=\"elementor-element elementor-element-86fdb42 e-con-full e-flex e-con e-child\" data-id=\"86fdb42\" data-element_type=\"container\">\n\t\t\t\t<div class=\"elementor-element elementor-element-7d15ba3 jedv-enabled--yes elementor-invisible elementor-widget elementor-widget-jet-listing-dynamic-field\" data-id=\"7d15ba3\" data-element_type=\"widget\" data-settings=\"{&quot;_animation&quot;:&quot;fadeInLeft&quot;}\" data-widget_type=\"jet-listing-dynamic-field.default\">\n\t\t\t\t<div class=\"elementor-widget-container\">\n\t\t\t<div class=\"jet-listing-dynamic-field__icon is-svg-icon\"><svg class=\"e-font-icon-svg e-far-check-circle\" aria-hidden=\"true\" viewbox=\"0 0 512 512\" xmlns=\"http:\/\/www.w3.org\/2000\/svg\"><path d=\"M256 8C119.033 8 8 119.033 8 256s111.033 248 248 248 248-111.033 248-248S392.967 8 256 8zm0 48c110.532 0 200 89.451 200 200 0 110.532-89.451 200-200 200-110.532 0-200-89.451-200-200 0-110.532 89.451-200 200-200m140.204 130.267l-22.536-22.718c-4.667-4.705-12.265-4.736-16.97-.068L215.346 303.697l-59.792-60.277c-4.667-4.705-12.265-4.736-16.97-.069l-22.719 22.536c-4.705 4.667-4.736 12.265-.068 16.971l90.781 91.516c4.667 4.705 12.265 4.736 16.97.068l172.589-171.204c4.704-4.668 4.734-12.266.067-16.971z\"><\/path><\/svg><\/div><div class=\"jet-listing-dynamic-field__content\">abierto<\/div>\t\t<\/div>\n\t\t\t\t<\/div>\n\t\t\t\t<div class=\"elementor-element elementor-element-733bb7d elementor-align-center elementor-invisible elementor-widget elementor-widget-button\" data-id=\"733bb7d\" data-element_type=\"widget\" data-settings=\"{&quot;_animation&quot;:&quot;fadeInRight&quot;}\" data-widget_type=\"button.default\">\n\t\t\t\t<div class=\"elementor-widget-container\">\n\t\t\t\t\t\t\t<div class=\"elementor-button-wrapper\">\n\t\t\t\t\t<a class=\"elementor-button elementor-button-link elementor-size-sm\" href=\"https:\/\/asociacionparquecordillera.cl\/en\/red-de-parques\/parque-natural-la-plaza-sur\/\" id=\"Parque La Plaza\">\n\t\t\t\t\t\t<span class=\"elementor-button-content-wrapper\">\n\t\t\t\t\t\t\t\t\t<span class=\"elementor-button-text\">Ver m\u00e1s<\/span>\n\t\t\t\t\t<\/span>\n\t\t\t\t\t<\/a>\n\t\t\t\t<\/div>\n\t\t\t\t\t\t<\/div>\n\t\t\t\t<\/div>\n\t\t\t\t<\/div>\n\t\t\t\t<div class=\"elementor-element elementor-element-0b172fc elementor-invisible elementor-widget elementor-widget-jet-listing-dynamic-field\" data-id=\"0b172fc\" data-element_type=\"widget\" data-settings=\"{&quot;_animation&quot;:&quot;fadeInLeft&quot;}\" data-widget_type=\"jet-listing-dynamic-field.default\">\n\t\t\t\t<div class=\"elementor-widget-container\">\n\t\t\t<div class=\"jet-listing-dynamic-field__icon is-svg-icon\"><svg class=\"e-font-icon-svg e-fas-mountain\" aria-hidden=\"true\" viewbox=\"0 0 640 512\" xmlns=\"http:\/\/www.w3.org\/2000\/svg\"><path d=\"M634.92 462.7l-288-448C341.03 5.54 330.89 0 320 0s-21.03 5.54-26.92 14.7l-288 448a32.001 32.001 0 0 0-1.17 32.64A32.004 32.004 0 0 0 32 512h576c11.71 0 22.48-6.39 28.09-16.67a31.983 31.983 0 0 0-1.17-32.63zM320 91.18L405.39 224H320l-64 64-38.06-38.06L320 91.18z\"><\/path><\/svg><\/div><span class=\"jet-listing-dynamic-field__content\"><strong>Actividades: <\/strong>Trekking > Mirador > Picnic > Bicicleta > Camping<\/span>\t\t<\/div>\n\t\t\t\t<\/div>\n\t\t\t\t\t<\/div>\n\t\t\t\t<\/div>\n\t\t\t\t<\/div>\n\t\t\t\t<\/div>\n\t\t<\/div><div class=\"jet-listing-grid__item jet-listing-dynamic-post-1086\" data-post-id=\"1086\" ><style type=\"text\/css\">.jet-listing-dynamic-post-1086 .elementor-element.elementor-element-70e8232:not(.elementor-motion-effects-element-type-background), .jet-listing-dynamic-post-1086 .elementor-element.elementor-element-70e8232 > .elementor-motion-effects-container > .elementor-motion-effects-layer{background-image:url(\"https:\/\/asociacionparquecordillera.cl\/wp-content\/uploads\/2023\/03\/49000356743_8b8a9070fd_o.webp\");}<\/style>\t\t<div data-elementor-type=\"jet-listing-items\" data-elementor-id=\"1482\" class=\"elementor elementor-1482\" data-elementor-post-type=\"jet-engine\">\n\t\t\t\t<div data-particle_enable=\"false\" data-particle-mobile-disabled=\"false\" class=\"elementor-element elementor-element-70e8232 e-con-full e-flex e-con e-parent\" data-id=\"70e8232\" data-element_type=\"container\" data-settings=\"{&quot;background_background&quot;:&quot;classic&quot;,&quot;animation&quot;:&quot;none&quot;}\">\n\t\t<div data-particle_enable=\"false\" data-particle-mobile-disabled=\"false\" class=\"elementor-element elementor-element-9241144 e-con-full e-flex elementor-invisible e-con e-child\" data-id=\"9241144\" data-element_type=\"container\" data-settings=\"{&quot;animation&quot;:&quot;fadeInDown&quot;}\">\n\t\t\t\t<div class=\"elementor-element elementor-element-428f2e0 elementor-widget elementor-widget-image\" data-id=\"428f2e0\" data-element_type=\"widget\" data-widget_type=\"image.default\">\n\t\t\t\t<div class=\"elementor-widget-container\">\n\t\t\t\t\t\t\t\t\t\t\t\t\t<img decoding=\"async\" width=\"29\" height=\"28\" src=\"https:\/\/asociacionparquecordillera.cl\/wp-content\/uploads\/2023\/01\/map-icon.png\" class=\"attachment-full size-full wp-image-372\" alt=\"\" \/>\t\t\t\t\t\t\t\t\t\t\t\t\t<\/div>\n\t\t\t\t<\/div>\n\t\t\t\t<\/div>\n\t\t<div data-particle_enable=\"false\" data-particle-mobile-disabled=\"false\" class=\"elementor-element elementor-element-b1d3107 e-con-full e-flex elementor-invisible e-con e-child\" data-id=\"b1d3107\" data-element_type=\"container\" data-settings=\"{&quot;animation&quot;:&quot;fadeInLeft&quot;}\">\n\t\t\t\t<div class=\"elementor-element elementor-element-11ffba6 elementor-widget elementor-widget-jet-listing-dynamic-image\" data-id=\"11ffba6\" data-element_type=\"widget\" data-widget_type=\"jet-listing-dynamic-image.default\">\n\t\t\t\t<div class=\"elementor-widget-container\">\n\t\t\t<div class=\"jet-listing jet-listing-dynamic-image\"><img decoding=\"async\" width=\"1027\" height=\"274\" src=\"https:\/\/asociacionparquecordillera.cl\/wp-content\/uploads\/2023\/03\/Recurso-4-1.png\" class=\"jet-listing-dynamic-image__img attachment-full size-full\" alt=\"Parque Natural Aguas de Ram\u00f3n\" srcset=\"https:\/\/asociacionparquecordillera.cl\/wp-content\/uploads\/2023\/03\/Recurso-4-1.png 1027w, https:\/\/asociacionparquecordillera.cl\/wp-content\/uploads\/2023\/03\/Recurso-4-1-300x80.png 300w, https:\/\/asociacionparquecordillera.cl\/wp-content\/uploads\/2023\/03\/Recurso-4-1-1024x273.png 1024w, https:\/\/asociacionparquecordillera.cl\/wp-content\/uploads\/2023\/03\/Recurso-4-1-768x205.png 768w, https:\/\/asociacionparquecordillera.cl\/wp-content\/uploads\/2023\/03\/Recurso-4-1-18x5.png 18w\" sizes=\"(max-width: 1027px) 100vw, 1027px\" loading=\"eager\" \/><\/div>\t\t<\/div>\n\t\t\t\t<\/div>\n\t\t\t\t<\/div>\n\t\t<div data-particle_enable=\"false\" data-particle-mobile-disabled=\"false\" class=\"elementor-element elementor-element-0811a5b e-flex e-con-boxed elementor-invisible e-con e-child\" data-id=\"0811a5b\" data-element_type=\"container\" data-settings=\"{&quot;animation&quot;:&quot;fadeInUp&quot;}\">\n\t\t\t\t\t<div class=\"e-con-inner\">\n\t\t<div data-particle_enable=\"false\" data-particle-mobile-disabled=\"false\" class=\"elementor-element elementor-element-86fdb42 e-con-full e-flex e-con e-child\" data-id=\"86fdb42\" data-element_type=\"container\">\n\t\t\t\t<div class=\"elementor-element elementor-element-7d15ba3 jedv-enabled--yes elementor-invisible elementor-widget elementor-widget-jet-listing-dynamic-field\" data-id=\"7d15ba3\" data-element_type=\"widget\" data-settings=\"{&quot;_animation&quot;:&quot;fadeInLeft&quot;}\" data-widget_type=\"jet-listing-dynamic-field.default\">\n\t\t\t\t<div class=\"elementor-widget-container\">\n\t\t\t<div class=\"jet-listing-dynamic-field__icon is-svg-icon\"><svg class=\"e-font-icon-svg e-far-check-circle\" aria-hidden=\"true\" viewbox=\"0 0 512 512\" xmlns=\"http:\/\/www.w3.org\/2000\/svg\"><path d=\"M256 8C119.033 8 8 119.033 8 256s111.033 248 248 248 248-111.033 248-248S392.967 8 256 8zm0 48c110.532 0 200 89.451 200 200 0 110.532-89.451 200-200 200-110.532 0-200-89.451-200-200 0-110.532 89.451-200 200-200m140.204 130.267l-22.536-22.718c-4.667-4.705-12.265-4.736-16.97-.068L215.346 303.697l-59.792-60.277c-4.667-4.705-12.265-4.736-16.97-.069l-22.719 22.536c-4.705 4.667-4.736 12.265-.068 16.971l90.781 91.516c4.667 4.705 12.265 4.736 16.97.068l172.589-171.204c4.704-4.668 4.734-12.266.067-16.971z\"><\/path><\/svg><\/div><div class=\"jet-listing-dynamic-field__content\">abierto<\/div>\t\t<\/div>\n\t\t\t\t<\/div>\n\t\t\t\t<div class=\"elementor-element elementor-element-733bb7d elementor-align-center elementor-invisible elementor-widget elementor-widget-button\" data-id=\"733bb7d\" data-element_type=\"widget\" data-settings=\"{&quot;_animation&quot;:&quot;fadeInRight&quot;}\" data-widget_type=\"button.default\">\n\t\t\t\t<div class=\"elementor-widget-container\">\n\t\t\t\t\t\t\t<div class=\"elementor-button-wrapper\">\n\t\t\t\t\t<a class=\"elementor-button elementor-button-link elementor-size-sm\" href=\"https:\/\/asociacionparquecordillera.cl\/en\/red-de-parques\/parque-natural-aguas-de-ramon\/\" id=\"Parque Aguas de Ram\u00f3n\">\n\t\t\t\t\t\t<span class=\"elementor-button-content-wrapper\">\n\t\t\t\t\t\t\t\t\t<span class=\"elementor-button-text\">Ver m\u00e1s<\/span>\n\t\t\t\t\t<\/span>\n\t\t\t\t\t<\/a>\n\t\t\t\t<\/div>\n\t\t\t\t\t\t<\/div>\n\t\t\t\t<\/div>\n\t\t\t\t<\/div>\n\t\t\t\t<div class=\"elementor-element elementor-element-0b172fc elementor-invisible elementor-widget elementor-widget-jet-listing-dynamic-field\" data-id=\"0b172fc\" data-element_type=\"widget\" data-settings=\"{&quot;_animation&quot;:&quot;fadeInLeft&quot;}\" data-widget_type=\"jet-listing-dynamic-field.default\">\n\t\t\t\t<div class=\"elementor-widget-container\">\n\t\t\t<div class=\"jet-listing-dynamic-field__icon is-svg-icon\"><svg class=\"e-font-icon-svg e-fas-mountain\" aria-hidden=\"true\" viewbox=\"0 0 640 512\" xmlns=\"http:\/\/www.w3.org\/2000\/svg\"><path d=\"M634.92 462.7l-288-448C341.03 5.54 330.89 0 320 0s-21.03 5.54-26.92 14.7l-288 448a32.001 32.001 0 0 0-1.17 32.64A32.004 32.004 0 0 0 32 512h576c11.71 0 22.48-6.39 28.09-16.67a31.983 31.983 0 0 0-1.17-32.63zM320 91.18L405.39 224H320l-64 64-38.06-38.06L320 91.18z\"><\/path><\/svg><\/div><span class=\"jet-listing-dynamic-field__content\"><strong>Actividades: <\/strong>Trekking > Cascadas > Canopy > Cafeter\u00eda > Mirador<\/span>\t\t<\/div>\n\t\t\t\t<\/div>\n\t\t\t\t\t<\/div>\n\t\t\t\t<\/div>\n\t\t\t\t<\/div>\n\t\t\t\t<\/div>\n\t\t<\/div><div class=\"jet-listing-grid__item jet-listing-dynamic-post-1466\" data-post-id=\"1466\" ><style type=\"text\/css\">.jet-listing-dynamic-post-1466 .elementor-element.elementor-element-70e8232:not(.elementor-motion-effects-element-type-background), .jet-listing-dynamic-post-1466 .elementor-element.elementor-element-70e8232 > .elementor-motion-effects-container > .elementor-motion-effects-layer{background-image:url(\"https:\/\/asociacionparquecordillera.cl\/wp-content\/uploads\/2023\/02\/imagen_2025-06-30_143214056-2-1.png\");}<\/style>\t\t<div data-elementor-type=\"jet-listing-items\" data-elementor-id=\"1482\" class=\"elementor elementor-1482\" data-elementor-post-type=\"jet-engine\">\n\t\t\t\t<div data-particle_enable=\"false\" data-particle-mobile-disabled=\"false\" class=\"elementor-element elementor-element-70e8232 e-con-full e-flex e-con e-parent\" data-id=\"70e8232\" data-element_type=\"container\" data-settings=\"{&quot;background_background&quot;:&quot;classic&quot;,&quot;animation&quot;:&quot;none&quot;}\">\n\t\t<div data-particle_enable=\"false\" data-particle-mobile-disabled=\"false\" class=\"elementor-element elementor-element-9241144 e-con-full e-flex elementor-invisible e-con e-child\" data-id=\"9241144\" data-element_type=\"container\" data-settings=\"{&quot;animation&quot;:&quot;fadeInDown&quot;}\">\n\t\t\t\t<div class=\"elementor-element elementor-element-428f2e0 elementor-widget elementor-widget-image\" data-id=\"428f2e0\" data-element_type=\"widget\" data-widget_type=\"image.default\">\n\t\t\t\t<div class=\"elementor-widget-container\">\n\t\t\t\t\t\t\t\t\t\t\t\t\t<img decoding=\"async\" width=\"29\" height=\"28\" src=\"https:\/\/asociacionparquecordillera.cl\/wp-content\/uploads\/2023\/01\/map-icon.png\" class=\"attachment-full size-full wp-image-372\" alt=\"\" \/>\t\t\t\t\t\t\t\t\t\t\t\t\t<\/div>\n\t\t\t\t<\/div>\n\t\t\t\t<\/div>\n\t\t<div data-particle_enable=\"false\" data-particle-mobile-disabled=\"false\" class=\"elementor-element elementor-element-b1d3107 e-con-full e-flex elementor-invisible e-con e-child\" data-id=\"b1d3107\" data-element_type=\"container\" data-settings=\"{&quot;animation&quot;:&quot;fadeInLeft&quot;}\">\n\t\t\t\t<div class=\"elementor-element elementor-element-11ffba6 elementor-widget elementor-widget-jet-listing-dynamic-image\" data-id=\"11ffba6\" data-element_type=\"widget\" data-widget_type=\"jet-listing-dynamic-image.default\">\n\t\t\t\t<div class=\"elementor-widget-container\">\n\t\t\t<div class=\"jet-listing jet-listing-dynamic-image\"><img decoding=\"async\" width=\"1026\" height=\"274\" src=\"https:\/\/asociacionparquecordillera.cl\/wp-content\/uploads\/2023\/02\/Recurso-7.png\" class=\"jet-listing-dynamic-image__img attachment-full size-full\" alt=\"Parque Natural Sebasti\u00e1n Pi\u00f1era Echenique\" srcset=\"https:\/\/asociacionparquecordillera.cl\/wp-content\/uploads\/2023\/02\/Recurso-7.png 1026w, https:\/\/asociacionparquecordillera.cl\/wp-content\/uploads\/2023\/02\/Recurso-7-300x80.png 300w, https:\/\/asociacionparquecordillera.cl\/wp-content\/uploads\/2023\/02\/Recurso-7-1024x273.png 1024w, https:\/\/asociacionparquecordillera.cl\/wp-content\/uploads\/2023\/02\/Recurso-7-768x205.png 768w, https:\/\/asociacionparquecordillera.cl\/wp-content\/uploads\/2023\/02\/Recurso-7-18x5.png 18w\" sizes=\"(max-width: 1026px) 100vw, 1026px\" loading=\"eager\" \/><\/div>\t\t<\/div>\n\t\t\t\t<\/div>\n\t\t\t\t<\/div>\n\t\t<div data-particle_enable=\"false\" data-particle-mobile-disabled=\"false\" class=\"elementor-element elementor-element-0811a5b e-flex e-con-boxed elementor-invisible e-con e-child\" data-id=\"0811a5b\" data-element_type=\"container\" data-settings=\"{&quot;animation&quot;:&quot;fadeInUp&quot;}\">\n\t\t\t\t\t<div class=\"e-con-inner\">\n\t\t<div data-particle_enable=\"false\" data-particle-mobile-disabled=\"false\" class=\"elementor-element elementor-element-86fdb42 e-con-full e-flex e-con e-child\" data-id=\"86fdb42\" data-element_type=\"container\">\n\t\t\t\t<div class=\"elementor-element elementor-element-7d15ba3 jedv-enabled--yes elementor-invisible elementor-widget elementor-widget-jet-listing-dynamic-field\" data-id=\"7d15ba3\" data-element_type=\"widget\" data-settings=\"{&quot;_animation&quot;:&quot;fadeInLeft&quot;}\" data-widget_type=\"jet-listing-dynamic-field.default\">\n\t\t\t\t<div class=\"elementor-widget-container\">\n\t\t\t<div class=\"jet-listing-dynamic-field__icon is-svg-icon\"><svg class=\"e-font-icon-svg e-far-check-circle\" aria-hidden=\"true\" viewbox=\"0 0 512 512\" xmlns=\"http:\/\/www.w3.org\/2000\/svg\"><path d=\"M256 8C119.033 8 8 119.033 8 256s111.033 248 248 248 248-111.033 248-248S392.967 8 256 8zm0 48c110.532 0 200 89.451 200 200 0 110.532-89.451 200-200 200-110.532 0-200-89.451-200-200 0-110.532 89.451-200 200-200m140.204 130.267l-22.536-22.718c-4.667-4.705-12.265-4.736-16.97-.068L215.346 303.697l-59.792-60.277c-4.667-4.705-12.265-4.736-16.97-.069l-22.719 22.536c-4.705 4.667-4.736 12.265-.068 16.971l90.781 91.516c4.667 4.705 12.265 4.736 16.97.068l172.589-171.204c4.704-4.668 4.734-12.266.067-16.971z\"><\/path><\/svg><\/div><div class=\"jet-listing-dynamic-field__content\">abierto<\/div>\t\t<\/div>\n\t\t\t\t<\/div>\n\t\t\t\t<div class=\"elementor-element elementor-element-733bb7d elementor-align-center elementor-invisible elementor-widget elementor-widget-button\" data-id=\"733bb7d\" data-element_type=\"widget\" data-settings=\"{&quot;_animation&quot;:&quot;fadeInRight&quot;}\" data-widget_type=\"button.default\">\n\t\t\t\t<div class=\"elementor-widget-container\">\n\t\t\t\t\t\t\t<div class=\"elementor-button-wrapper\">\n\t\t\t\t\t<a class=\"elementor-button elementor-button-link elementor-size-sm\" href=\"https:\/\/asociacionparquecordillera.cl\/en\/red-de-parques\/parque-natural-cerro-del-medio\/\" id=\"Parque Sebasti\u00e1n Pi\u00f1era Echenique\">\n\t\t\t\t\t\t<span class=\"elementor-button-content-wrapper\">\n\t\t\t\t\t\t\t\t\t<span class=\"elementor-button-text\">Ver m\u00e1s<\/span>\n\t\t\t\t\t<\/span>\n\t\t\t\t\t<\/a>\n\t\t\t\t<\/div>\n\t\t\t\t\t\t<\/div>\n\t\t\t\t<\/div>\n\t\t\t\t<\/div>\n\t\t\t\t<div class=\"elementor-element elementor-element-0b172fc elementor-invisible elementor-widget elementor-widget-jet-listing-dynamic-field\" data-id=\"0b172fc\" data-element_type=\"widget\" data-settings=\"{&quot;_animation&quot;:&quot;fadeInLeft&quot;}\" data-widget_type=\"jet-listing-dynamic-field.default\">\n\t\t\t\t<div class=\"elementor-widget-container\">\n\t\t\t<div class=\"jet-listing-dynamic-field__icon is-svg-icon\"><svg class=\"e-font-icon-svg e-fas-mountain\" aria-hidden=\"true\" viewbox=\"0 0 640 512\" xmlns=\"http:\/\/www.w3.org\/2000\/svg\"><path d=\"M634.92 462.7l-288-448C341.03 5.54 330.89 0 320 0s-21.03 5.54-26.92 14.7l-288 448a32.001 32.001 0 0 0-1.17 32.64A32.004 32.004 0 0 0 32 512h576c11.71 0 22.48-6.39 28.09-16.67a31.983 31.983 0 0 0-1.17-32.63zM320 91.18L405.39 224H320l-64 64-38.06-38.06L320 91.18z\"><\/path><\/svg><\/div><span class=\"jet-listing-dynamic-field__content\"><strong>Actividades: <\/strong>Trekking > Mirador > Picnic > Mascotas<\/span>\t\t<\/div>\n\t\t\t\t<\/div>\n\t\t\t\t\t<\/div>\n\t\t\t\t<\/div>\n\t\t\t\t<\/div>\n\t\t\t\t<\/div>\n\t\t<\/div><div class=\"jet-listing-grid__item jet-listing-dynamic-post-1751\" data-post-id=\"1751\" ><style type=\"text\/css\">.jet-listing-dynamic-post-1751 .elementor-element.elementor-element-70e8232:not(.elementor-motion-effects-element-type-background), .jet-listing-dynamic-post-1751 .elementor-element.elementor-element-70e8232 > .elementor-motion-effects-container > .elementor-motion-effects-layer{background-image:url(\"https:\/\/asociacionparquecordillera.cl\/wp-content\/uploads\/2023\/01\/imagen_2025-07-23_150724212-1.png\");}<\/style>\t\t<div data-elementor-type=\"jet-listing-items\" data-elementor-id=\"1482\" class=\"elementor elementor-1482\" data-elementor-post-type=\"jet-engine\">\n\t\t\t\t<div data-particle_enable=\"false\" data-particle-mobile-disabled=\"false\" class=\"elementor-element elementor-element-70e8232 e-con-full e-flex e-con e-parent\" data-id=\"70e8232\" data-element_type=\"container\" data-settings=\"{&quot;background_background&quot;:&quot;classic&quot;,&quot;animation&quot;:&quot;none&quot;}\">\n\t\t<div data-particle_enable=\"false\" data-particle-mobile-disabled=\"false\" class=\"elementor-element elementor-element-9241144 e-con-full e-flex elementor-invisible e-con e-child\" data-id=\"9241144\" data-element_type=\"container\" data-settings=\"{&quot;animation&quot;:&quot;fadeInDown&quot;}\">\n\t\t\t\t<div class=\"elementor-element elementor-element-428f2e0 elementor-widget elementor-widget-image\" data-id=\"428f2e0\" data-element_type=\"widget\" data-widget_type=\"image.default\">\n\t\t\t\t<div class=\"elementor-widget-container\">\n\t\t\t\t\t\t\t\t\t\t\t\t\t<img decoding=\"async\" width=\"29\" height=\"28\" src=\"https:\/\/asociacionparquecordillera.cl\/wp-content\/uploads\/2023\/01\/map-icon.png\" class=\"attachment-full size-full wp-image-372\" alt=\"\" \/>\t\t\t\t\t\t\t\t\t\t\t\t\t<\/div>\n\t\t\t\t<\/div>\n\t\t\t\t<\/div>\n\t\t<div data-particle_enable=\"false\" data-particle-mobile-disabled=\"false\" class=\"elementor-element elementor-element-b1d3107 e-con-full e-flex elementor-invisible e-con e-child\" data-id=\"b1d3107\" data-element_type=\"container\" data-settings=\"{&quot;animation&quot;:&quot;fadeInLeft&quot;}\">\n\t\t\t\t<div class=\"elementor-element elementor-element-11ffba6 elementor-widget elementor-widget-jet-listing-dynamic-image\" data-id=\"11ffba6\" data-element_type=\"widget\" data-widget_type=\"jet-listing-dynamic-image.default\">\n\t\t\t\t<div class=\"elementor-widget-container\">\n\t\t\t<div class=\"jet-listing jet-listing-dynamic-image\"><img decoding=\"async\" width=\"1027\" height=\"274\" src=\"https:\/\/asociacionparquecordillera.cl\/wp-content\/uploads\/2023\/01\/Recurso-6.png\" class=\"jet-listing-dynamic-image__img attachment-full size-full\" alt=\"Parque Natural Bulnes Correa\" srcset=\"https:\/\/asociacionparquecordillera.cl\/wp-content\/uploads\/2023\/01\/Recurso-6.png 1027w, https:\/\/asociacionparquecordillera.cl\/wp-content\/uploads\/2023\/01\/Recurso-6-300x80.png 300w, https:\/\/asociacionparquecordillera.cl\/wp-content\/uploads\/2023\/01\/Recurso-6-1024x273.png 1024w, https:\/\/asociacionparquecordillera.cl\/wp-content\/uploads\/2023\/01\/Recurso-6-768x205.png 768w, https:\/\/asociacionparquecordillera.cl\/wp-content\/uploads\/2023\/01\/Recurso-6-18x5.png 18w\" sizes=\"(max-width: 1027px) 100vw, 1027px\" loading=\"eager\" \/><\/div>\t\t<\/div>\n\t\t\t\t<\/div>\n\t\t\t\t<\/div>\n\t\t<div data-particle_enable=\"false\" data-particle-mobile-disabled=\"false\" class=\"elementor-element elementor-element-0811a5b e-flex e-con-boxed elementor-invisible e-con e-child\" data-id=\"0811a5b\" data-element_type=\"container\" data-settings=\"{&quot;animation&quot;:&quot;fadeInUp&quot;}\">\n\t\t\t\t\t<div class=\"e-con-inner\">\n\t\t<div data-particle_enable=\"false\" data-particle-mobile-disabled=\"false\" class=\"elementor-element elementor-element-86fdb42 e-con-full e-flex e-con e-child\" data-id=\"86fdb42\" data-element_type=\"container\">\n\t\t\t\t<div class=\"elementor-element elementor-element-7d15ba3 jedv-enabled--yes elementor-invisible elementor-widget elementor-widget-jet-listing-dynamic-field\" data-id=\"7d15ba3\" data-element_type=\"widget\" data-settings=\"{&quot;_animation&quot;:&quot;fadeInLeft&quot;}\" data-widget_type=\"jet-listing-dynamic-field.default\">\n\t\t\t\t<div class=\"elementor-widget-container\">\n\t\t\t<div class=\"jet-listing-dynamic-field__icon is-svg-icon\"><svg class=\"e-font-icon-svg e-far-check-circle\" aria-hidden=\"true\" viewbox=\"0 0 512 512\" xmlns=\"http:\/\/www.w3.org\/2000\/svg\"><path d=\"M256 8C119.033 8 8 119.033 8 256s111.033 248 248 248 248-111.033 248-248S392.967 8 256 8zm0 48c110.532 0 200 89.451 200 200 0 110.532-89.451 200-200 200-110.532 0-200-89.451-200-200 0-110.532 89.451-200 200-200m140.204 130.267l-22.536-22.718c-4.667-4.705-12.265-4.736-16.97-.068L215.346 303.697l-59.792-60.277c-4.667-4.705-12.265-4.736-16.97-.069l-22.719 22.536c-4.705 4.667-4.736 12.265-.068 16.971l90.781 91.516c4.667 4.705 12.265 4.736 16.97.068l172.589-171.204c4.704-4.668 4.734-12.266.067-16.971z\"><\/path><\/svg><\/div><div class=\"jet-listing-dynamic-field__content\">abierto<\/div>\t\t<\/div>\n\t\t\t\t<\/div>\n\t\t\t\t<div class=\"elementor-element elementor-element-733bb7d elementor-align-center elementor-invisible elementor-widget elementor-widget-button\" data-id=\"733bb7d\" data-element_type=\"widget\" data-settings=\"{&quot;_animation&quot;:&quot;fadeInRight&quot;}\" data-widget_type=\"button.default\">\n\t\t\t\t<div class=\"elementor-widget-container\">\n\t\t\t\t\t\t\t<div class=\"elementor-button-wrapper\">\n\t\t\t\t\t<a class=\"elementor-button elementor-button-link elementor-size-sm\" href=\"https:\/\/asociacionparquecordillera.cl\/en\/red-de-parques\/parque-natural-bulnes-correa\/\" id=\"Parque Bulnes Correa\">\n\t\t\t\t\t\t<span class=\"elementor-button-content-wrapper\">\n\t\t\t\t\t\t\t\t\t<span class=\"elementor-button-text\">Ver m\u00e1s<\/span>\n\t\t\t\t\t<\/span>\n\t\t\t\t\t<\/a>\n\t\t\t\t<\/div>\n\t\t\t\t\t\t<\/div>\n\t\t\t\t<\/div>\n\t\t\t\t<\/div>\n\t\t\t\t<div class=\"elementor-element elementor-element-0b172fc elementor-invisible elementor-widget elementor-widget-jet-listing-dynamic-field\" data-id=\"0b172fc\" data-element_type=\"widget\" data-settings=\"{&quot;_animation&quot;:&quot;fadeInLeft&quot;}\" data-widget_type=\"jet-listing-dynamic-field.default\">\n\t\t\t\t<div class=\"elementor-widget-container\">\n\t\t\t<div class=\"jet-listing-dynamic-field__icon is-svg-icon\"><svg class=\"e-font-icon-svg e-fas-mountain\" aria-hidden=\"true\" viewbox=\"0 0 640 512\" xmlns=\"http:\/\/www.w3.org\/2000\/svg\"><path d=\"M634.92 462.7l-288-448C341.03 5.54 330.89 0 320 0s-21.03 5.54-26.92 14.7l-288 448a32.001 32.001 0 0 0-1.17 32.64A32.004 32.004 0 0 0 32 512h576c11.71 0 22.48-6.39 28.09-16.67a31.983 31.983 0 0 0-1.17-32.63zM320 91.18L405.39 224H320l-64 64-38.06-38.06L320 91.18z\"><\/path><\/svg><\/div><span class=\"jet-listing-dynamic-field__content\"><strong>Actividades: <\/strong>Trekking > Cascadas > Mirador > Cerro<\/span>\t\t<\/div>\n\t\t\t\t<\/div>\n\t\t\t\t\t<\/div>\n\t\t\t\t<\/div>\n\t\t\t\t<\/div>\n\t\t\t\t<\/div>\n\t\t<\/div><div class=\"jet-listing-grid__item jet-listing-dynamic-post-1754\" data-post-id=\"1754\" ><style type=\"text\/css\">.jet-listing-dynamic-post-1754 .elementor-element.elementor-element-70e8232:not(.elementor-motion-effects-element-type-background), .jet-listing-dynamic-post-1754 .elementor-element.elementor-element-70e8232 > .elementor-motion-effects-container > .elementor-motion-effects-layer{background-image:url(\"https:\/\/asociacionparquecordillera.cl\/wp-content\/uploads\/2023\/03\/imagen_2025-09-01_232516439-1-1-1-1-1-e1756783790220.png\");}<\/style>\t\t<div data-elementor-type=\"jet-listing-items\" data-elementor-id=\"1482\" class=\"elementor elementor-1482\" data-elementor-post-type=\"jet-engine\">\n\t\t\t\t<div data-particle_enable=\"false\" data-particle-mobile-disabled=\"false\" class=\"elementor-element elementor-element-70e8232 e-con-full e-flex e-con e-parent\" data-id=\"70e8232\" data-element_type=\"container\" data-settings=\"{&quot;background_background&quot;:&quot;classic&quot;,&quot;animation&quot;:&quot;none&quot;}\">\n\t\t<div data-particle_enable=\"false\" data-particle-mobile-disabled=\"false\" class=\"elementor-element elementor-element-9241144 e-con-full e-flex elementor-invisible e-con e-child\" data-id=\"9241144\" data-element_type=\"container\" data-settings=\"{&quot;animation&quot;:&quot;fadeInDown&quot;}\">\n\t\t\t\t<div class=\"elementor-element elementor-element-e33ccb7 elementor-invisible elementor-widget elementor-widget-jet-listing-dynamic-field\" data-id=\"e33ccb7\" data-element_type=\"widget\" data-settings=\"{&quot;_animation&quot;:&quot;fadeInLeft&quot;}\" data-widget_type=\"jet-listing-dynamic-field.default\">\n\t\t\t\t<div class=\"elementor-widget-container\">\n\t\t\t<div class=\"jet-listing-dynamic-field__icon is-svg-icon\"><svg class=\"e-font-icon-svg e-fas-walking\" aria-hidden=\"true\" viewbox=\"0 0 320 512\" xmlns=\"http:\/\/www.w3.org\/2000\/svg\"><path d=\"M208 96c26.5 0 48-21.5 48-48S234.5 0 208 0s-48 21.5-48 48 21.5 48 48 48zm94.5 149.1l-23.3-11.8-9.7-29.4c-14.7-44.6-55.7-75.8-102.2-75.9-36-.1-55.9 10.1-93.3 25.2-21.6 8.7-39.3 25.2-49.7 46.2L17.6 213c-7.8 15.8-1.5 35 14.2 42.9 15.6 7.9 34.6 1.5 42.5-14.3L81 228c3.5-7 9.3-12.5 16.5-15.4l26.8-10.8-15.2 60.7c-5.2 20.8.4 42.9 14.9 58.8l59.9 65.4c7.2 7.9 12.3 17.4 14.9 27.7l18.3 73.3c4.3 17.1 21.7 27.6 38.8 23.3 17.1-4.3 27.6-21.7 23.3-38.8l-22.2-89c-2.6-10.3-7.7-19.9-14.9-27.7l-45.5-49.7 17.2-68.7 5.5 16.5c5.3 16.1 16.7 29.4 31.7 37l23.3 11.8c15.6 7.9 34.6 1.5 42.5-14.3 7.7-15.7 1.4-35.1-14.3-43zM73.6 385.8c-3.2 8.1-8 15.4-14.2 21.5l-50 50.1c-12.5 12.5-12.5 32.8 0 45.3s32.7 12.5 45.2 0l59.4-59.4c6.1-6.1 10.9-13.4 14.2-21.5l13.5-33.8c-55.3-60.3-38.7-41.8-47.4-53.7l-20.7 51.5z\"><\/path><\/svg><\/div><div class=\"jet-listing-dynamic-field__content\"><strong>Nivel:<\/strong> baja<\/div>\t\t<\/div>\n\t\t\t\t<\/div>\n\t\t\t\t<div class=\"elementor-element elementor-element-428f2e0 elementor-widget elementor-widget-image\" data-id=\"428f2e0\" data-element_type=\"widget\" data-widget_type=\"image.default\">\n\t\t\t\t<div class=\"elementor-widget-container\">\n\t\t\t\t\t\t\t\t\t\t\t\t\t<img decoding=\"async\" width=\"29\" height=\"28\" src=\"https:\/\/asociacionparquecordillera.cl\/wp-content\/uploads\/2023\/01\/map-icon.png\" class=\"attachment-full size-full wp-image-372\" alt=\"\" \/>\t\t\t\t\t\t\t\t\t\t\t\t\t<\/div>\n\t\t\t\t<\/div>\n\t\t\t\t<\/div>\n\t\t<div data-particle_enable=\"false\" data-particle-mobile-disabled=\"false\" class=\"elementor-element elementor-element-b1d3107 e-con-full e-flex elementor-invisible e-con e-child\" data-id=\"b1d3107\" data-element_type=\"container\" data-settings=\"{&quot;animation&quot;:&quot;fadeInLeft&quot;}\">\n\t\t\t\t<div class=\"elementor-element elementor-element-11ffba6 elementor-widget elementor-widget-jet-listing-dynamic-image\" data-id=\"11ffba6\" data-element_type=\"widget\" data-widget_type=\"jet-listing-dynamic-image.default\">\n\t\t\t\t<div class=\"elementor-widget-container\">\n\t\t\t<div class=\"jet-listing jet-listing-dynamic-image\"><img decoding=\"async\" width=\"1026\" height=\"274\" src=\"https:\/\/asociacionparquecordillera.cl\/wp-content\/uploads\/2023\/03\/Recurso-11-1.png\" class=\"jet-listing-dynamic-image__img attachment-full size-full\" alt=\"Parque Natural Las Hualtatas\" srcset=\"https:\/\/asociacionparquecordillera.cl\/wp-content\/uploads\/2023\/03\/Recurso-11-1.png 1026w, https:\/\/asociacionparquecordillera.cl\/wp-content\/uploads\/2023\/03\/Recurso-11-1-300x80.png 300w, https:\/\/asociacionparquecordillera.cl\/wp-content\/uploads\/2023\/03\/Recurso-11-1-1024x273.png 1024w, https:\/\/asociacionparquecordillera.cl\/wp-content\/uploads\/2023\/03\/Recurso-11-1-768x205.png 768w, https:\/\/asociacionparquecordillera.cl\/wp-content\/uploads\/2023\/03\/Recurso-11-1-18x5.png 18w\" sizes=\"(max-width: 1026px) 100vw, 1026px\" loading=\"eager\" \/><\/div>\t\t<\/div>\n\t\t\t\t<\/div>\n\t\t\t\t<\/div>\n\t\t<div data-particle_enable=\"false\" data-particle-mobile-disabled=\"false\" class=\"elementor-element elementor-element-0811a5b e-flex e-con-boxed elementor-invisible e-con e-child\" data-id=\"0811a5b\" data-element_type=\"container\" data-settings=\"{&quot;animation&quot;:&quot;fadeInUp&quot;}\">\n\t\t\t\t\t<div class=\"e-con-inner\">\n\t\t<div data-particle_enable=\"false\" data-particle-mobile-disabled=\"false\" class=\"elementor-element elementor-element-86fdb42 e-con-full e-flex e-con e-child\" data-id=\"86fdb42\" data-element_type=\"container\">\n\t\t\t\t<div class=\"elementor-element elementor-element-7d15ba3 jedv-enabled--yes elementor-invisible elementor-widget elementor-widget-jet-listing-dynamic-field\" data-id=\"7d15ba3\" data-element_type=\"widget\" data-settings=\"{&quot;_animation&quot;:&quot;fadeInLeft&quot;}\" data-widget_type=\"jet-listing-dynamic-field.default\">\n\t\t\t\t<div class=\"elementor-widget-container\">\n\t\t\t<div class=\"jet-listing-dynamic-field__icon is-svg-icon\"><svg class=\"e-font-icon-svg e-far-check-circle\" aria-hidden=\"true\" viewbox=\"0 0 512 512\" xmlns=\"http:\/\/www.w3.org\/2000\/svg\"><path d=\"M256 8C119.033 8 8 119.033 8 256s111.033 248 248 248 248-111.033 248-248S392.967 8 256 8zm0 48c110.532 0 200 89.451 200 200 0 110.532-89.451 200-200 200-110.532 0-200-89.451-200-200 0-110.532 89.451-200 200-200m140.204 130.267l-22.536-22.718c-4.667-4.705-12.265-4.736-16.97-.068L215.346 303.697l-59.792-60.277c-4.667-4.705-12.265-4.736-16.97-.069l-22.719 22.536c-4.705 4.667-4.736 12.265-.068 16.971l90.781 91.516c4.667 4.705 12.265 4.736 16.97.068l172.589-171.204c4.704-4.668 4.734-12.266.067-16.971z\"><\/path><\/svg><\/div><div class=\"jet-listing-dynamic-field__content\">abierto<\/div>\t\t<\/div>\n\t\t\t\t<\/div>\n\t\t\t\t<div class=\"elementor-element elementor-element-733bb7d elementor-align-center elementor-invisible elementor-widget elementor-widget-button\" data-id=\"733bb7d\" data-element_type=\"widget\" data-settings=\"{&quot;_animation&quot;:&quot;fadeInRight&quot;}\" data-widget_type=\"button.default\">\n\t\t\t\t<div class=\"elementor-widget-container\">\n\t\t\t\t\t\t\t<div class=\"elementor-button-wrapper\">\n\t\t\t\t\t<a class=\"elementor-button elementor-button-link elementor-size-sm\" href=\"https:\/\/asociacionparquecordillera.cl\/en\/red-de-parques\/parque-natural-las-hualtatas\/\" id=\"Parque Las Hualtatas\">\n\t\t\t\t\t\t<span class=\"elementor-button-content-wrapper\">\n\t\t\t\t\t\t\t\t\t<span class=\"elementor-button-text\">Ver m\u00e1s<\/span>\n\t\t\t\t\t<\/span>\n\t\t\t\t\t<\/a>\n\t\t\t\t<\/div>\n\t\t\t\t\t\t<\/div>\n\t\t\t\t<\/div>\n\t\t\t\t<\/div>\n\t\t\t\t<div class=\"elementor-element elementor-element-0b172fc elementor-invisible elementor-widget elementor-widget-jet-listing-dynamic-field\" data-id=\"0b172fc\" data-element_type=\"widget\" data-settings=\"{&quot;_animation&quot;:&quot;fadeInLeft&quot;}\" data-widget_type=\"jet-listing-dynamic-field.default\">\n\t\t\t\t<div class=\"elementor-widget-container\">\n\t\t\t<div class=\"jet-listing-dynamic-field__icon is-svg-icon\"><svg class=\"e-font-icon-svg e-fas-mountain\" aria-hidden=\"true\" viewbox=\"0 0 640 512\" xmlns=\"http:\/\/www.w3.org\/2000\/svg\"><path d=\"M634.92 462.7l-288-448C341.03 5.54 330.89 0 320 0s-21.03 5.54-26.92 14.7l-288 448a32.001 32.001 0 0 0-1.17 32.64A32.004 32.004 0 0 0 32 512h576c11.71 0 22.48-6.39 28.09-16.67a31.983 31.983 0 0 0-1.17-32.63zM320 91.18L405.39 224H320l-64 64-38.06-38.06L320 91.18z\"><\/path><\/svg><\/div><span class=\"jet-listing-dynamic-field__content\"><strong>Actividades: <\/strong>Trekking > Cascadas > Picnic > Cerro<\/span>\t\t<\/div>\n\t\t\t\t<\/div>\n\t\t\t\t\t<\/div>\n\t\t\t\t<\/div>\n\t\t\t\t<\/div>\n\t\t\t\t<\/div>\n\t\t<\/div><div class=\"jet-listing-grid__item jet-listing-dynamic-post-4790\" data-post-id=\"4790\" ><style type=\"text\/css\">.jet-listing-dynamic-post-4790 .elementor-element.elementor-element-70e8232:not(.elementor-motion-effects-element-type-background), .jet-listing-dynamic-post-4790 .elementor-element.elementor-element-70e8232 > .elementor-motion-effects-container > .elementor-motion-effects-layer{background-image:url(\"https:\/\/asociacionparquecordillera.cl\/wp-content\/uploads\/2024\/12\/imagen_2025-06-30_141509419.webp\");}<\/style>\t\t<div data-elementor-type=\"jet-listing-items\" data-elementor-id=\"1482\" class=\"elementor elementor-1482\" data-elementor-post-type=\"jet-engine\">\n\t\t\t\t<div data-particle_enable=\"false\" data-particle-mobile-disabled=\"false\" class=\"elementor-element elementor-element-70e8232 e-con-full e-flex e-con e-parent\" data-id=\"70e8232\" data-element_type=\"container\" data-settings=\"{&quot;background_background&quot;:&quot;classic&quot;,&quot;animation&quot;:&quot;none&quot;}\">\n\t\t<div data-particle_enable=\"false\" data-particle-mobile-disabled=\"false\" class=\"elementor-element elementor-element-9241144 e-con-full e-flex elementor-invisible e-con e-child\" data-id=\"9241144\" data-element_type=\"container\" data-settings=\"{&quot;animation&quot;:&quot;fadeInDown&quot;}\">\n\t\t\t\t<div class=\"elementor-element elementor-element-428f2e0 elementor-widget elementor-widget-image\" data-id=\"428f2e0\" data-element_type=\"widget\" data-widget_type=\"image.default\">\n\t\t\t\t<div class=\"elementor-widget-container\">\n\t\t\t\t\t\t\t\t\t\t\t\t\t<img decoding=\"async\" width=\"29\" height=\"28\" src=\"https:\/\/asociacionparquecordillera.cl\/wp-content\/uploads\/2023\/01\/map-icon.png\" class=\"attachment-full size-full wp-image-372\" alt=\"\" \/>\t\t\t\t\t\t\t\t\t\t\t\t\t<\/div>\n\t\t\t\t<\/div>\n\t\t\t\t<\/div>\n\t\t<div data-particle_enable=\"false\" data-particle-mobile-disabled=\"false\" class=\"elementor-element elementor-element-b1d3107 e-con-full e-flex elementor-invisible e-con e-child\" data-id=\"b1d3107\" data-element_type=\"container\" data-settings=\"{&quot;animation&quot;:&quot;fadeInLeft&quot;}\">\n\t\t\t\t<div class=\"elementor-element elementor-element-11ffba6 elementor-widget elementor-widget-jet-listing-dynamic-image\" data-id=\"11ffba6\" data-element_type=\"widget\" data-widget_type=\"jet-listing-dynamic-image.default\">\n\t\t\t\t<div class=\"elementor-widget-container\">\n\t\t\t<div class=\"jet-listing jet-listing-dynamic-image\"><img decoding=\"async\" width=\"1026\" height=\"274\" src=\"https:\/\/asociacionparquecordillera.cl\/wp-content\/uploads\/2024\/12\/Recurso-10.png\" class=\"jet-listing-dynamic-image__img attachment-full size-full\" alt=\"Parque La Plaza Bikepark\" srcset=\"https:\/\/asociacionparquecordillera.cl\/wp-content\/uploads\/2024\/12\/Recurso-10.png 1026w, https:\/\/asociacionparquecordillera.cl\/wp-content\/uploads\/2024\/12\/Recurso-10-300x80.png 300w, https:\/\/asociacionparquecordillera.cl\/wp-content\/uploads\/2024\/12\/Recurso-10-1024x273.png 1024w, https:\/\/asociacionparquecordillera.cl\/wp-content\/uploads\/2024\/12\/Recurso-10-768x205.png 768w, https:\/\/asociacionparquecordillera.cl\/wp-content\/uploads\/2024\/12\/Recurso-10-18x5.png 18w\" sizes=\"(max-width: 1026px) 100vw, 1026px\" loading=\"eager\" \/><\/div>\t\t<\/div>\n\t\t\t\t<\/div>\n\t\t\t\t<\/div>\n\t\t<div data-particle_enable=\"false\" data-particle-mobile-disabled=\"false\" class=\"elementor-element elementor-element-0811a5b e-flex e-con-boxed elementor-invisible e-con e-child\" data-id=\"0811a5b\" data-element_type=\"container\" data-settings=\"{&quot;animation&quot;:&quot;fadeInUp&quot;}\">\n\t\t\t\t\t<div class=\"e-con-inner\">\n\t\t<div data-particle_enable=\"false\" data-particle-mobile-disabled=\"false\" class=\"elementor-element elementor-element-86fdb42 e-con-full e-flex e-con e-child\" data-id=\"86fdb42\" data-element_type=\"container\">\n\t\t\t\t<div class=\"elementor-element elementor-element-7d15ba3 jedv-enabled--yes elementor-invisible elementor-widget elementor-widget-jet-listing-dynamic-field\" data-id=\"7d15ba3\" data-element_type=\"widget\" data-settings=\"{&quot;_animation&quot;:&quot;fadeInLeft&quot;}\" data-widget_type=\"jet-listing-dynamic-field.default\">\n\t\t\t\t<div class=\"elementor-widget-container\">\n\t\t\t<div class=\"jet-listing-dynamic-field__icon is-svg-icon\"><svg class=\"e-font-icon-svg e-far-check-circle\" aria-hidden=\"true\" viewbox=\"0 0 512 512\" xmlns=\"http:\/\/www.w3.org\/2000\/svg\"><path d=\"M256 8C119.033 8 8 119.033 8 256s111.033 248 248 248 248-111.033 248-248S392.967 8 256 8zm0 48c110.532 0 200 89.451 200 200 0 110.532-89.451 200-200 200-110.532 0-200-89.451-200-200 0-110.532 89.451-200 200-200m140.204 130.267l-22.536-22.718c-4.667-4.705-12.265-4.736-16.97-.068L215.346 303.697l-59.792-60.277c-4.667-4.705-12.265-4.736-16.97-.069l-22.719 22.536c-4.705 4.667-4.736 12.265-.068 16.971l90.781 91.516c4.667 4.705 12.265 4.736 16.97.068l172.589-171.204c4.704-4.668 4.734-12.266.067-16.971z\"><\/path><\/svg><\/div><div class=\"jet-listing-dynamic-field__content\">abierto<\/div>\t\t<\/div>\n\t\t\t\t<\/div>\n\t\t\t\t<div class=\"elementor-element elementor-element-733bb7d elementor-align-center elementor-invisible elementor-widget elementor-widget-button\" data-id=\"733bb7d\" data-element_type=\"widget\" data-settings=\"{&quot;_animation&quot;:&quot;fadeInRight&quot;}\" data-widget_type=\"button.default\">\n\t\t\t\t<div class=\"elementor-widget-container\">\n\t\t\t\t\t\t\t<div class=\"elementor-button-wrapper\">\n\t\t\t\t\t<a class=\"elementor-button elementor-button-link elementor-size-sm\" href=\"https:\/\/asociacionparquecordillera.cl\/en\/red-de-parques\/parque-la-plaza-bikepark\/\" id=\"Parque La Plaza Bikepark\">\n\t\t\t\t\t\t<span class=\"elementor-button-content-wrapper\">\n\t\t\t\t\t\t\t\t\t<span class=\"elementor-button-text\">Ver m\u00e1s<\/span>\n\t\t\t\t\t<\/span>\n\t\t\t\t\t<\/a>\n\t\t\t\t<\/div>\n\t\t\t\t\t\t<\/div>\n\t\t\t\t<\/div>\n\t\t\t\t<\/div>\n\t\t\t\t<div class=\"elementor-element elementor-element-0b172fc elementor-invisible elementor-widget elementor-widget-jet-listing-dynamic-field\" data-id=\"0b172fc\" data-element_type=\"widget\" data-settings=\"{&quot;_animation&quot;:&quot;fadeInLeft&quot;}\" data-widget_type=\"jet-listing-dynamic-field.default\">\n\t\t\t\t<div class=\"elementor-widget-container\">\n\t\t\t<div class=\"jet-listing-dynamic-field__icon is-svg-icon\"><svg class=\"e-font-icon-svg e-fas-mountain\" aria-hidden=\"true\" viewbox=\"0 0 640 512\" xmlns=\"http:\/\/www.w3.org\/2000\/svg\"><path d=\"M634.92 462.7l-288-448C341.03 5.54 330.89 0 320 0s-21.03 5.54-26.92 14.7l-288 448a32.001 32.001 0 0 0-1.17 32.64A32.004 32.004 0 0 0 32 512h576c11.71 0 22.48-6.39 28.09-16.67a31.983 31.983 0 0 0-1.17-32.63zM320 91.18L405.39 224H320l-64 64-38.06-38.06L320 91.18z\"><\/path><\/svg><\/div><span class=\"jet-listing-dynamic-field__content\"><strong>Actividades: <\/strong>Bicicleta<\/span>\t\t<\/div>\n\t\t\t\t<\/div>\n\t\t\t\t\t<\/div>\n\t\t\t\t<\/div>\n\t\t\t\t<\/div>\n\t\t\t\t<\/div>\n\t\t<\/div><div class=\"jet-listing-grid__item jet-listing-dynamic-post-1074\" data-post-id=\"1074\" ><style type=\"text\/css\">.jet-listing-dynamic-post-1074 .elementor-element.elementor-element-70e8232:not(.elementor-motion-effects-element-type-background), .jet-listing-dynamic-post-1074 .elementor-element.elementor-element-70e8232 > .elementor-motion-effects-container > .elementor-motion-effects-layer{background-image:url(\"https:\/\/asociacionparquecordillera.cl\/wp-content\/uploads\/2023\/01\/16906709456_ceec0345c4_k-1.jpg\");}<\/style>\t\t<div data-elementor-type=\"jet-listing-items\" data-elementor-id=\"1482\" class=\"elementor elementor-1482\" data-elementor-post-type=\"jet-engine\">\n\t\t\t\t<div data-particle_enable=\"false\" data-particle-mobile-disabled=\"false\" class=\"elementor-element elementor-element-70e8232 e-con-full e-flex e-con e-parent\" data-id=\"70e8232\" data-element_type=\"container\" data-settings=\"{&quot;background_background&quot;:&quot;classic&quot;,&quot;animation&quot;:&quot;none&quot;}\">\n\t\t<div data-particle_enable=\"false\" data-particle-mobile-disabled=\"false\" class=\"elementor-element elementor-element-9241144 e-con-full e-flex elementor-invisible e-con e-child\" data-id=\"9241144\" data-element_type=\"container\" data-settings=\"{&quot;animation&quot;:&quot;fadeInDown&quot;}\">\n\t\t\t\t<div class=\"elementor-element elementor-element-428f2e0 elementor-widget elementor-widget-image\" data-id=\"428f2e0\" data-element_type=\"widget\" data-widget_type=\"image.default\">\n\t\t\t\t<div class=\"elementor-widget-container\">\n\t\t\t\t\t\t\t\t\t\t\t\t\t<img decoding=\"async\" width=\"29\" height=\"28\" src=\"https:\/\/asociacionparquecordillera.cl\/wp-content\/uploads\/2023\/01\/map-icon.png\" class=\"attachment-full size-full wp-image-372\" alt=\"\" \/>\t\t\t\t\t\t\t\t\t\t\t\t\t<\/div>\n\t\t\t\t<\/div>\n\t\t\t\t<\/div>\n\t\t<div data-particle_enable=\"false\" data-particle-mobile-disabled=\"false\" class=\"elementor-element elementor-element-b1d3107 e-con-full e-flex elementor-invisible e-con e-child\" data-id=\"b1d3107\" data-element_type=\"container\" data-settings=\"{&quot;animation&quot;:&quot;fadeInLeft&quot;}\">\n\t\t\t\t<div class=\"elementor-element elementor-element-11ffba6 elementor-widget elementor-widget-jet-listing-dynamic-image\" data-id=\"11ffba6\" data-element_type=\"widget\" data-widget_type=\"jet-listing-dynamic-image.default\">\n\t\t\t\t<div class=\"elementor-widget-container\">\n\t\t\t<div class=\"jet-listing jet-listing-dynamic-image\"><img decoding=\"async\" width=\"1027\" height=\"274\" src=\"https:\/\/asociacionparquecordillera.cl\/wp-content\/uploads\/2023\/01\/Recurso-14.png\" class=\"jet-listing-dynamic-image__img attachment-full size-full\" alt=\"Parque Natural Santa Helena\" srcset=\"https:\/\/asociacionparquecordillera.cl\/wp-content\/uploads\/2023\/01\/Recurso-14.png 1027w, https:\/\/asociacionparquecordillera.cl\/wp-content\/uploads\/2023\/01\/Recurso-14-300x80.png 300w, https:\/\/asociacionparquecordillera.cl\/wp-content\/uploads\/2023\/01\/Recurso-14-1024x273.png 1024w, https:\/\/asociacionparquecordillera.cl\/wp-content\/uploads\/2023\/01\/Recurso-14-768x205.png 768w, https:\/\/asociacionparquecordillera.cl\/wp-content\/uploads\/2023\/01\/Recurso-14-18x5.png 18w\" sizes=\"(max-width: 1027px) 100vw, 1027px\" loading=\"eager\" \/><\/div>\t\t<\/div>\n\t\t\t\t<\/div>\n\t\t\t\t<\/div>\n\t\t<div data-particle_enable=\"false\" data-particle-mobile-disabled=\"false\" class=\"elementor-element elementor-element-0811a5b e-flex e-con-boxed elementor-invisible e-con e-child\" data-id=\"0811a5b\" data-element_type=\"container\" data-settings=\"{&quot;animation&quot;:&quot;fadeInUp&quot;}\">\n\t\t\t\t\t<div class=\"e-con-inner\">\n\t\t<div data-particle_enable=\"false\" data-particle-mobile-disabled=\"false\" class=\"elementor-element elementor-element-86fdb42 e-con-full e-flex e-con e-child\" data-id=\"86fdb42\" data-element_type=\"container\">\n\t\t\t\t<div class=\"elementor-element elementor-element-ec0f32f jedv-enabled--yes elementor-invisible elementor-widget elementor-widget-jet-listing-dynamic-field\" data-id=\"ec0f32f\" data-element_type=\"widget\" data-settings=\"{&quot;_animation&quot;:&quot;fadeInLeft&quot;}\" data-widget_type=\"jet-listing-dynamic-field.default\">\n\t\t\t\t<div class=\"elementor-widget-container\">\n\t\t\t<div class=\"jet-listing-dynamic-field__icon is-svg-icon\"><svg class=\"e-font-icon-svg e-fas-ban\" aria-hidden=\"true\" viewbox=\"0 0 512 512\" xmlns=\"http:\/\/www.w3.org\/2000\/svg\"><path d=\"M256 8C119.034 8 8 119.033 8 256s111.034 248 248 248 248-111.034 248-248S392.967 8 256 8zm130.108 117.892c65.448 65.448 70 165.481 20.677 235.637L150.47 105.216c70.204-49.356 170.226-44.735 235.638 20.676zM125.892 386.108c-65.448-65.448-70-165.481-20.677-235.637L361.53 406.784c-70.203 49.356-170.226 44.736-235.638-20.676z\"><\/path><\/svg><\/div><div class=\"jet-listing-dynamic-field__content\">cerrado<\/div>\t\t<\/div>\n\t\t\t\t<\/div>\n\t\t\t\t<div class=\"elementor-element elementor-element-733bb7d elementor-align-center elementor-invisible elementor-widget elementor-widget-button\" data-id=\"733bb7d\" data-element_type=\"widget\" data-settings=\"{&quot;_animation&quot;:&quot;fadeInRight&quot;}\" data-widget_type=\"button.default\">\n\t\t\t\t<div class=\"elementor-widget-container\">\n\t\t\t\t\t\t\t<div class=\"elementor-button-wrapper\">\n\t\t\t\t\t<a class=\"elementor-button elementor-button-link elementor-size-sm\" href=\"https:\/\/asociacionparquecordillera.cl\/en\/red-de-parques\/parque-natural-santa-elena\/\" id=\"Parque Santa Elena\">\n\t\t\t\t\t\t<span class=\"elementor-button-content-wrapper\">\n\t\t\t\t\t\t\t\t\t<span class=\"elementor-button-text\">Ver m\u00e1s<\/span>\n\t\t\t\t\t<\/span>\n\t\t\t\t\t<\/a>\n\t\t\t\t<\/div>\n\t\t\t\t\t\t<\/div>\n\t\t\t\t<\/div>\n\t\t\t\t<\/div>\n\t\t\t\t<div class=\"elementor-element elementor-element-0b172fc elementor-invisible elementor-widget elementor-widget-jet-listing-dynamic-field\" data-id=\"0b172fc\" data-element_type=\"widget\" data-settings=\"{&quot;_animation&quot;:&quot;fadeInLeft&quot;}\" data-widget_type=\"jet-listing-dynamic-field.default\">\n\t\t\t\t<div class=\"elementor-widget-container\">\n\t\t\t<div class=\"jet-listing-dynamic-field__icon is-svg-icon\"><svg class=\"e-font-icon-svg e-fas-mountain\" aria-hidden=\"true\" viewbox=\"0 0 640 512\" xmlns=\"http:\/\/www.w3.org\/2000\/svg\"><path d=\"M634.92 462.7l-288-448C341.03 5.54 330.89 0 320 0s-21.03 5.54-26.92 14.7l-288 448a32.001 32.001 0 0 0-1.17 32.64A32.004 32.004 0 0 0 32 512h576c11.71 0 22.48-6.39 28.09-16.67a31.983 31.983 0 0 0-1.17-32.63zM320 91.18L405.39 224H320l-64 64-38.06-38.06L320 91.18z\"><\/path><\/svg><\/div><span class=\"jet-listing-dynamic-field__content\"><strong>Actividades: <\/strong>Trekking<\/span>\t\t<\/div>\n\t\t\t\t<\/div>\n\t\t\t\t\t<\/div>\n\t\t\t\t<\/div>\n\t\t\t\t<\/div>\n\t\t\t\t<\/div>\n\t\t<\/div><div class=\"jet-listing-grid__item jet-listing-dynamic-post-1077\" data-post-id=\"1077\" ><style type=\"text\/css\">.jet-listing-dynamic-post-1077 .elementor-element.elementor-element-70e8232:not(.elementor-motion-effects-element-type-background), .jet-listing-dynamic-post-1077 .elementor-element.elementor-element-70e8232 > .elementor-motion-effects-container > .elementor-motion-effects-layer{background-image:url(\"https:\/\/asociacionparquecordillera.cl\/wp-content\/uploads\/2023\/01\/9424512487_271df7cb31_k-1.jpg\");}<\/style>\t\t<div data-elementor-type=\"jet-listing-items\" data-elementor-id=\"1482\" class=\"elementor elementor-1482\" data-elementor-post-type=\"jet-engine\">\n\t\t\t\t<div data-particle_enable=\"false\" data-particle-mobile-disabled=\"false\" class=\"elementor-element elementor-element-70e8232 e-con-full e-flex e-con e-parent\" data-id=\"70e8232\" data-element_type=\"container\" data-settings=\"{&quot;background_background&quot;:&quot;classic&quot;,&quot;animation&quot;:&quot;none&quot;}\">\n\t\t<div data-particle_enable=\"false\" data-particle-mobile-disabled=\"false\" class=\"elementor-element elementor-element-9241144 e-con-full e-flex elementor-invisible e-con e-child\" data-id=\"9241144\" data-element_type=\"container\" data-settings=\"{&quot;animation&quot;:&quot;fadeInDown&quot;}\">\n\t\t\t\t<div class=\"elementor-element elementor-element-428f2e0 elementor-widget elementor-widget-image\" data-id=\"428f2e0\" data-element_type=\"widget\" data-widget_type=\"image.default\">\n\t\t\t\t<div class=\"elementor-widget-container\">\n\t\t\t\t\t\t\t\t\t\t\t\t\t<img decoding=\"async\" width=\"29\" height=\"28\" src=\"https:\/\/asociacionparquecordillera.cl\/wp-content\/uploads\/2023\/01\/map-icon.png\" class=\"attachment-full size-full wp-image-372\" alt=\"\" \/>\t\t\t\t\t\t\t\t\t\t\t\t\t<\/div>\n\t\t\t\t<\/div>\n\t\t\t\t<\/div>\n\t\t<div data-particle_enable=\"false\" data-particle-mobile-disabled=\"false\" class=\"elementor-element elementor-element-b1d3107 e-con-full e-flex elementor-invisible e-con e-child\" data-id=\"b1d3107\" data-element_type=\"container\" data-settings=\"{&quot;animation&quot;:&quot;fadeInLeft&quot;}\">\n\t\t\t\t<div class=\"elementor-element elementor-element-11ffba6 elementor-widget elementor-widget-jet-listing-dynamic-image\" data-id=\"11ffba6\" data-element_type=\"widget\" data-widget_type=\"jet-listing-dynamic-image.default\">\n\t\t\t\t<div class=\"elementor-widget-container\">\n\t\t\t<div class=\"jet-listing jet-listing-dynamic-image\"><img decoding=\"async\" width=\"1026\" height=\"274\" src=\"https:\/\/asociacionparquecordillera.cl\/wp-content\/uploads\/2023\/01\/Recurso-12.png\" class=\"jet-listing-dynamic-image__img attachment-full size-full\" alt=\"Parque Natural Puente \u00d1ilhue\" srcset=\"https:\/\/asociacionparquecordillera.cl\/wp-content\/uploads\/2023\/01\/Recurso-12.png 1026w, https:\/\/asociacionparquecordillera.cl\/wp-content\/uploads\/2023\/01\/Recurso-12-300x80.png 300w, https:\/\/asociacionparquecordillera.cl\/wp-content\/uploads\/2023\/01\/Recurso-12-1024x273.png 1024w, https:\/\/asociacionparquecordillera.cl\/wp-content\/uploads\/2023\/01\/Recurso-12-768x205.png 768w, https:\/\/asociacionparquecordillera.cl\/wp-content\/uploads\/2023\/01\/Recurso-12-18x5.png 18w\" sizes=\"(max-width: 1026px) 100vw, 1026px\" loading=\"eager\" \/><\/div>\t\t<\/div>\n\t\t\t\t<\/div>\n\t\t\t\t<\/div>\n\t\t<div data-particle_enable=\"false\" data-particle-mobile-disabled=\"false\" class=\"elementor-element elementor-element-0811a5b e-flex e-con-boxed elementor-invisible e-con e-child\" data-id=\"0811a5b\" data-element_type=\"container\" data-settings=\"{&quot;animation&quot;:&quot;fadeInUp&quot;}\">\n\t\t\t\t\t<div class=\"e-con-inner\">\n\t\t<div data-particle_enable=\"false\" data-particle-mobile-disabled=\"false\" class=\"elementor-element elementor-element-86fdb42 e-con-full e-flex e-con e-child\" data-id=\"86fdb42\" data-element_type=\"container\">\n\t\t\t\t<div class=\"elementor-element elementor-element-ec0f32f jedv-enabled--yes elementor-invisible elementor-widget elementor-widget-jet-listing-dynamic-field\" data-id=\"ec0f32f\" data-element_type=\"widget\" data-settings=\"{&quot;_animation&quot;:&quot;fadeInLeft&quot;}\" data-widget_type=\"jet-listing-dynamic-field.default\">\n\t\t\t\t<div class=\"elementor-widget-container\">\n\t\t\t<div class=\"jet-listing-dynamic-field__icon is-svg-icon\"><svg class=\"e-font-icon-svg e-fas-ban\" aria-hidden=\"true\" viewbox=\"0 0 512 512\" xmlns=\"http:\/\/www.w3.org\/2000\/svg\"><path d=\"M256 8C119.034 8 8 119.033 8 256s111.034 248 248 248 248-111.034 248-248S392.967 8 256 8zm130.108 117.892c65.448 65.448 70 165.481 20.677 235.637L150.47 105.216c70.204-49.356 170.226-44.735 235.638 20.676zM125.892 386.108c-65.448-65.448-70-165.481-20.677-235.637L361.53 406.784c-70.203 49.356-170.226 44.736-235.638-20.676z\"><\/path><\/svg><\/div><div class=\"jet-listing-dynamic-field__content\">cerrado<\/div>\t\t<\/div>\n\t\t\t\t<\/div>\n\t\t\t\t<div class=\"elementor-element elementor-element-733bb7d elementor-align-center elementor-invisible elementor-widget elementor-widget-button\" data-id=\"733bb7d\" data-element_type=\"widget\" data-settings=\"{&quot;_animation&quot;:&quot;fadeInRight&quot;}\" data-widget_type=\"button.default\">\n\t\t\t\t<div class=\"elementor-widget-container\">\n\t\t\t\t\t\t\t<div class=\"elementor-button-wrapper\">\n\t\t\t\t\t<a class=\"elementor-button elementor-button-link elementor-size-sm\" href=\"https:\/\/asociacionparquecordillera.cl\/en\/red-de-parques\/parque-natural-puente-nilhue\/\" id=\"Parque Puente \u00d1ilhue\">\n\t\t\t\t\t\t<span class=\"elementor-button-content-wrapper\">\n\t\t\t\t\t\t\t\t\t<span class=\"elementor-button-text\">Ver m\u00e1s<\/span>\n\t\t\t\t\t<\/span>\n\t\t\t\t\t<\/a>\n\t\t\t\t<\/div>\n\t\t\t\t\t\t<\/div>\n\t\t\t\t<\/div>\n\t\t\t\t<\/div>\n\t\t\t\t<div class=\"elementor-element elementor-element-0b172fc elementor-invisible elementor-widget elementor-widget-jet-listing-dynamic-field\" data-id=\"0b172fc\" data-element_type=\"widget\" data-settings=\"{&quot;_animation&quot;:&quot;fadeInLeft&quot;}\" data-widget_type=\"jet-listing-dynamic-field.default\">\n\t\t\t\t<div class=\"elementor-widget-container\">\n\t\t\t<div class=\"jet-listing-dynamic-field__icon is-svg-icon\"><svg class=\"e-font-icon-svg e-fas-mountain\" aria-hidden=\"true\" viewbox=\"0 0 640 512\" xmlns=\"http:\/\/www.w3.org\/2000\/svg\"><path d=\"M634.92 462.7l-288-448C341.03 5.54 330.89 0 320 0s-21.03 5.54-26.92 14.7l-288 448a32.001 32.001 0 0 0-1.17 32.64A32.004 32.004 0 0 0 32 512h576c11.71 0 22.48-6.39 28.09-16.67a31.983 31.983 0 0 0-1.17-32.63zM320 91.18L405.39 224H320l-64 64-38.06-38.06L320 91.18z\"><\/path><\/svg><\/div><span class=\"jet-listing-dynamic-field__content\"><strong>Actividades: <\/strong>Trekking > Mirador > Camping > Cerro<\/span>\t\t<\/div>\n\t\t\t\t<\/div>\n\t\t\t\t\t<\/div>\n\t\t\t\t<\/div>\n\t\t\t\t<\/div>\n\t\t\t\t<\/div>\n\t\t<\/div><div class=\"jet-listing-grid__item jet-listing-dynamic-post-1234\" data-post-id=\"1234\" ><style type=\"text\/css\">.jet-listing-dynamic-post-1234 .elementor-element.elementor-element-70e8232:not(.elementor-motion-effects-element-type-background), .jet-listing-dynamic-post-1234 .elementor-element.elementor-element-70e8232 > .elementor-motion-effects-container > .elementor-motion-effects-layer{background-image:url(\"https:\/\/asociacionparquecordillera.cl\/wp-content\/uploads\/2023\/01\/20726460840_53e370ce07_k-1.jpg\");}<\/style>\t\t<div data-elementor-type=\"jet-listing-items\" data-elementor-id=\"1482\" class=\"elementor elementor-1482\" data-elementor-post-type=\"jet-engine\">\n\t\t\t\t<div data-particle_enable=\"false\" data-particle-mobile-disabled=\"false\" class=\"elementor-element elementor-element-70e8232 e-con-full e-flex e-con e-parent\" data-id=\"70e8232\" data-element_type=\"container\" data-settings=\"{&quot;background_background&quot;:&quot;classic&quot;,&quot;animation&quot;:&quot;none&quot;}\">\n\t\t<div data-particle_enable=\"false\" data-particle-mobile-disabled=\"false\" class=\"elementor-element elementor-element-9241144 e-con-full e-flex elementor-invisible e-con e-child\" data-id=\"9241144\" data-element_type=\"container\" data-settings=\"{&quot;animation&quot;:&quot;fadeInDown&quot;}\">\n\t\t\t\t<div class=\"elementor-element elementor-element-428f2e0 elementor-widget elementor-widget-image\" data-id=\"428f2e0\" data-element_type=\"widget\" data-widget_type=\"image.default\">\n\t\t\t\t<div class=\"elementor-widget-container\">\n\t\t\t\t\t\t\t\t\t\t\t\t\t<img decoding=\"async\" width=\"29\" height=\"28\" src=\"https:\/\/asociacionparquecordillera.cl\/wp-content\/uploads\/2023\/01\/map-icon.png\" class=\"attachment-full size-full wp-image-372\" alt=\"\" \/>\t\t\t\t\t\t\t\t\t\t\t\t\t<\/div>\n\t\t\t\t<\/div>\n\t\t\t\t<\/div>\n\t\t<div data-particle_enable=\"false\" data-particle-mobile-disabled=\"false\" class=\"elementor-element elementor-element-b1d3107 e-con-full e-flex elementor-invisible e-con e-child\" data-id=\"b1d3107\" data-element_type=\"container\" data-settings=\"{&quot;animation&quot;:&quot;fadeInLeft&quot;}\">\n\t\t\t\t<div class=\"elementor-element elementor-element-11ffba6 elementor-widget elementor-widget-jet-listing-dynamic-image\" data-id=\"11ffba6\" data-element_type=\"widget\" data-widget_type=\"jet-listing-dynamic-image.default\">\n\t\t\t\t<div class=\"elementor-widget-container\">\n\t\t\t<div class=\"jet-listing jet-listing-dynamic-image\"><img decoding=\"async\" width=\"1027\" height=\"274\" src=\"https:\/\/asociacionparquecordillera.cl\/wp-content\/uploads\/2023\/01\/Recurso-13.png\" class=\"jet-listing-dynamic-image__img attachment-full size-full\" alt=\"Parque Natural San Carlos de Apoquindo\" srcset=\"https:\/\/asociacionparquecordillera.cl\/wp-content\/uploads\/2023\/01\/Recurso-13.png 1027w, https:\/\/asociacionparquecordillera.cl\/wp-content\/uploads\/2023\/01\/Recurso-13-300x80.png 300w, https:\/\/asociacionparquecordillera.cl\/wp-content\/uploads\/2023\/01\/Recurso-13-1024x273.png 1024w, https:\/\/asociacionparquecordillera.cl\/wp-content\/uploads\/2023\/01\/Recurso-13-768x205.png 768w, https:\/\/asociacionparquecordillera.cl\/wp-content\/uploads\/2023\/01\/Recurso-13-18x5.png 18w\" sizes=\"(max-width: 1027px) 100vw, 1027px\" loading=\"eager\" \/><\/div>\t\t<\/div>\n\t\t\t\t<\/div>\n\t\t\t\t<\/div>\n\t\t<div data-particle_enable=\"false\" data-particle-mobile-disabled=\"false\" class=\"elementor-element elementor-element-0811a5b e-flex e-con-boxed elementor-invisible e-con e-child\" data-id=\"0811a5b\" data-element_type=\"container\" data-settings=\"{&quot;animation&quot;:&quot;fadeInUp&quot;}\">\n\t\t\t\t\t<div class=\"e-con-inner\">\n\t\t<div data-particle_enable=\"false\" data-particle-mobile-disabled=\"false\" class=\"elementor-element elementor-element-86fdb42 e-con-full e-flex e-con e-child\" data-id=\"86fdb42\" data-element_type=\"container\">\n\t\t\t\t<div class=\"elementor-element elementor-element-ec0f32f jedv-enabled--yes elementor-invisible elementor-widget elementor-widget-jet-listing-dynamic-field\" data-id=\"ec0f32f\" data-element_type=\"widget\" data-settings=\"{&quot;_animation&quot;:&quot;fadeInLeft&quot;}\" data-widget_type=\"jet-listing-dynamic-field.default\">\n\t\t\t\t<div class=\"elementor-widget-container\">\n\t\t\t<div class=\"jet-listing-dynamic-field__icon is-svg-icon\"><svg class=\"e-font-icon-svg e-fas-ban\" aria-hidden=\"true\" viewbox=\"0 0 512 512\" xmlns=\"http:\/\/www.w3.org\/2000\/svg\"><path d=\"M256 8C119.034 8 8 119.033 8 256s111.034 248 248 248 248-111.034 248-248S392.967 8 256 8zm130.108 117.892c65.448 65.448 70 165.481 20.677 235.637L150.47 105.216c70.204-49.356 170.226-44.735 235.638 20.676zM125.892 386.108c-65.448-65.448-70-165.481-20.677-235.637L361.53 406.784c-70.203 49.356-170.226 44.736-235.638-20.676z\"><\/path><\/svg><\/div><div class=\"jet-listing-dynamic-field__content\">cerrado<\/div>\t\t<\/div>\n\t\t\t\t<\/div>\n\t\t\t\t<div class=\"elementor-element elementor-element-733bb7d elementor-align-center elementor-invisible elementor-widget elementor-widget-button\" data-id=\"733bb7d\" data-element_type=\"widget\" data-settings=\"{&quot;_animation&quot;:&quot;fadeInRight&quot;}\" data-widget_type=\"button.default\">\n\t\t\t\t<div class=\"elementor-widget-container\">\n\t\t\t\t\t\t\t<div class=\"elementor-button-wrapper\">\n\t\t\t\t\t<a class=\"elementor-button elementor-button-link elementor-size-sm\" href=\"https:\/\/asociacionparquecordillera.cl\/en\/red-de-parques\/parque-natural-san-carlos-de-apoquindo\/\" id=\"Parque San Carlos de Apoquindo\">\n\t\t\t\t\t\t<span class=\"elementor-button-content-wrapper\">\n\t\t\t\t\t\t\t\t\t<span class=\"elementor-button-text\">Ver m\u00e1s<\/span>\n\t\t\t\t\t<\/span>\n\t\t\t\t\t<\/a>\n\t\t\t\t<\/div>\n\t\t\t\t\t\t<\/div>\n\t\t\t\t<\/div>\n\t\t\t\t<\/div>\n\t\t\t\t<div class=\"elementor-element elementor-element-0b172fc elementor-invisible elementor-widget elementor-widget-jet-listing-dynamic-field\" data-id=\"0b172fc\" data-element_type=\"widget\" data-settings=\"{&quot;_animation&quot;:&quot;fadeInLeft&quot;}\" data-widget_type=\"jet-listing-dynamic-field.default\">\n\t\t\t\t<div class=\"elementor-widget-container\">\n\t\t\t<div class=\"jet-listing-dynamic-field__icon is-svg-icon\"><svg class=\"e-font-icon-svg e-fas-mountain\" aria-hidden=\"true\" viewbox=\"0 0 640 512\" xmlns=\"http:\/\/www.w3.org\/2000\/svg\"><path d=\"M634.92 462.7l-288-448C341.03 5.54 330.89 0 320 0s-21.03 5.54-26.92 14.7l-288 448a32.001 32.001 0 0 0-1.17 32.64A32.004 32.004 0 0 0 32 512h576c11.71 0 22.48-6.39 28.09-16.67a31.983 31.983 0 0 0-1.17-32.63zM320 91.18L405.39 224H320l-64 64-38.06-38.06L320 91.18z\"><\/path><\/svg><\/div><span class=\"jet-listing-dynamic-field__content\"><strong>Actividades: <\/strong>Trekking > Cascadas > Mirador > Picnic > Bicicleta > Camping > Cerro<\/span>\t\t<\/div>\n\t\t\t\t<\/div>\n\t\t\t\t\t<\/div>\n\t\t\t\t<\/div>\n\t\t\t\t<\/div>\n\t\t\t\t<\/div>\n\t\t<\/div><div class=\"jet-listing-grid__item jet-listing-dynamic-post-1757\" data-post-id=\"1757\" ><style type=\"text\/css\">.jet-listing-dynamic-post-1757 .elementor-element.elementor-element-70e8232:not(.elementor-motion-effects-element-type-background), .jet-listing-dynamic-post-1757 .elementor-element.elementor-element-70e8232 > .elementor-motion-effects-container > .elementor-motion-effects-layer{background-image:url(\"https:\/\/asociacionparquecordillera.cl\/wp-content\/uploads\/2023\/03\/52116302157_427b9ea69c_o.webp\");}<\/style>\t\t<div data-elementor-type=\"jet-listing-items\" data-elementor-id=\"1482\" class=\"elementor elementor-1482\" data-elementor-post-type=\"jet-engine\">\n\t\t\t\t<div data-particle_enable=\"false\" data-particle-mobile-disabled=\"false\" class=\"elementor-element elementor-element-70e8232 e-con-full e-flex e-con e-parent\" data-id=\"70e8232\" data-element_type=\"container\" data-settings=\"{&quot;background_background&quot;:&quot;classic&quot;,&quot;animation&quot;:&quot;none&quot;}\">\n\t\t<div data-particle_enable=\"false\" data-particle-mobile-disabled=\"false\" class=\"elementor-element elementor-element-9241144 e-con-full e-flex elementor-invisible e-con e-child\" data-id=\"9241144\" data-element_type=\"container\" data-settings=\"{&quot;animation&quot;:&quot;fadeInDown&quot;}\">\n\t\t\t\t<div class=\"elementor-element elementor-element-428f2e0 elementor-widget elementor-widget-image\" data-id=\"428f2e0\" data-element_type=\"widget\" data-widget_type=\"image.default\">\n\t\t\t\t<div class=\"elementor-widget-container\">\n\t\t\t\t\t\t\t\t\t\t\t\t\t<img decoding=\"async\" width=\"29\" height=\"28\" src=\"https:\/\/asociacionparquecordillera.cl\/wp-content\/uploads\/2023\/01\/map-icon.png\" class=\"attachment-full size-full wp-image-372\" alt=\"\" \/>\t\t\t\t\t\t\t\t\t\t\t\t\t<\/div>\n\t\t\t\t<\/div>\n\t\t\t\t<\/div>\n\t\t<div data-particle_enable=\"false\" data-particle-mobile-disabled=\"false\" class=\"elementor-element elementor-element-b1d3107 e-con-full e-flex elementor-invisible e-con e-child\" data-id=\"b1d3107\" data-element_type=\"container\" data-settings=\"{&quot;animation&quot;:&quot;fadeInLeft&quot;}\">\n\t\t\t\t<div class=\"elementor-element elementor-element-11ffba6 elementor-widget elementor-widget-jet-listing-dynamic-image\" data-id=\"11ffba6\" data-element_type=\"widget\" data-widget_type=\"jet-listing-dynamic-image.default\">\n\t\t\t\t<div class=\"elementor-widget-container\">\n\t\t\t<div class=\"jet-listing jet-listing-dynamic-image\"><img decoding=\"async\" width=\"1026\" height=\"274\" src=\"https:\/\/asociacionparquecordillera.cl\/wp-content\/uploads\/2023\/03\/Recurso-8-1.png\" class=\"jet-listing-dynamic-image__img attachment-full size-full\" alt=\"Parque Natural El Yeso - Laguna Negra\" srcset=\"https:\/\/asociacionparquecordillera.cl\/wp-content\/uploads\/2023\/03\/Recurso-8-1.png 1026w, https:\/\/asociacionparquecordillera.cl\/wp-content\/uploads\/2023\/03\/Recurso-8-1-300x80.png 300w, https:\/\/asociacionparquecordillera.cl\/wp-content\/uploads\/2023\/03\/Recurso-8-1-1024x273.png 1024w, https:\/\/asociacionparquecordillera.cl\/wp-content\/uploads\/2023\/03\/Recurso-8-1-768x205.png 768w, https:\/\/asociacionparquecordillera.cl\/wp-content\/uploads\/2023\/03\/Recurso-8-1-18x5.png 18w\" sizes=\"(max-width: 1026px) 100vw, 1026px\" loading=\"eager\" \/><\/div>\t\t<\/div>\n\t\t\t\t<\/div>\n\t\t\t\t<\/div>\n\t\t<div data-particle_enable=\"false\" data-particle-mobile-disabled=\"false\" class=\"elementor-element elementor-element-0811a5b e-flex e-con-boxed elementor-invisible e-con e-child\" data-id=\"0811a5b\" data-element_type=\"container\" data-settings=\"{&quot;animation&quot;:&quot;fadeInUp&quot;}\">\n\t\t\t\t\t<div class=\"e-con-inner\">\n\t\t<div data-particle_enable=\"false\" data-particle-mobile-disabled=\"false\" class=\"elementor-element elementor-element-86fdb42 e-con-full e-flex e-con e-child\" data-id=\"86fdb42\" data-element_type=\"container\">\n\t\t\t\t<div class=\"elementor-element elementor-element-ec0f32f jedv-enabled--yes elementor-invisible elementor-widget elementor-widget-jet-listing-dynamic-field\" data-id=\"ec0f32f\" data-element_type=\"widget\" data-settings=\"{&quot;_animation&quot;:&quot;fadeInLeft&quot;}\" data-widget_type=\"jet-listing-dynamic-field.default\">\n\t\t\t\t<div class=\"elementor-widget-container\">\n\t\t\t<div class=\"jet-listing-dynamic-field__icon is-svg-icon\"><svg class=\"e-font-icon-svg e-fas-ban\" aria-hidden=\"true\" viewbox=\"0 0 512 512\" xmlns=\"http:\/\/www.w3.org\/2000\/svg\"><path d=\"M256 8C119.034 8 8 119.033 8 256s111.034 248 248 248 248-111.034 248-248S392.967 8 256 8zm130.108 117.892c65.448 65.448 70 165.481 20.677 235.637L150.47 105.216c70.204-49.356 170.226-44.735 235.638 20.676zM125.892 386.108c-65.448-65.448-70-165.481-20.677-235.637L361.53 406.784c-70.203 49.356-170.226 44.736-235.638-20.676z\"><\/path><\/svg><\/div><div class=\"jet-listing-dynamic-field__content\">cerrado<\/div>\t\t<\/div>\n\t\t\t\t<\/div>\n\t\t\t\t<div class=\"elementor-element elementor-element-733bb7d elementor-align-center elementor-invisible elementor-widget elementor-widget-button\" data-id=\"733bb7d\" data-element_type=\"widget\" data-settings=\"{&quot;_animation&quot;:&quot;fadeInRight&quot;}\" data-widget_type=\"button.default\">\n\t\t\t\t<div class=\"elementor-widget-container\">\n\t\t\t\t\t\t\t<div class=\"elementor-button-wrapper\">\n\t\t\t\t\t<a class=\"elementor-button elementor-button-link elementor-size-sm\" href=\"https:\/\/asociacionparquecordillera.cl\/en\/red-de-parques\/parque-natural-embalse-el-yeso\/\" id=\"Parque Embalse el Yeso\">\n\t\t\t\t\t\t<span class=\"elementor-button-content-wrapper\">\n\t\t\t\t\t\t\t\t\t<span class=\"elementor-button-text\">Ver m\u00e1s<\/span>\n\t\t\t\t\t<\/span>\n\t\t\t\t\t<\/a>\n\t\t\t\t<\/div>\n\t\t\t\t\t\t<\/div>\n\t\t\t\t<\/div>\n\t\t\t\t<\/div>\n\t\t\t\t<div class=\"elementor-element elementor-element-0b172fc elementor-invisible elementor-widget elementor-widget-jet-listing-dynamic-field\" data-id=\"0b172fc\" data-element_type=\"widget\" data-settings=\"{&quot;_animation&quot;:&quot;fadeInLeft&quot;}\" data-widget_type=\"jet-listing-dynamic-field.default\">\n\t\t\t\t<div class=\"elementor-widget-container\">\n\t\t\t<div class=\"jet-listing-dynamic-field__icon is-svg-icon\"><svg class=\"e-font-icon-svg e-fas-mountain\" aria-hidden=\"true\" viewbox=\"0 0 640 512\" xmlns=\"http:\/\/www.w3.org\/2000\/svg\"><path d=\"M634.92 462.7l-288-448C341.03 5.54 330.89 0 320 0s-21.03 5.54-26.92 14.7l-288 448a32.001 32.001 0 0 0-1.17 32.64A32.004 32.004 0 0 0 32 512h576c11.71 0 22.48-6.39 28.09-16.67a31.983 31.983 0 0 0-1.17-32.63zM320 91.18L405.39 224H320l-64 64-38.06-38.06L320 91.18z\"><\/path><\/svg><\/div><span class=\"jet-listing-dynamic-field__content\"><strong>Actividades: <\/strong>Trekking > Mirador<\/span>\t\t<\/div>\n\t\t\t\t<\/div>\n\t\t\t\t\t<\/div>\n\t\t\t\t<\/div>\n\t\t\t\t<\/div>\n\t\t\t\t<\/div>\n\t\t<\/div><\/div><\/div>\t\t<\/div>\n\t\t\t\t<\/div>\n\t\t\t\t\t<\/div>\n\t\t\t\t<\/div>\n\t\t<div data-particle_enable=\"false\" data-particle-mobile-disabled=\"false\" class=\"elementor-element elementor-element-a5464a0 e-flex e-con-boxed e-con e-parent\" data-id=\"a5464a0\" data-element_type=\"container\">\n\t\t\t\t\t<div class=\"e-con-inner\">\n\t\t\t\t<div class=\"elementor-element elementor-element-6dce481 elementor-invisible elementor-widget elementor-widget-heading\" data-id=\"6dce481\" data-element_type=\"widget\" data-settings=\"{&quot;_animation&quot;:&quot;fadeInDown&quot;}\" data-widget_type=\"heading.default\">\n\t\t\t\t<div class=\"elementor-widget-container\">\n\t\t\t<h2 class=\"elementor-heading-title elementor-size-default\">Nuestros <b>Logros<\/b><\/h2>\t\t<\/div>\n\t\t\t\t<\/div>\n\t\t<div data-particle_enable=\"false\" data-particle-mobile-disabled=\"false\" class=\"elementor-element elementor-element-6a5fe54 e-flex e-con-boxed e-con e-child\" data-id=\"6a5fe54\" data-element_type=\"container\">\n\t\t\t\t\t<div class=\"e-con-inner\">\n\t\t<div data-particle_enable=\"false\" data-particle-mobile-disabled=\"false\" class=\"elementor-element elementor-element-872a323 e-flex e-con-boxed elementor-invisible e-con e-child\" data-id=\"872a323\" data-element_type=\"container\" data-settings=\"{&quot;animation&quot;:&quot;fadeInUp&quot;}\">\n\t\t\t\t\t<div class=\"e-con-inner\">\n\t\t\t\t<div class=\"elementor-element elementor-element-d172f64 elementor-widget elementor-widget-image\" data-id=\"d172f64\" data-element_type=\"widget\" data-widget_type=\"image.default\">\n\t\t\t\t<div class=\"elementor-widget-container\">\n\t\t\t\t\t\t\t\t\t\t\t\t\t<img decoding=\"async\" width=\"76\" height=\"38\" src=\"https:\/\/asociacionparquecordillera.cl\/wp-content\/uploads\/2023\/01\/icon-1.png\" class=\"attachment-full size-full wp-image-199\" alt=\"\" \/>\t\t\t\t\t\t\t\t\t\t\t\t\t<\/div>\n\t\t\t\t<\/div>\n\t\t\t\t<div class=\"elementor-element elementor-element-6fdb9ec elementor-widget elementor-widget-counter\" data-id=\"6fdb9ec\" data-element_type=\"widget\" data-widget_type=\"counter.default\">\n\t\t\t\t<div class=\"elementor-widget-container\">\n\t\t\t\t\t<div class=\"elementor-counter\">\n\t\t\t<div class=\"elementor-counter-title\">Naturales<\/div>\t\t\t<div class=\"elementor-counter-number-wrapper\">\n\t\t\t\t<span class=\"elementor-counter-number-prefix\"><\/span>\n\t\t\t\t<span class=\"elementor-counter-number\" data-duration=\"1000\" data-to-value=\"10\" data-from-value=\"0\" data-delimiter=\",\">0<\/span>\n\t\t\t\t<span class=\"elementor-counter-number-suffix\"> Parques<\/span>\n\t\t\t<\/div>\n\t\t<\/div>\n\t\t\t\t<\/div>\n\t\t\t\t<\/div>\n\t\t\t\t\t<\/div>\n\t\t\t\t<\/div>\n\t\t<div data-particle_enable=\"false\" data-particle-mobile-disabled=\"false\" class=\"elementor-element elementor-element-e017c03 e-flex e-con-boxed elementor-invisible e-con e-child\" data-id=\"e017c03\" data-element_type=\"container\" data-settings=\"{&quot;animation&quot;:&quot;fadeInUp&quot;}\">\n\t\t\t\t\t<div class=\"e-con-inner\">\n\t\t\t\t<div class=\"elementor-element elementor-element-d48c139 elementor-widget elementor-widget-image\" data-id=\"d48c139\" data-element_type=\"widget\" data-widget_type=\"image.default\">\n\t\t\t\t<div class=\"elementor-widget-container\">\n\t\t\t\t\t\t\t\t\t\t\t\t\t<img decoding=\"async\" width=\"39\" height=\"65\" src=\"https:\/\/asociacionparquecordillera.cl\/wp-content\/uploads\/2023\/01\/logros-visitas.png\" class=\"attachment-full size-full wp-image-200\" alt=\"\" \/>\t\t\t\t\t\t\t\t\t\t\t\t\t<\/div>\n\t\t\t\t<\/div>\n\t\t\t\t<div class=\"elementor-element elementor-element-e83c8fb elementor-widget elementor-widget-counter\" data-id=\"e83c8fb\" data-element_type=\"widget\" data-widget_type=\"counter.default\">\n\t\t\t\t<div class=\"elementor-widget-container\">\n\t\t\t\t\t<div class=\"elementor-counter\">\n\t\t\t<div class=\"elementor-counter-title\">Visitas al a\u00f1o<\/div>\t\t\t<div class=\"elementor-counter-number-wrapper\">\n\t\t\t\t<span class=\"elementor-counter-number-prefix\">+ <\/span>\n\t\t\t\t<span class=\"elementor-counter-number\" data-duration=\"2000\" data-to-value=\"230\" data-from-value=\"0\" data-delimiter=\",\">0<\/span>\n\t\t\t\t<span class=\"elementor-counter-number-suffix\"> Mil<\/span>\n\t\t\t<\/div>\n\t\t<\/div>\n\t\t\t\t<\/div>\n\t\t\t\t<\/div>\n\t\t\t\t\t<\/div>\n\t\t\t\t<\/div>\n\t\t<div data-particle_enable=\"false\" data-particle-mobile-disabled=\"false\" class=\"elementor-element elementor-element-99fc7a7 e-flex e-con-boxed elementor-invisible e-con e-child\" data-id=\"99fc7a7\" data-element_type=\"container\" data-settings=\"{&quot;animation&quot;:&quot;fadeInUp&quot;}\">\n\t\t\t\t\t<div class=\"e-con-inner\">\n\t\t\t\t<div class=\"elementor-element elementor-element-e73e2eb elementor-widget elementor-widget-image\" data-id=\"e73e2eb\" data-element_type=\"widget\" data-widget_type=\"image.default\">\n\t\t\t\t<div class=\"elementor-widget-container\">\n\t\t\t\t\t\t\t\t\t\t\t\t\t<img loading=\"lazy\" decoding=\"async\" width=\"70\" height=\"84\" src=\"https:\/\/asociacionparquecordillera.cl\/wp-content\/uploads\/2023\/01\/logros-estudiantes.png\" class=\"attachment-full size-full wp-image-198\" alt=\"\" \/>\t\t\t\t\t\t\t\t\t\t\t\t\t<\/div>\n\t\t\t\t<\/div>\n\t\t\t\t<div class=\"elementor-element elementor-element-50f7b04 elementor-widget elementor-widget-counter\" data-id=\"50f7b04\" data-element_type=\"widget\" data-widget_type=\"counter.default\">\n\t\t\t\t<div class=\"elementor-widget-container\">\n\t\t\t\t\t<div class=\"elementor-counter\">\n\t\t\t<div class=\"elementor-counter-title\">Estudiantes en educaci\u00f3n ambiental<\/div>\t\t\t<div class=\"elementor-counter-number-wrapper\">\n\t\t\t\t<span class=\"elementor-counter-number-prefix\">+ <\/span>\n\t\t\t\t<span class=\"elementor-counter-number\" data-duration=\"2000\" data-to-value=\"39\" data-from-value=\"0\" data-delimiter=\".\">0<\/span>\n\t\t\t\t<span class=\"elementor-counter-number-suffix\"> Mil<\/span>\n\t\t\t<\/div>\n\t\t<\/div>\n\t\t\t\t<\/div>\n\t\t\t\t<\/div>\n\t\t\t\t\t<\/div>\n\t\t\t\t<\/div>\n\t\t<div data-particle_enable=\"false\" data-particle-mobile-disabled=\"false\" class=\"elementor-element elementor-element-4b6a409 e-flex e-con-boxed elementor-invisible e-con e-child\" data-id=\"4b6a409\" data-element_type=\"container\" data-settings=\"{&quot;animation&quot;:&quot;fadeInUp&quot;}\">\n\t\t\t\t\t<div class=\"e-con-inner\">\n\t\t\t\t<div class=\"elementor-element elementor-element-60db598 elementor-widget elementor-widget-image\" data-id=\"60db598\" data-element_type=\"widget\" data-widget_type=\"image.default\">\n\t\t\t\t<div class=\"elementor-widget-container\">\n\t\t\t\t\t\t\t\t\t\t\t\t\t<img loading=\"lazy\" decoding=\"async\" width=\"61\" height=\"75\" src=\"https:\/\/asociacionparquecordillera.cl\/wp-content\/uploads\/2023\/01\/icon-2.png\" class=\"attachment-full size-full wp-image-201\" alt=\"\" \/>\t\t\t\t\t\t\t\t\t\t\t\t\t<\/div>\n\t\t\t\t<\/div>\n\t\t\t\t<div class=\"elementor-element elementor-element-17f16bb elementor-widget elementor-widget-counter\" data-id=\"17f16bb\" data-element_type=\"widget\" data-widget_type=\"counter.default\">\n\t\t\t\t<div class=\"elementor-widget-container\">\n\t\t\t\t\t<div class=\"elementor-counter\">\n\t\t\t<div class=\"elementor-counter-title\">De senderos<\/div>\t\t\t<div class=\"elementor-counter-number-wrapper\">\n\t\t\t\t<span class=\"elementor-counter-number-prefix\">+ <\/span>\n\t\t\t\t<span class=\"elementor-counter-number\" data-duration=\"2000\" data-to-value=\"150\" data-from-value=\"0\" data-delimiter=\",\">0<\/span>\n\t\t\t\t<span class=\"elementor-counter-number-suffix\"> Km<\/span>\n\t\t\t<\/div>\n\t\t<\/div>\n\t\t\t\t<\/div>\n\t\t\t\t<\/div>\n\t\t\t\t\t<\/div>\n\t\t\t\t<\/div>\n\t\t\t\t\t<\/div>\n\t\t\t\t<\/div>\n\t\t\t\t\t<\/div>\n\t\t\t\t<\/div>\n\t\t<div data-particle_enable=\"false\" data-particle-mobile-disabled=\"false\" class=\"elementor-element elementor-element-61ef59e elementor-hidden-desktop elementor-hidden-tablet elementor-hidden-mobile e-flex e-con-boxed e-con e-parent\" data-id=\"61ef59e\" data-element_type=\"container\" data-settings=\"{&quot;background_background&quot;:&quot;classic&quot;,&quot;background_motion_fx_motion_fx_scrolling&quot;:&quot;yes&quot;,&quot;background_motion_fx_translateY_effect&quot;:&quot;yes&quot;,&quot;background_motion_fx_translateY_speed&quot;:{&quot;unit&quot;:&quot;px&quot;,&quot;size&quot;:10,&quot;sizes&quot;:[]},&quot;background_motion_fx_translateY_affectedRange&quot;:{&quot;unit&quot;:&quot;%&quot;,&quot;size&quot;:&quot;&quot;,&quot;sizes&quot;:{&quot;start&quot;:0,&quot;end&quot;:100}},&quot;background_motion_fx_devices&quot;:[&quot;desktop&quot;,&quot;tablet&quot;,&quot;mobile&quot;]}\">\n\t\t\t\t\t<div class=\"e-con-inner\">\n\t\t\t\t<div class=\"elementor-element elementor-element-09430bb elementor-align-center elementor-invisible elementor-widget elementor-widget-button\" data-id=\"09430bb\" data-element_type=\"widget\" data-settings=\"{&quot;motion_fx_motion_fx_mouse&quot;:&quot;yes&quot;,&quot;motion_fx_tilt_effect&quot;:&quot;yes&quot;,&quot;motion_fx_tilt_speed&quot;:{&quot;unit&quot;:&quot;px&quot;,&quot;size&quot;:4.9000000000000003552713678800500929355621337890625,&quot;sizes&quot;:[]},&quot;_animation&quot;:&quot;bounceIn&quot;}\" data-widget_type=\"button.default\">\n\t\t\t\t<div class=\"elementor-widget-container\">\n\t\t\t\t\t\t\t<div class=\"elementor-button-wrapper\">\n\t\t\t\t\t<a class=\"elementor-button elementor-button-link elementor-size-lg\" href=\"https:\/\/puntoticketmarketing.z13.web.core.windows.net\/landings-e3b0c44298fc1c149afbf4c8996fb92427ae41e4649b934ca495991b7852b855\/parque-cordillera\/20230309--lanzamiento\/parque-cordillera.html\" target=\"_blank\">\n\t\t\t\t\t\t<span class=\"elementor-button-content-wrapper\">\n\t\t\t\t\t\t\t\t\t<span class=\"elementor-button-text\">Hazte socio aqu\u00ed<\/span>\n\t\t\t\t\t<\/span>\n\t\t\t\t\t<\/a>\n\t\t\t\t<\/div>\n\t\t\t\t\t\t<\/div>\n\t\t\t\t<\/div>\n\t\t\t\t\t<\/div>\n\t\t\t\t<\/div>\n\t\t<div data-particle_enable=\"false\" data-particle-mobile-disabled=\"false\" class=\"elementor-element elementor-element-445f63c e-flex e-con-boxed e-con e-parent\" data-id=\"445f63c\" data-element_type=\"container\">\n\t\t\t\t\t<div class=\"e-con-inner\">\n\t\t<div data-particle_enable=\"false\" data-particle-mobile-disabled=\"false\" class=\"elementor-element elementor-element-8bc134d e-flex e-con-boxed e-con e-child\" data-id=\"8bc134d\" data-element_type=\"container\">\n\t\t\t\t\t<div class=\"e-con-inner\">\n\t\t<div data-particle_enable=\"false\" data-particle-mobile-disabled=\"false\" class=\"elementor-element elementor-element-1f817cb e-con-full e-flex e-con e-child\" data-id=\"1f817cb\" data-element_type=\"container\">\n\t\t\t\t<div class=\"elementor-element elementor-element-f3cc1e7 elementor-invisible elementor-widget elementor-widget-heading\" data-id=\"f3cc1e7\" data-element_type=\"widget\" data-settings=\"{&quot;_animation&quot;:&quot;fadeInDown&quot;}\" data-widget_type=\"heading.default\">\n\t\t\t\t<div class=\"elementor-widget-container\">\n\t\t\t<h2 class=\"elementor-heading-title elementor-size-default\">Educaci\u00f3n<\/h2>\t\t<\/div>\n\t\t\t\t<\/div>\n\t\t\t\t<div class=\"elementor-element elementor-element-12673f7 elementor-invisible elementor-widget elementor-widget-heading\" data-id=\"12673f7\" data-element_type=\"widget\" data-settings=\"{&quot;_animation&quot;:&quot;fadeInDown&quot;,&quot;_animation_delay&quot;:0.5}\" data-widget_type=\"heading.default\">\n\t\t\t\t<div class=\"elementor-widget-container\">\n\t\t\t<h2 class=\"elementor-heading-title elementor-size-default\">Ambiental<\/h2>\t\t<\/div>\n\t\t\t\t<\/div>\n\t\t\t\t<div class=\"elementor-element elementor-element-088f465 elementor-widget elementor-widget-image\" data-id=\"088f465\" data-element_type=\"widget\" data-settings=\"{&quot;motion_fx_motion_fx_scrolling&quot;:&quot;yes&quot;,&quot;motion_fx_translateX_effect&quot;:&quot;yes&quot;,&quot;motion_fx_translateX_direction&quot;:&quot;negative&quot;,&quot;motion_fx_translateX_speed&quot;:{&quot;unit&quot;:&quot;px&quot;,&quot;size&quot;:2,&quot;sizes&quot;:[]},&quot;motion_fx_range&quot;:&quot;page&quot;,&quot;motion_fx_translateX_affectedRange&quot;:{&quot;unit&quot;:&quot;%&quot;,&quot;size&quot;:&quot;&quot;,&quot;sizes&quot;:{&quot;start&quot;:0,&quot;end&quot;:100}},&quot;motion_fx_devices&quot;:[&quot;desktop&quot;,&quot;tablet&quot;,&quot;mobile&quot;]}\" data-widget_type=\"image.default\">\n\t\t\t\t<div class=\"elementor-widget-container\">\n\t\t\t\t\t\t\t\t\t\t\t\t\t<img loading=\"lazy\" decoding=\"async\" width=\"755\" height=\"566\" src=\"https:\/\/asociacionparquecordillera.cl\/wp-content\/uploads\/2023\/01\/educacion-ambiental-img.png\" class=\"attachment-medium_large size-medium_large wp-image-203\" alt=\"\" srcset=\"https:\/\/asociacionparquecordillera.cl\/wp-content\/uploads\/2023\/01\/educacion-ambiental-img.png 755w, https:\/\/asociacionparquecordillera.cl\/wp-content\/uploads\/2023\/01\/educacion-ambiental-img-300x225.png 300w\" sizes=\"(max-width: 755px) 100vw, 755px\" \/>\t\t\t\t\t\t\t\t\t\t\t\t\t<\/div>\n\t\t\t\t<\/div>\n\t\t\t\t<\/div>\n\t\t<div data-particle_enable=\"false\" data-particle-mobile-disabled=\"false\" class=\"elementor-element elementor-element-ac65875 e-con-full e-flex elementor-invisible e-con e-child\" data-id=\"ac65875\" data-element_type=\"container\" data-settings=\"{&quot;background_background&quot;:&quot;classic&quot;,&quot;animation&quot;:&quot;fadeInRight&quot;}\">\n\t\t\t\t<div class=\"elementor-element elementor-element-5086479 elementor-widget elementor-widget-text-editor\" data-id=\"5086479\" data-element_type=\"widget\" data-widget_type=\"text-editor.default\">\n\t\t\t\t<div class=\"elementor-widget-container\">\n\t\t\t\t\t\t\tEn la red de parques naturales, se fomenta el respeto y la preservaci\u00f3n del medio ambiente y su patrimonio.\t\t\t\t\t\t<\/div>\n\t\t\t\t<\/div>\n\t\t\t\t<div class=\"elementor-element elementor-element-94757ba elementor-widget elementor-widget-text-editor\" data-id=\"94757ba\" data-element_type=\"widget\" data-widget_type=\"text-editor.default\">\n\t\t\t\t<div class=\"elementor-widget-container\">\n\t\t\t\t\t\t\tTodas las personas, en especial ni\u00f1os y j\u00f3venes, pueden experimentar una Educaci\u00f3n Ambiental pr\u00e1ctica, vivencial y sensorial mediante circuitos educativos, recreativos y deportivos.\t\t\t\t\t\t<\/div>\n\t\t\t\t<\/div>\n\t\t\t\t<div class=\"elementor-element elementor-element-b312763 elementor-widget elementor-widget-button\" data-id=\"b312763\" data-element_type=\"widget\" data-widget_type=\"button.default\">\n\t\t\t\t<div class=\"elementor-widget-container\">\n\t\t\t\t\t\t\t<div class=\"elementor-button-wrapper\">\n\t\t\t\t\t<a class=\"elementor-button elementor-button-link elementor-size-sm\" href=\"https:\/\/asociacionparquecordillera.cl\/educacion-ambiental\/#educaci\u00f3n-ambiental\" id=\"#educaci\u00f3n-ambiental\">\n\t\t\t\t\t\t<span class=\"elementor-button-content-wrapper\">\n\t\t\t\t\t\t\t\t\t<span class=\"elementor-button-text\">M\u00e1s Informaci\u00f3n<\/span>\n\t\t\t\t\t<\/span>\n\t\t\t\t\t<\/a>\n\t\t\t\t<\/div>\n\t\t\t\t\t\t<\/div>\n\t\t\t\t<\/div>\n\t\t<div data-particle_enable=\"false\" data-particle-mobile-disabled=\"false\" class=\"elementor-element elementor-element-26fdcb0 e-con-full e-flex e-con e-child\" data-id=\"26fdcb0\" data-element_type=\"container\" data-settings=\"{&quot;background_background&quot;:&quot;classic&quot;,&quot;position&quot;:&quot;absolute&quot;}\">\n\t\t\t\t<\/div>\n\t\t\t\t<\/div>\n\t\t\t\t\t<\/div>\n\t\t\t\t<\/div>\n\t\t\t\t\t<\/div>\n\t\t\t\t<\/div>\n\t\t<div data-particle_enable=\"false\" data-particle-mobile-disabled=\"false\" class=\"elementor-element elementor-element-7e697e8 e-flex e-con-boxed e-con e-parent\" data-id=\"7e697e8\" data-element_type=\"container\">\n\t\t\t\t\t<div class=\"e-con-inner\">\n\t\t\t\t<div class=\"elementor-element elementor-element-6a158e8 elementor-widget elementor-widget-heading\" data-id=\"6a158e8\" data-element_type=\"widget\" data-widget_type=\"heading.default\">\n\t\t\t\t<div class=\"elementor-widget-container\">\n\t\t\t<h2 class=\"elementor-heading-title elementor-size-default\">Activities<\/h2>\t\t<\/div>\n\t\t\t\t<\/div>\n\t\t\t\t<div class=\"elementor-element elementor-element-1350a98 elementor-widget elementor-widget-jet-listing-grid\" data-id=\"1350a98\" data-element_type=\"widget\" data-settings=\"{&quot;columns&quot;:&quot;3&quot;,&quot;columns_mobile&quot;:&quot;1&quot;}\" data-widget_type=\"jet-listing-grid.default\">\n\t\t\t\t<div class=\"elementor-widget-container\">\n\t\t\t<div class=\"jet-listing-grid jet-listing\"><div class=\"jet-listing-grid__slider\" data-slider_options=\"{&quot;autoplaySpeed&quot;:5000,&quot;autoplay&quot;:true,&quot;pauseOnHover&quot;:true,&quot;infinite&quot;:true,&quot;centerMode&quot;:false,&quot;speed&quot;:500,&quot;arrows&quot;:true,&quot;dots&quot;:true,&quot;slidesToScroll&quot;:2,&quot;prevArrow&quot;:&quot;&lt;div class=&#039;jet-listing-grid__slider-icon prev-arrow &#039; role=&#039;button&#039; aria-label=&#039;Previous&#039;&gt;&lt;svg width=&#039;180&#039; height=&#039;180&#039; viewBox=&#039;0 0 180 180&#039; fill=&#039;none&#039; xmlns=&#039;http:\\\/\\\/www.w3.org\\\/2000\\\/svg&#039;&gt;&lt;path d=&#039;M140.093 36.6365L86.7876 90L140.093 143.364C141.364 144.636 142 146.144 142 147.886C142 149.628 141.364 151.135 140.093 152.408L123.429 169.091C122.157 170.364 120.651 171 118.911 171C117.171 171 115.665 170.364 114.394 169.091L39.9073 94.5223C38.6358 93.2494 38 91.7419 38 90C38 88.2581 38.6358 86.7506 39.9073 85.4777L114.394 10.9094C115.665 9.63648 117.171 9 118.911 9C120.651 9 122.157 9.63648 123.429 10.9094L140.093 27.5918C141.364 28.8648 142 30.3722 142 32.1141C142 33.8561 141.364 35.3635 140.093 36.6365Z&#039; fill=&#039;black&#039;\\\/&gt;&lt;\\\/svg&gt;&lt;\\\/div&gt;&quot;,&quot;nextArrow&quot;:&quot;&lt;div class=&#039;jet-listing-grid__slider-icon next-arrow &#039; role=&#039;button&#039; aria-label=&#039;Next&#039;&gt;&lt;svg width=&#039;180&#039; height=&#039;180&#039; viewBox=&#039;0 0 180 180&#039; fill=&#039;none&#039; xmlns=&#039;http:\\\/\\\/www.w3.org\\\/2000\\\/svg&#039;&gt;&lt;path d=&#039;M140.093 36.6365L86.7876 90L140.093 143.364C141.364 144.636 142 146.144 142 147.886C142 149.628 141.364 151.135 140.093 152.408L123.429 169.091C122.157 170.364 120.651 171 118.911 171C117.171 171 115.665 170.364 114.394 169.091L39.9073 94.5223C38.6358 93.2494 38 91.7419 38 90C38 88.2581 38.6358 86.7506 39.9073 85.4777L114.394 10.9094C115.665 9.63648 117.171 9 118.911 9C120.651 9 122.157 9.63648 123.429 10.9094L140.093 27.5918C141.364 28.8648 142 30.3722 142 32.1141C142 33.8561 141.364 35.3635 140.093 36.6365Z&#039; fill=&#039;black&#039;\\\/&gt;&lt;\\\/svg&gt;&lt;\\\/div&gt;&quot;,&quot;rtl&quot;:false,&quot;itemsCount&quot;:4,&quot;fade&quot;:false,&quot;slidesToShow&quot;:{&quot;desktop&quot;:3,&quot;tablet&quot;:3,&quot;mobile&quot;:1}}\" dir=\"ltr\"><div class=\"jet-listing-grid__items grid-col-desk-3 grid-col-tablet-3 grid-col-mobile-1 jet-listing-grid--1768 jet-equal-columns__wrapper\" data-queried-id=\"53|WP_Post\" data-nav=\"{&quot;enabled&quot;:false,&quot;type&quot;:null,&quot;more_el&quot;:null,&quot;query&quot;:[],&quot;widget_settings&quot;:{&quot;lisitng_id&quot;:1768,&quot;posts_num&quot;:12,&quot;columns&quot;:3,&quot;columns_tablet&quot;:3,&quot;columns_mobile&quot;:1,&quot;is_archive_template&quot;:&quot;&quot;,&quot;post_status&quot;:[&quot;publish&quot;],&quot;use_random_posts_num&quot;:&quot;&quot;,&quot;max_posts_num&quot;:9,&quot;not_found_message&quot;:&quot;No data was found&quot;,&quot;is_masonry&quot;:false,&quot;equal_columns_height&quot;:&quot;yes&quot;,&quot;use_load_more&quot;:&quot;&quot;,&quot;load_more_id&quot;:&quot;&quot;,&quot;load_more_type&quot;:&quot;click&quot;,&quot;load_more_offset&quot;:{&quot;unit&quot;:&quot;px&quot;,&quot;size&quot;:0,&quot;sizes&quot;:[]},&quot;use_custom_post_types&quot;:&quot;&quot;,&quot;custom_post_types&quot;:[&quot;actividades&quot;],&quot;hide_widget_if&quot;:&quot;&quot;,&quot;carousel_enabled&quot;:&quot;yes&quot;,&quot;slides_to_scroll&quot;:&quot;2&quot;,&quot;arrows&quot;:&quot;true&quot;,&quot;arrow_icon&quot;:&quot;fa fa-chevron-left&quot;,&quot;dots&quot;:&quot;true&quot;,&quot;autoplay&quot;:&quot;true&quot;,&quot;pause_on_hover&quot;:&quot;true&quot;,&quot;autoplay_speed&quot;:5000,&quot;infinite&quot;:&quot;true&quot;,&quot;center_mode&quot;:&quot;&quot;,&quot;effect&quot;:&quot;slide&quot;,&quot;speed&quot;:500,&quot;inject_alternative_items&quot;:&quot;&quot;,&quot;injection_items&quot;:[],&quot;scroll_slider_enabled&quot;:&quot;&quot;,&quot;scroll_slider_on&quot;:[&quot;desktop&quot;,&quot;tablet&quot;,&quot;mobile&quot;],&quot;custom_query&quot;:&quot;yes&quot;,&quot;custom_query_id&quot;:&quot;8&quot;,&quot;_element_id&quot;:&quot;&quot;}}\" data-page=\"1\" data-pages=\"1\" data-listing-source=\"query\" data-listing-id=\"1768\" data-query-id=\"8\"><div class=\"jet-listing-grid__item jet-listing-dynamic-post-1713 jet-equal-columns\" data-post-id=\"1713\" ><style type=\"text\/css\">.jet-listing-dynamic-post-1713 .elementor-element.elementor-element-923e9c3:not(.elementor-motion-effects-element-type-background), .jet-listing-dynamic-post-1713 .elementor-element.elementor-element-923e9c3 > .elementor-motion-effects-container > .elementor-motion-effects-layer{background-image:url(\"https:\/\/asociacionparquecordillera.cl\/wp-content\/uploads\/2023\/03\/imagen_2025-06-30_131652307-1-1-1-1-1.webp\");}<\/style>\t\t<div data-elementor-type=\"jet-listing-items\" data-elementor-id=\"1768\" class=\"elementor elementor-1768\" data-elementor-post-type=\"jet-engine\">\n\t\t\t\t<div data-particle_enable=\"false\" data-particle-mobile-disabled=\"false\" class=\"elementor-element elementor-element-2c4eab3 e-flex e-con-boxed e-con e-parent\" data-id=\"2c4eab3\" data-element_type=\"container\">\n\t\t\t\t\t<div class=\"e-con-inner\">\n\t\t<div data-particle_enable=\"false\" data-particle-mobile-disabled=\"false\" class=\"elementor-element elementor-element-923e9c3 e-con-full e-flex e-con e-child\" data-id=\"923e9c3\" data-element_type=\"container\" data-settings=\"{&quot;background_background&quot;:&quot;classic&quot;}\">\n\t\t\t\t<\/div>\n\t\t<div data-particle_enable=\"false\" data-particle-mobile-disabled=\"false\" class=\"elementor-element elementor-element-942248c e-con-full e-flex e-con e-child\" data-id=\"942248c\" data-element_type=\"container\">\n\t\t<div data-particle_enable=\"false\" data-particle-mobile-disabled=\"false\" class=\"elementor-element elementor-element-827eff1 e-flex e-con-boxed e-con e-child\" data-id=\"827eff1\" data-element_type=\"container\">\n\t\t\t\t\t<div class=\"e-con-inner\">\n\t\t\t\t<div class=\"elementor-element elementor-element-00dd79c elementor-widget elementor-widget-jet-listing-dynamic-field\" data-id=\"00dd79c\" data-element_type=\"widget\" data-widget_type=\"jet-listing-dynamic-field.default\">\n\t\t\t\t<div class=\"elementor-widget-container\">\n\t\t\t<h3 class=\"jet-listing-dynamic-field__content\">Trekking y traves\u00edas guiadas<\/h3>\t\t<\/div>\n\t\t\t\t<\/div>\n\t\t\t\t<div class=\"elementor-element elementor-element-d6f64b6 elementor-widget elementor-widget-jet-listing-dynamic-field\" data-id=\"d6f64b6\" data-element_type=\"widget\" data-widget_type=\"jet-listing-dynamic-field.default\">\n\t\t\t\t<div class=\"elementor-widget-container\">\n\t\t\t<p class=\"jet-listing-dynamic-field__content\">Ven a vivir la Experiencia Cordillera. Nuestros Gu\u00edas te orientar\u00e1n con tips de marcha, educaci\u00f3n de Flora y Fauna y mucho m\u00e1s.<\/p>\t\t<\/div>\n\t\t\t\t<\/div>\n\t\t\t\t\t<\/div>\n\t\t\t\t<\/div>\n\t\t\t\t<\/div>\n\t\t\t\t\t<\/div>\n\t\t\t\t<\/div>\n\t\t\t\t<\/div>\n\t\t<\/div><div class=\"jet-listing-grid__item jet-listing-dynamic-post-1715 jet-equal-columns\" data-post-id=\"1715\" ><style type=\"text\/css\">.jet-listing-dynamic-post-1715 .elementor-element.elementor-element-923e9c3:not(.elementor-motion-effects-element-type-background), .jet-listing-dynamic-post-1715 .elementor-element.elementor-element-923e9c3 > .elementor-motion-effects-container > .elementor-motion-effects-layer{background-image:url(\"https:\/\/asociacionparquecordillera.cl\/wp-content\/uploads\/2023\/03\/ws-1.webp\");}<\/style>\t\t<div data-elementor-type=\"jet-listing-items\" data-elementor-id=\"1768\" class=\"elementor elementor-1768\" data-elementor-post-type=\"jet-engine\">\n\t\t\t\t<div data-particle_enable=\"false\" data-particle-mobile-disabled=\"false\" class=\"elementor-element elementor-element-2c4eab3 e-flex e-con-boxed e-con e-parent\" data-id=\"2c4eab3\" data-element_type=\"container\">\n\t\t\t\t\t<div class=\"e-con-inner\">\n\t\t<div data-particle_enable=\"false\" data-particle-mobile-disabled=\"false\" class=\"elementor-element elementor-element-923e9c3 e-con-full e-flex e-con e-child\" data-id=\"923e9c3\" data-element_type=\"container\" data-settings=\"{&quot;background_background&quot;:&quot;classic&quot;}\">\n\t\t\t\t<\/div>\n\t\t<div data-particle_enable=\"false\" data-particle-mobile-disabled=\"false\" class=\"elementor-element elementor-element-942248c e-con-full e-flex e-con e-child\" data-id=\"942248c\" data-element_type=\"container\">\n\t\t<div data-particle_enable=\"false\" data-particle-mobile-disabled=\"false\" class=\"elementor-element elementor-element-827eff1 e-flex e-con-boxed e-con e-child\" data-id=\"827eff1\" data-element_type=\"container\">\n\t\t\t\t\t<div class=\"e-con-inner\">\n\t\t\t\t<div class=\"elementor-element elementor-element-00dd79c elementor-widget elementor-widget-jet-listing-dynamic-field\" data-id=\"00dd79c\" data-element_type=\"widget\" data-widget_type=\"jet-listing-dynamic-field.default\">\n\t\t\t\t<div class=\"elementor-widget-container\">\n\t\t\t<h3 class=\"jet-listing-dynamic-field__content\">Talleres y eventos especiales<\/h3>\t\t<\/div>\n\t\t\t\t<\/div>\n\t\t\t\t<div class=\"elementor-element elementor-element-d6f64b6 elementor-widget elementor-widget-jet-listing-dynamic-field\" data-id=\"d6f64b6\" data-element_type=\"widget\" data-widget_type=\"jet-listing-dynamic-field.default\">\n\t\t\t\t<div class=\"elementor-widget-container\">\n\t\t\t<p class=\"jet-listing-dynamic-field__content\">Apicultura, talleres de huerto, yoga, avistamiento de aves, entre otros\u2026 Son las sorpresas que preparamos para ti todas las semanas. Con\u00f3celos en nuestro Instagram @parquecordillera y ent\u00e9rate de las \u00faltimas novedades.<\/p>\t\t<\/div>\n\t\t\t\t<\/div>\n\t\t\t\t\t<\/div>\n\t\t\t\t<\/div>\n\t\t\t\t<\/div>\n\t\t\t\t\t<\/div>\n\t\t\t\t<\/div>\n\t\t\t\t<\/div>\n\t\t<\/div><div class=\"jet-listing-grid__item jet-listing-dynamic-post-1717 jet-equal-columns\" data-post-id=\"1717\" ><style type=\"text\/css\">.jet-listing-dynamic-post-1717 .elementor-element.elementor-element-923e9c3:not(.elementor-motion-effects-element-type-background), .jet-listing-dynamic-post-1717 .elementor-element.elementor-element-923e9c3 > .elementor-motion-effects-container > .elementor-motion-effects-layer{background-image:url(\"https:\/\/asociacionparquecordillera.cl\/wp-content\/uploads\/2023\/03\/Admin.webp\");}<\/style>\t\t<div data-elementor-type=\"jet-listing-items\" data-elementor-id=\"1768\" class=\"elementor elementor-1768\" data-elementor-post-type=\"jet-engine\">\n\t\t\t\t<div data-particle_enable=\"false\" data-particle-mobile-disabled=\"false\" class=\"elementor-element elementor-element-2c4eab3 e-flex e-con-boxed e-con e-parent\" data-id=\"2c4eab3\" data-element_type=\"container\">\n\t\t\t\t\t<div class=\"e-con-inner\">\n\t\t<div data-particle_enable=\"false\" data-particle-mobile-disabled=\"false\" class=\"elementor-element elementor-element-923e9c3 e-con-full e-flex e-con e-child\" data-id=\"923e9c3\" data-element_type=\"container\" data-settings=\"{&quot;background_background&quot;:&quot;classic&quot;}\">\n\t\t\t\t<\/div>\n\t\t<div data-particle_enable=\"false\" data-particle-mobile-disabled=\"false\" class=\"elementor-element elementor-element-942248c e-con-full e-flex e-con e-child\" data-id=\"942248c\" data-element_type=\"container\">\n\t\t<div data-particle_enable=\"false\" data-particle-mobile-disabled=\"false\" class=\"elementor-element elementor-element-827eff1 e-flex e-con-boxed e-con e-child\" data-id=\"827eff1\" data-element_type=\"container\">\n\t\t\t\t\t<div class=\"e-con-inner\">\n\t\t\t\t<div class=\"elementor-element elementor-element-00dd79c elementor-widget elementor-widget-jet-listing-dynamic-field\" data-id=\"00dd79c\" data-element_type=\"widget\" data-widget_type=\"jet-listing-dynamic-field.default\">\n\t\t\t\t<div class=\"elementor-widget-container\">\n\t\t\t<h3 class=\"jet-listing-dynamic-field__content\">Rutas de Mountain Bike<\/h3>\t\t<\/div>\n\t\t\t\t<\/div>\n\t\t\t\t<div class=\"elementor-element elementor-element-d6f64b6 elementor-widget elementor-widget-jet-listing-dynamic-field\" data-id=\"d6f64b6\" data-element_type=\"widget\" data-widget_type=\"jet-listing-dynamic-field.default\">\n\t\t\t\t<div class=\"elementor-widget-container\">\n\t\t\t<p class=\"jet-listing-dynamic-field__content\">Sabemos que la bicicleta es tu fiel compa\u00f1era, por eso es que tenemos senderos de uso exclusivo para que puedas disfrutar de un paseo y de la adrenalina en nuestros Parque Natural La Plaza Sur y Parque Natural San Carlos de Apoquindo. &nbsp;<\/p>\t\t<\/div>\n\t\t\t\t<\/div>\n\t\t\t\t\t<\/div>\n\t\t\t\t<\/div>\n\t\t\t\t<\/div>\n\t\t\t\t\t<\/div>\n\t\t\t\t<\/div>\n\t\t\t\t<\/div>\n\t\t<\/div><div class=\"jet-listing-grid__item jet-listing-dynamic-post-1719 jet-equal-columns\" data-post-id=\"1719\" ><style type=\"text\/css\">.jet-listing-dynamic-post-1719 .elementor-element.elementor-element-923e9c3:not(.elementor-motion-effects-element-type-background), .jet-listing-dynamic-post-1719 .elementor-element.elementor-element-923e9c3 > .elementor-motion-effects-container > .elementor-motion-effects-layer{background-image:url(\"https:\/\/asociacionparquecordillera.cl\/wp-content\/uploads\/2023\/03\/Captura-de-pantalla-2023-03-02-a-las-18.17.54.webp\");}<\/style>\t\t<div data-elementor-type=\"jet-listing-items\" data-elementor-id=\"1768\" class=\"elementor elementor-1768\" data-elementor-post-type=\"jet-engine\">\n\t\t\t\t<div data-particle_enable=\"false\" data-particle-mobile-disabled=\"false\" class=\"elementor-element elementor-element-2c4eab3 e-flex e-con-boxed e-con e-parent\" data-id=\"2c4eab3\" data-element_type=\"container\">\n\t\t\t\t\t<div class=\"e-con-inner\">\n\t\t<div data-particle_enable=\"false\" data-particle-mobile-disabled=\"false\" class=\"elementor-element elementor-element-923e9c3 e-con-full e-flex e-con e-child\" data-id=\"923e9c3\" data-element_type=\"container\" data-settings=\"{&quot;background_background&quot;:&quot;classic&quot;}\">\n\t\t\t\t<\/div>\n\t\t<div data-particle_enable=\"false\" data-particle-mobile-disabled=\"false\" class=\"elementor-element elementor-element-942248c e-con-full e-flex e-con e-child\" data-id=\"942248c\" data-element_type=\"container\">\n\t\t<div data-particle_enable=\"false\" data-particle-mobile-disabled=\"false\" class=\"elementor-element elementor-element-827eff1 e-flex e-con-boxed e-con e-child\" data-id=\"827eff1\" data-element_type=\"container\">\n\t\t\t\t\t<div class=\"e-con-inner\">\n\t\t\t\t<div class=\"elementor-element elementor-element-00dd79c elementor-widget elementor-widget-jet-listing-dynamic-field\" data-id=\"00dd79c\" data-element_type=\"widget\" data-widget_type=\"jet-listing-dynamic-field.default\">\n\t\t\t\t<div class=\"elementor-widget-container\">\n\t\t\t<h3 class=\"jet-listing-dynamic-field__content\">Actividades de Cuerda y Canopy<\/h3>\t\t<\/div>\n\t\t\t\t<\/div>\n\t\t\t\t<div class=\"elementor-element elementor-element-d6f64b6 elementor-widget elementor-widget-jet-listing-dynamic-field\" data-id=\"d6f64b6\" data-element_type=\"widget\" data-widget_type=\"jet-listing-dynamic-field.default\">\n\t\t\t\t<div class=\"elementor-widget-container\">\n\t\t\t<p class=\"jet-listing-dynamic-field__content\">S\u00famate a la aventura en Nuestro Parque Natural Cantalao; tenemos un set de cuerdas y canopy preparados para ti. \u00a1Para que disfrutes de la aventura, la naturaleza, la altura y la velocidad! &nbsp;<\/p>\t\t<\/div>\n\t\t\t\t<\/div>\n\t\t\t\t\t<\/div>\n\t\t\t\t<\/div>\n\t\t\t\t<\/div>\n\t\t\t\t\t<\/div>\n\t\t\t\t<\/div>\n\t\t\t\t<\/div>\n\t\t<\/div><\/div><\/div><\/div>\t\t<\/div>\n\t\t\t\t<\/div>\n\t\t\t\t\t<\/div>\n\t\t\t\t<\/div>\n\t\t\t\t<\/div>","protected":false},"excerpt":{"rendered":"<p>S\u00e9 parte de la mayor Red de Parques de Chile Inf\u00f3rmate Aqu\u00ed Estado de los parques &nbsp; Red de Parques Red de Parques de Santiago que engloba m\u00e1s de 10 parques naturales de conservaci\u00f3n. En los parques se puede disfrutar de distintas actividades de turismo relacionado a la monta\u00f1a y descubrir nuestra red de senderos [&hellip;]<\/p>","protected":false},"author":12,"featured_media":0,"parent":0,"menu_order":0,"comment_status":"closed","ping_status":"closed","template":"elementor_header_footer","meta":{"site-sidebar-layout":"no-sidebar","site-content-layout":"default","ast-site-content-layout":"default","site-content-style":"default","site-sidebar-style":"default","ast-global-header-display":"","ast-banner-title-visibility":"","ast-main-header-display":"","ast-hfb-above-header-display":"","ast-hfb-below-header-display":"","ast-hfb-mobile-header-display":"","site-post-title":"disabled","ast-breadcrumbs-content":"","ast-featured-img":"","footer-sml-layout":"","theme-transparent-header-meta":"enabled","adv-header-id-meta":"","stick-header-meta":"default","header-above-stick-meta":"","header-main-stick-meta":"","header-below-stick-meta":"","astra-migrate-meta-layouts":"set","ast-page-background-enabled":"default","ast-page-background-meta":{"desktop":{"background-color":"var(--ast-global-color-4)","background-image":"","background-repeat":"repeat","background-position":"center center","background-size":"auto","background-attachment":"scroll","background-type":"","background-media":"","overlay-type":"","overlay-color":"","overlay-opacity":"","overlay-gradient":""},"tablet":{"background-color":"","background-image":"","background-repeat":"repeat","background-position":"center center","background-size":"auto","background-attachment":"scroll","background-type":"","background-media":"","overlay-type":"","overlay-color":"","overlay-opacity":"","overlay-gradient":""},"mobile":{"background-color":"","background-image":"","background-repeat":"repeat","background-position":"center center","background-size":"auto","background-attachment":"scroll","background-type":"","background-media":"","overlay-type":"","overlay-color":"","overlay-opacity":"","overlay-gradient":""}},"ast-content-background-meta":{"desktop":{"background-color":"var(--ast-global-color-5)","background-image":"","background-repeat":"repeat","background-position":"center center","background-size":"auto","background-attachment":"scroll","background-type":"","background-media":"","overlay-type":"","overlay-color":"","overlay-opacity":"","overlay-gradient":""},"tablet":{"background-color":"var(--ast-global-color-5)","background-image":"","background-repeat":"repeat","background-position":"center center","background-size":"auto","background-attachment":"scroll","background-type":"","background-media":"","overlay-type":"","overlay-color":"","overlay-opacity":"","overlay-gradient":""},"mobile":{"background-color":"var(--ast-global-color-5)","background-image":"","background-repeat":"repeat","background-position":"center center","background-size":"auto","background-attachment":"scroll","background-type":"","background-media":"","overlay-type":"","overlay-color":"","overlay-opacity":"","overlay-gradient":""}},"footnotes":""},"class_list":["post-53","page","type-page","status-publish","hentry"],"yoast_head":"<!-- This site is optimized with the Yoast SEO Premium plugin v22.9 (Yoast SEO v23.9) - https:\/\/yoast.com\/wordpress\/plugins\/seo\/ -->\n<title>Asociaci\u00f3n Parque Cordillera - Parques Regi\u00f3n Metropolitana<\/title>\n<meta name=\"description\" content=\"Promovemos la conservaci\u00f3n de la precordillera de Santiago, administrando los parques naturales, fomentando la educaci\u00f3n ambiental y turismo.\" \/>\n<meta name=\"robots\" content=\"index, follow, max-snippet:-1, max-image-preview:large, max-video-preview:-1\" \/>\n<link rel=\"canonical\" href=\"https:\/\/asociacionparquecordillera.cl\/en\/\" \/>\n<meta property=\"og:locale\" content=\"en_US\" \/>\n<meta property=\"og:type\" content=\"article\" \/>\n<meta property=\"og:title\" content=\"Inicio\" \/>\n<meta property=\"og:description\" content=\"Promovemos la conservaci\u00f3n de la precordillera de Santiago, administrando los parques naturales, fomentando la educaci\u00f3n ambiental y turismo.\" \/>\n<meta property=\"og:url\" content=\"https:\/\/asociacionparquecordillera.cl\/en\/\" \/>\n<meta property=\"og:site_name\" content=\"Asociaci\u00f3n Parque Cordillera - Parques Regi\u00f3n Metropolitana\" \/>\n<meta property=\"article:modified_time\" content=\"2026-01-14T18:03:57+00:00\" \/>\n<meta property=\"og:image\" content=\"https:\/\/asociacionparquecordillera.cl\/wp-content\/uploads\/2023\/01\/map-icon.png\" \/>\n<meta name=\"twitter:card\" content=\"summary_large_image\" \/>\n<meta name=\"twitter:label1\" content=\"Est. reading time\" \/>\n\t<meta name=\"twitter:data1\" content=\"7 minutes\" \/>\n<script type=\"application\/ld+json\" class=\"yoast-schema-graph\">{\"@context\":\"https:\/\/schema.org\",\"@graph\":[{\"@type\":\"WebPage\",\"@id\":\"https:\/\/asociacionparquecordillera.cl\/\",\"url\":\"https:\/\/asociacionparquecordillera.cl\/\",\"name\":\"Asociaci\u00f3n Parque Cordillera - Parques Regi\u00f3n Metropolitana\",\"isPartOf\":{\"@id\":\"https:\/\/asociacionparquecordillera.cl\/#website\"},\"primaryImageOfPage\":{\"@id\":\"https:\/\/asociacionparquecordillera.cl\/#primaryimage\"},\"image\":{\"@id\":\"https:\/\/asociacionparquecordillera.cl\/#primaryimage\"},\"thumbnailUrl\":\"https:\/\/asociacionparquecordillera.cl\/wp-content\/uploads\/2023\/01\/map-icon.png\",\"datePublished\":\"2023-01-20T02:09:41+00:00\",\"dateModified\":\"2026-01-14T18:03:57+00:00\",\"description\":\"Promovemos la conservaci\u00f3n de la precordillera de Santiago, administrando los parques naturales, fomentando la educaci\u00f3n ambiental y turismo.\",\"breadcrumb\":{\"@id\":\"https:\/\/asociacionparquecordillera.cl\/#breadcrumb\"},\"inLanguage\":\"en-US\",\"potentialAction\":[{\"@type\":\"ReadAction\",\"target\":[\"https:\/\/asociacionparquecordillera.cl\/\"]}]},{\"@type\":\"ImageObject\",\"inLanguage\":\"en-US\",\"@id\":\"https:\/\/asociacionparquecordillera.cl\/#primaryimage\",\"url\":\"https:\/\/asociacionparquecordillera.cl\/wp-content\/uploads\/2023\/01\/map-icon.png\",\"contentUrl\":\"https:\/\/asociacionparquecordillera.cl\/wp-content\/uploads\/2023\/01\/map-icon.png\"},{\"@type\":\"BreadcrumbList\",\"@id\":\"https:\/\/asociacionparquecordillera.cl\/#breadcrumb\",\"itemListElement\":[{\"@type\":\"ListItem\",\"position\":1,\"name\":\"Home\",\"item\":\"https:\/\/asociacionparquecordillera.cl\/\"},{\"@type\":\"ListItem\",\"position\":2,\"name\":\"Inicio\"}]},{\"@type\":\"WebSite\",\"@id\":\"https:\/\/asociacionparquecordillera.cl\/#website\",\"url\":\"https:\/\/asociacionparquecordillera.cl\/\",\"name\":\"Asociaci\u00f3n Parque Cordillera - Parques Regi\u00f3n Metropolitana\",\"description\":\"Asociaci\u00f3n Parque Cordillera promueve la conservaci\u00f3n de la precordillera de Santiago mediante la administraci\u00f3n de parques naturales y el fomento de la educaci\u00f3n ambiental y el turismo sustentable.\",\"publisher\":{\"@id\":\"https:\/\/asociacionparquecordillera.cl\/#organization\"},\"alternateName\":\"Parque Cordillera\",\"potentialAction\":[{\"@type\":\"SearchAction\",\"target\":{\"@type\":\"EntryPoint\",\"urlTemplate\":\"https:\/\/asociacionparquecordillera.cl\/?s={search_term_string}\"},\"query-input\":{\"@type\":\"PropertyValueSpecification\",\"valueRequired\":true,\"valueName\":\"search_term_string\"}}],\"inLanguage\":\"en-US\"},{\"@type\":\"Organization\",\"@id\":\"https:\/\/asociacionparquecordillera.cl\/#organization\",\"name\":\"Asociaci\u00f3n Parque Cordillera - Parques Regi\u00f3n Metropolitana\",\"alternateName\":\"Parque Cordillera\",\"url\":\"https:\/\/asociacionparquecordillera.cl\/\",\"logo\":{\"@type\":\"ImageObject\",\"inLanguage\":\"en-US\",\"@id\":\"https:\/\/asociacionparquecordillera.cl\/#\/schema\/logo\/image\/\",\"url\":\"https:\/\/asociacionparquecordillera.cl\/wp-content\/uploads\/2023\/01\/logo-apc-white-2.svg\",\"contentUrl\":\"https:\/\/asociacionparquecordillera.cl\/wp-content\/uploads\/2023\/01\/logo-apc-white-2.svg\",\"width\":240.789999999999992041921359486877918243408203125,\"height\":80.969999999999998863131622783839702606201171875,\"caption\":\"Asociaci\u00f3n Parque Cordillera - Parques Regi\u00f3n Metropolitana\"},\"image\":{\"@id\":\"https:\/\/asociacionparquecordillera.cl\/#\/schema\/logo\/image\/\"}}]}<\/script>\n<!-- \/ Yoast SEO Premium plugin. -->","yoast_head_json":{"title":"Asociaci\u00f3n Parque Cordillera - Parques Regi\u00f3n Metropolitana","description":"Promovemos la conservaci\u00f3n de la precordillera de Santiago, administrando los parques naturales, fomentando la educaci\u00f3n ambiental y turismo.","robots":{"index":"index","follow":"follow","max-snippet":"max-snippet:-1","max-image-preview":"max-image-preview:large","max-video-preview":"max-video-preview:-1"},"canonical":"https:\/\/asociacionparquecordillera.cl\/en\/","og_locale":"en_US","og_type":"article","og_title":"Inicio","og_description":"Promovemos la conservaci\u00f3n de la precordillera de Santiago, administrando los parques naturales, fomentando la educaci\u00f3n ambiental y turismo.","og_url":"https:\/\/asociacionparquecordillera.cl\/en\/","og_site_name":"Asociaci\u00f3n Parque Cordillera - Parques Regi\u00f3n Metropolitana","article_modified_time":"2026-01-14T18:03:57+00:00","og_image":[{"url":"https:\/\/asociacionparquecordillera.cl\/wp-content\/uploads\/2023\/01\/map-icon.png"}],"twitter_card":"summary_large_image","twitter_misc":{"Est. reading time":"7 minutes"},"schema":{"@context":"https:\/\/schema.org","@graph":[{"@type":"WebPage","@id":"https:\/\/asociacionparquecordillera.cl\/","url":"https:\/\/asociacionparquecordillera.cl\/","name":"Asociaci\u00f3n Parque Cordillera - Parques Regi\u00f3n Metropolitana","isPartOf":{"@id":"https:\/\/asociacionparquecordillera.cl\/#website"},"primaryImageOfPage":{"@id":"https:\/\/asociacionparquecordillera.cl\/#primaryimage"},"image":{"@id":"https:\/\/asociacionparquecordillera.cl\/#primaryimage"},"thumbnailUrl":"https:\/\/asociacionparquecordillera.cl\/wp-content\/uploads\/2023\/01\/map-icon.png","datePublished":"2023-01-20T02:09:41+00:00","dateModified":"2026-01-14T18:03:57+00:00","description":"Promovemos la conservaci\u00f3n de la precordillera de Santiago, administrando los parques naturales, fomentando la educaci\u00f3n ambiental y turismo.","breadcrumb":{"@id":"https:\/\/asociacionparquecordillera.cl\/#breadcrumb"},"inLanguage":"en-US","potentialAction":[{"@type":"ReadAction","target":["https:\/\/asociacionparquecordillera.cl\/"]}]},{"@type":"ImageObject","inLanguage":"en-US","@id":"https:\/\/asociacionparquecordillera.cl\/#primaryimage","url":"https:\/\/asociacionparquecordillera.cl\/wp-content\/uploads\/2023\/01\/map-icon.png","contentUrl":"https:\/\/asociacionparquecordillera.cl\/wp-content\/uploads\/2023\/01\/map-icon.png"},{"@type":"BreadcrumbList","@id":"https:\/\/asociacionparquecordillera.cl\/#breadcrumb","itemListElement":[{"@type":"ListItem","position":1,"name":"Home","item":"https:\/\/asociacionparquecordillera.cl\/"},{"@type":"ListItem","position":2,"name":"Inicio"}]},{"@type":"WebSite","@id":"https:\/\/asociacionparquecordillera.cl\/#website","url":"https:\/\/asociacionparquecordillera.cl\/","name":"Asociaci\u00f3n Parque Cordillera - Parques Regi\u00f3n Metropolitana","description":"Asociaci\u00f3n Parque Cordillera promueve la conservaci\u00f3n de la precordillera de Santiago mediante la administraci\u00f3n de parques naturales y el fomento de la educaci\u00f3n ambiental y el turismo sustentable.","publisher":{"@id":"https:\/\/asociacionparquecordillera.cl\/#organization"},"alternateName":"Parque Cordillera","potentialAction":[{"@type":"SearchAction","target":{"@type":"EntryPoint","urlTemplate":"https:\/\/asociacionparquecordillera.cl\/?s={search_term_string}"},"query-input":{"@type":"PropertyValueSpecification","valueRequired":true,"valueName":"search_term_string"}}],"inLanguage":"en-US"},{"@type":"Organization","@id":"https:\/\/asociacionparquecordillera.cl\/#organization","name":"Asociaci\u00f3n Parque Cordillera - Parques Regi\u00f3n Metropolitana","alternateName":"Parque Cordillera","url":"https:\/\/asociacionparquecordillera.cl\/","logo":{"@type":"ImageObject","inLanguage":"en-US","@id":"https:\/\/asociacionparquecordillera.cl\/#\/schema\/logo\/image\/","url":"https:\/\/asociacionparquecordillera.cl\/wp-content\/uploads\/2023\/01\/logo-apc-white-2.svg","contentUrl":"https:\/\/asociacionparquecordillera.cl\/wp-content\/uploads\/2023\/01\/logo-apc-white-2.svg","width":240.789999999999992041921359486877918243408203125,"height":80.969999999999998863131622783839702606201171875,"caption":"Asociaci\u00f3n Parque Cordillera - Parques Regi\u00f3n Metropolitana"},"image":{"@id":"https:\/\/asociacionparquecordillera.cl\/#\/schema\/logo\/image\/"}}]}},"_links":{"self":[{"href":"https:\/\/asociacionparquecordillera.cl\/en\/wp-json\/wp\/v2\/pages\/53","targetHints":{"allow":["GET"]}}],"collection":[{"href":"https:\/\/asociacionparquecordillera.cl\/en\/wp-json\/wp\/v2\/pages"}],"about":[{"href":"https:\/\/asociacionparquecordillera.cl\/en\/wp-json\/wp\/v2\/types\/page"}],"author":[{"embeddable":true,"href":"https:\/\/asociacionparquecordillera.cl\/en\/wp-json\/wp\/v2\/users\/12"}],"replies":[{"embeddable":true,"href":"https:\/\/asociacionparquecordillera.cl\/en\/wp-json\/wp\/v2\/comments?post=53"}],"version-history":[{"count":263,"href":"https:\/\/asociacionparquecordillera.cl\/en\/wp-json\/wp\/v2\/pages\/53\/revisions"}],"predecessor-version":[{"id":6314,"href":"https:\/\/asociacionparquecordillera.cl\/en\/wp-json\/wp\/v2\/pages\/53\/revisions\/6314"}],"wp:attachment":[{"href":"https:\/\/asociacionparquecordillera.cl\/en\/wp-json\/wp\/v2\/media?parent=53"}],"curies":[{"name":"wp","href":"https:\/\/api.w.org\/{rel}","templated":true}]}}