{"id":1234,"date":"2023-01-29T21:04:25","date_gmt":"2023-01-30T00:04:25","guid":{"rendered":"https:\/\/lab.selva.cl\/parquecordillera\/?post_type=red-de-parques&#038;p=1234"},"modified":"2026-01-13T15:48:31","modified_gmt":"2026-01-13T18:48:31","slug":"parque-natural-san-carlos-de-apoquindo","status":"publish","type":"red-de-parques","link":"https:\/\/asociacionparquecordillera.cl\/en\/red-de-parques\/parque-natural-san-carlos-de-apoquindo\/","title":{"rendered":"Parque San Carlos de Apoquindo"},"featured_media":5900,"parent":0,"template":"","meta":{"site-sidebar-layout":"default","site-content-layout":"default","ast-site-content-layout":"default","site-content-style":"default","site-sidebar-style":"default","ast-global-header-display":"","ast-banner-title-visibility":"","ast-main-header-display":"","ast-hfb-above-header-display":"","ast-hfb-below-header-display":"","ast-hfb-mobile-header-display":"","site-post-title":"","ast-breadcrumbs-content":"","ast-featured-img":"","footer-sml-layout":"","theme-transparent-header-meta":"default","adv-header-id-meta":"","stick-header-meta":"default","header-above-stick-meta":"","header-main-stick-meta":"","header-below-stick-meta":"","astra-migrate-meta-layouts":"set","ast-page-background-enabled":"default","ast-page-background-meta":{"desktop":{"background-color":"var(--ast-global-color-4)","background-image":"","background-repeat":"repeat","background-position":"center center","background-size":"auto","background-attachment":"scroll","background-type":"","background-media":"","overlay-type":"","overlay-color":"","overlay-opacity":"","overlay-gradient":""},"tablet":{"background-color":"","background-image":"","background-repeat":"repeat","background-position":"center center","background-size":"auto","background-attachment":"scroll","background-type":"","background-media":"","overlay-type":"","overlay-color":"","overlay-opacity":"","overlay-gradient":""},"mobile":{"background-color":"","background-image":"","background-repeat":"repeat","background-position":"center center","background-size":"auto","background-attachment":"scroll","background-type":"","background-media":"","overlay-type":"","overlay-color":"","overlay-opacity":"","overlay-gradient":""}},"ast-content-background-meta":{"desktop":{"background-color":"var(--ast-global-color-5)","background-image":"","background-repeat":"repeat","background-position":"center center","background-size":"auto","background-attachment":"scroll","background-type":"","background-media":"","overlay-type":"","overlay-color":"","overlay-opacity":"","overlay-gradient":""},"tablet":{"background-color":"var(--ast-global-color-5)","background-image":"","background-repeat":"repeat","background-position":"center center","background-size":"auto","background-attachment":"scroll","background-type":"","background-media":"","overlay-type":"","overlay-color":"","overlay-opacity":"","overlay-gradient":""},"mobile":{"background-color":"var(--ast-global-color-5)","background-image":"","background-repeat":"repeat","background-position":"center center","background-size":"auto","background-attachment":"scroll","background-type":"","background-media":"","overlay-type":"","overlay-color":"","overlay-opacity":"","overlay-gradient":""}}},"class_list":["post-1234","red-de-parques","type-red-de-parques","status-publish","has-post-thumbnail","hentry"],"yoast_head":"<!-- This site is optimized with the Yoast SEO Premium plugin v22.9 (Yoast SEO v23.9) - https:\/\/yoast.com\/wordpress\/plugins\/seo\/ -->\n<title>Parque San Carlos de Apoquindo - Asociaci\u00f3n Parque Cordillera - Parques Regi\u00f3n Metropolitana<\/title>\n<meta name=\"description\" content=\"Parque de conservaci\u00f3n del bosque escler\u00f3filo de San Carlos de Apoquindo, donde se encuentran variados senderos y rutas de bicicletas.\" \/>\n<meta name=\"robots\" content=\"index, follow, max-snippet:-1, max-image-preview:large, max-video-preview:-1\" \/>\n<link rel=\"canonical\" href=\"https:\/\/asociacionparquecordillera.cl\/en\/red-de-parques\/parque-natural-san-carlos-de-apoquindo\/\" \/>\n<meta property=\"og:locale\" content=\"en_US\" \/>\n<meta property=\"og:type\" content=\"article\" \/>\n<meta property=\"og:title\" content=\"Parque San Carlos de Apoquindo\" \/>\n<meta property=\"og:description\" content=\"Parque de conservaci\u00f3n del bosque escler\u00f3filo de San Carlos de Apoquindo, donde se encuentran variados senderos y rutas de bicicletas.\" \/>\n<meta property=\"og:url\" content=\"https:\/\/asociacionparquecordillera.cl\/en\/red-de-parques\/parque-natural-san-carlos-de-apoquindo\/\" \/>\n<meta property=\"og:site_name\" content=\"Asociaci\u00f3n Parque Cordillera - Parques Regi\u00f3n Metropolitana\" \/>\n<meta property=\"article:modified_time\" content=\"2026-01-13T18:48:31+00:00\" \/>\n<meta property=\"og:image\" content=\"https:\/\/asociacionparquecordillera.cl\/wp-content\/uploads\/2023\/01\/20726460840_53e370ce07_k-1.jpg\" \/>\n\t<meta property=\"og:image:width\" content=\"2048\" \/>\n\t<meta property=\"og:image:height\" content=\"1152\" \/>\n\t<meta property=\"og:image:type\" content=\"image\/jpeg\" \/>\n<meta name=\"twitter:card\" content=\"summary_large_image\" \/>\n<meta name=\"twitter:label1\" content=\"Est. reading time\" \/>\n\t<meta name=\"twitter:data1\" content=\"1 minute\" \/>\n<script type=\"application\/ld+json\" class=\"yoast-schema-graph\">{\"@context\":\"https:\/\/schema.org\",\"@graph\":[{\"@type\":\"WebPage\",\"@id\":\"https:\/\/asociacionparquecordillera.cl\/red-de-parques\/parque-natural-san-carlos-de-apoquindo\/\",\"url\":\"https:\/\/asociacionparquecordillera.cl\/red-de-parques\/parque-natural-san-carlos-de-apoquindo\/\",\"name\":\"Parque San Carlos de Apoquindo - Asociaci\u00f3n Parque Cordillera - Parques Regi\u00f3n Metropolitana\",\"isPartOf\":{\"@id\":\"https:\/\/asociacionparquecordillera.cl\/#website\"},\"primaryImageOfPage\":{\"@id\":\"https:\/\/asociacionparquecordillera.cl\/red-de-parques\/parque-natural-san-carlos-de-apoquindo\/#primaryimage\"},\"image\":{\"@id\":\"https:\/\/asociacionparquecordillera.cl\/red-de-parques\/parque-natural-san-carlos-de-apoquindo\/#primaryimage\"},\"thumbnailUrl\":\"https:\/\/asociacionparquecordillera.cl\/wp-content\/uploads\/2023\/01\/20726460840_53e370ce07_k-1.jpg\",\"datePublished\":\"2023-01-30T00:04:25+00:00\",\"dateModified\":\"2026-01-13T18:48:31+00:00\",\"description\":\"Parque de conservaci\u00f3n del bosque escler\u00f3filo de San Carlos de Apoquindo, donde se encuentran variados senderos y rutas de bicicletas.\",\"breadcrumb\":{\"@id\":\"https:\/\/asociacionparquecordillera.cl\/red-de-parques\/parque-natural-san-carlos-de-apoquindo\/#breadcrumb\"},\"inLanguage\":\"en-US\",\"potentialAction\":[{\"@type\":\"ReadAction\",\"target\":[\"https:\/\/asociacionparquecordillera.cl\/red-de-parques\/parque-natural-san-carlos-de-apoquindo\/\"]}]},{\"@type\":\"ImageObject\",\"inLanguage\":\"en-US\",\"@id\":\"https:\/\/asociacionparquecordillera.cl\/red-de-parques\/parque-natural-san-carlos-de-apoquindo\/#primaryimage\",\"url\":\"https:\/\/asociacionparquecordillera.cl\/wp-content\/uploads\/2023\/01\/20726460840_53e370ce07_k-1.jpg\",\"contentUrl\":\"https:\/\/asociacionparquecordillera.cl\/wp-content\/uploads\/2023\/01\/20726460840_53e370ce07_k-1.jpg\",\"width\":2048,\"height\":1152,\"caption\":\"Vista desde el sendero Alto el Naranjo por Parque Natural San Carlos de Apoquindo\"},{\"@type\":\"BreadcrumbList\",\"@id\":\"https:\/\/asociacionparquecordillera.cl\/red-de-parques\/parque-natural-san-carlos-de-apoquindo\/#breadcrumb\",\"itemListElement\":[{\"@type\":\"ListItem\",\"position\":1,\"name\":\"Home\",\"item\":\"https:\/\/asociacionparquecordillera.cl\/\"},{\"@type\":\"ListItem\",\"position\":2,\"name\":\"Parque San Carlos de Apoquindo\"}]},{\"@type\":\"WebSite\",\"@id\":\"https:\/\/asociacionparquecordillera.cl\/#website\",\"url\":\"https:\/\/asociacionparquecordillera.cl\/\",\"name\":\"Asociaci\u00f3n Parque Cordillera - Parques Regi\u00f3n Metropolitana\",\"description\":\"Asociaci\u00f3n Parque Cordillera promueve la conservaci\u00f3n de la precordillera de Santiago mediante la administraci\u00f3n de parques naturales y el fomento de la educaci\u00f3n ambiental y el turismo sustentable.\",\"publisher\":{\"@id\":\"https:\/\/asociacionparquecordillera.cl\/#organization\"},\"alternateName\":\"Parque Cordillera\",\"potentialAction\":[{\"@type\":\"SearchAction\",\"target\":{\"@type\":\"EntryPoint\",\"urlTemplate\":\"https:\/\/asociacionparquecordillera.cl\/?s={search_term_string}\"},\"query-input\":{\"@type\":\"PropertyValueSpecification\",\"valueRequired\":true,\"valueName\":\"search_term_string\"}}],\"inLanguage\":\"en-US\"},{\"@type\":\"Organization\",\"@id\":\"https:\/\/asociacionparquecordillera.cl\/#organization\",\"name\":\"Asociaci\u00f3n Parque Cordillera - Parques Regi\u00f3n Metropolitana\",\"alternateName\":\"Parque Cordillera\",\"url\":\"https:\/\/asociacionparquecordillera.cl\/\",\"logo\":{\"@type\":\"ImageObject\",\"inLanguage\":\"en-US\",\"@id\":\"https:\/\/asociacionparquecordillera.cl\/#\/schema\/logo\/image\/\",\"url\":\"https:\/\/asociacionparquecordillera.cl\/wp-content\/uploads\/2023\/01\/logo-apc-white-2.svg\",\"contentUrl\":\"https:\/\/asociacionparquecordillera.cl\/wp-content\/uploads\/2023\/01\/logo-apc-white-2.svg\",\"width\":240.789999999999992041921359486877918243408203125,\"height\":80.969999999999998863131622783839702606201171875,\"caption\":\"Asociaci\u00f3n Parque Cordillera - Parques Regi\u00f3n Metropolitana\"},\"image\":{\"@id\":\"https:\/\/asociacionparquecordillera.cl\/#\/schema\/logo\/image\/\"}}]}<\/script>\n<!-- \/ Yoast SEO Premium plugin. -->","yoast_head_json":{"title":"Parque San Carlos de Apoquindo - Asociaci\u00f3n Parque Cordillera - Parques Regi\u00f3n Metropolitana","description":"Parque de conservaci\u00f3n del bosque escler\u00f3filo de San Carlos de Apoquindo, donde se encuentran variados senderos y rutas de bicicletas.","robots":{"index":"index","follow":"follow","max-snippet":"max-snippet:-1","max-image-preview":"max-image-preview:large","max-video-preview":"max-video-preview:-1"},"canonical":"https:\/\/asociacionparquecordillera.cl\/en\/red-de-parques\/parque-natural-san-carlos-de-apoquindo\/","og_locale":"en_US","og_type":"article","og_title":"Parque San Carlos de Apoquindo","og_description":"Parque de conservaci\u00f3n del bosque escler\u00f3filo de San Carlos de Apoquindo, donde se encuentran variados senderos y rutas de bicicletas.","og_url":"https:\/\/asociacionparquecordillera.cl\/en\/red-de-parques\/parque-natural-san-carlos-de-apoquindo\/","og_site_name":"Asociaci\u00f3n Parque Cordillera - Parques Regi\u00f3n Metropolitana","article_modified_time":"2026-01-13T18:48:31+00:00","og_image":[{"width":2048,"height":1152,"url":"https:\/\/asociacionparquecordillera.cl\/wp-content\/uploads\/2023\/01\/20726460840_53e370ce07_k-1.jpg","type":"image\/jpeg"}],"twitter_card":"summary_large_image","twitter_misc":{"Est. reading time":"1 minute"},"schema":{"@context":"https:\/\/schema.org","@graph":[{"@type":"WebPage","@id":"https:\/\/asociacionparquecordillera.cl\/red-de-parques\/parque-natural-san-carlos-de-apoquindo\/","url":"https:\/\/asociacionparquecordillera.cl\/red-de-parques\/parque-natural-san-carlos-de-apoquindo\/","name":"Parque San Carlos de Apoquindo - Asociaci\u00f3n Parque Cordillera - Parques Regi\u00f3n Metropolitana","isPartOf":{"@id":"https:\/\/asociacionparquecordillera.cl\/#website"},"primaryImageOfPage":{"@id":"https:\/\/asociacionparquecordillera.cl\/red-de-parques\/parque-natural-san-carlos-de-apoquindo\/#primaryimage"},"image":{"@id":"https:\/\/asociacionparquecordillera.cl\/red-de-parques\/parque-natural-san-carlos-de-apoquindo\/#primaryimage"},"thumbnailUrl":"https:\/\/asociacionparquecordillera.cl\/wp-content\/uploads\/2023\/01\/20726460840_53e370ce07_k-1.jpg","datePublished":"2023-01-30T00:04:25+00:00","dateModified":"2026-01-13T18:48:31+00:00","description":"Parque de conservaci\u00f3n del bosque escler\u00f3filo de San Carlos de Apoquindo, donde se encuentran variados senderos y rutas de bicicletas.","breadcrumb":{"@id":"https:\/\/asociacionparquecordillera.cl\/red-de-parques\/parque-natural-san-carlos-de-apoquindo\/#breadcrumb"},"inLanguage":"en-US","potentialAction":[{"@type":"ReadAction","target":["https:\/\/asociacionparquecordillera.cl\/red-de-parques\/parque-natural-san-carlos-de-apoquindo\/"]}]},{"@type":"ImageObject","inLanguage":"en-US","@id":"https:\/\/asociacionparquecordillera.cl\/red-de-parques\/parque-natural-san-carlos-de-apoquindo\/#primaryimage","url":"https:\/\/asociacionparquecordillera.cl\/wp-content\/uploads\/2023\/01\/20726460840_53e370ce07_k-1.jpg","contentUrl":"https:\/\/asociacionparquecordillera.cl\/wp-content\/uploads\/2023\/01\/20726460840_53e370ce07_k-1.jpg","width":2048,"height":1152,"caption":"Vista desde el sendero Alto el Naranjo por Parque Natural San Carlos de Apoquindo"},{"@type":"BreadcrumbList","@id":"https:\/\/asociacionparquecordillera.cl\/red-de-parques\/parque-natural-san-carlos-de-apoquindo\/#breadcrumb","itemListElement":[{"@type":"ListItem","position":1,"name":"Home","item":"https:\/\/asociacionparquecordillera.cl\/"},{"@type":"ListItem","position":2,"name":"Parque San Carlos de Apoquindo"}]},{"@type":"WebSite","@id":"https:\/\/asociacionparquecordillera.cl\/#website","url":"https:\/\/asociacionparquecordillera.cl\/","name":"Asociaci\u00f3n Parque Cordillera - Parques Regi\u00f3n Metropolitana","description":"Asociaci\u00f3n Parque Cordillera promueve la conservaci\u00f3n de la precordillera de Santiago mediante la administraci\u00f3n de parques naturales y el fomento de la educaci\u00f3n ambiental y el turismo sustentable.","publisher":{"@id":"https:\/\/asociacionparquecordillera.cl\/#organization"},"alternateName":"Parque Cordillera","potentialAction":[{"@type":"SearchAction","target":{"@type":"EntryPoint","urlTemplate":"https:\/\/asociacionparquecordillera.cl\/?s={search_term_string}"},"query-input":{"@type":"PropertyValueSpecification","valueRequired":true,"valueName":"search_term_string"}}],"inLanguage":"en-US"},{"@type":"Organization","@id":"https:\/\/asociacionparquecordillera.cl\/#organization","name":"Asociaci\u00f3n Parque Cordillera - Parques Regi\u00f3n Metropolitana","alternateName":"Parque Cordillera","url":"https:\/\/asociacionparquecordillera.cl\/","logo":{"@type":"ImageObject","inLanguage":"en-US","@id":"https:\/\/asociacionparquecordillera.cl\/#\/schema\/logo\/image\/","url":"https:\/\/asociacionparquecordillera.cl\/wp-content\/uploads\/2023\/01\/logo-apc-white-2.svg","contentUrl":"https:\/\/asociacionparquecordillera.cl\/wp-content\/uploads\/2023\/01\/logo-apc-white-2.svg","width":240.789999999999992041921359486877918243408203125,"height":80.969999999999998863131622783839702606201171875,"caption":"Asociaci\u00f3n Parque Cordillera - Parques Regi\u00f3n Metropolitana"},"image":{"@id":"https:\/\/asociacionparquecordillera.cl\/#\/schema\/logo\/image\/"}}]}},"_links":{"self":[{"href":"https:\/\/asociacionparquecordillera.cl\/en\/wp-json\/wp\/v2\/red-de-parques\/1234","targetHints":{"allow":["GET"]}}],"collection":[{"href":"https:\/\/asociacionparquecordillera.cl\/en\/wp-json\/wp\/v2\/red-de-parques"}],"about":[{"href":"https:\/\/asociacionparquecordillera.cl\/en\/wp-json\/wp\/v2\/types\/red-de-parques"}],"version-history":[{"count":3,"href":"https:\/\/asociacionparquecordillera.cl\/en\/wp-json\/wp\/v2\/red-de-parques\/1234\/revisions"}],"predecessor-version":[{"id":5936,"href":"https:\/\/asociacionparquecordillera.cl\/en\/wp-json\/wp\/v2\/red-de-parques\/1234\/revisions\/5936"}],"wp:featuredmedia":[{"embeddable":true,"href":"https:\/\/asociacionparquecordillera.cl\/en\/wp-json\/wp\/v2\/media\/5900"}],"wp:attachment":[{"href":"https:\/\/asociacionparquecordillera.cl\/en\/wp-json\/wp\/v2\/media?parent=1234"}],"curies":[{"name":"wp","href":"https:\/\/api.w.org\/{rel}","templated":true}]}}